{"id":9775,"date":"2025-07-11T13:54:35","date_gmt":"2025-07-11T13:54:35","guid":{"rendered":"https:\/\/ehrbarsaal.at\/?post_type=konzerte&#038;p=9775"},"modified":"2026-02-03T12:42:48","modified_gmt":"2026-02-03T12:42:48","slug":"giovanni-allevi","status":"publish","type":"konzerte","link":"https:\/\/ehrbarsaal.at\/en\/konzerte\/giovanni-allevi\/","title":{"rendered":"Giovanni Allevi"},"content":{"rendered":"<div class=\"shariff shariff-align-flex-end shariff-widget-align-flex-end\" data-services=\"facebook\" data-url=\"https%3A%2F%2Fehrbarsaal.at%2Fen%2Fkonzerte%2Fgiovanni-allevi%2F\" data-timestamp=\"1770122568\" data-backendurl=\"https:\/\/ehrbarsaal.at\/en\/wp-json\/shariff\/v1\/share_counts?\"><div class=\"ShariffHeadline\">Share event<\/div><ul class=\"shariff-buttons theme-round orientation-horizontal buttonsize-medium\"><li class=\"shariff-button twitter\" style=\"background-color:#595959;border-radius:10%\"><a href=\"https:\/\/twitter.com\/share?url=https%3A%2F%2Fehrbarsaal.at%2Fen%2Fkonzerte%2Fgiovanni-allevi%2F&text=Giovanni%20Allevi\" title=\"Share at X\" aria-label=\"Share at X\" role=\"button\" rel=\"noopener nofollow\" class=\"shariff-link\" style=\";border-radius:10%; background-color:#ffffff; color:#fff\" target=\"_blank\"><span class=\"shariff-icon\" style=\"\"><svg width=\"32px\" height=\"20px\" xmlns=\"http:\/\/www.w3.org\/2000\/svg\" viewbox=\"0 0 24 24\"><path fill=\"#000\" d=\"M14.258 10.152L23.176 0h-2.113l-7.747 8.813L7.133 0H0l9.352 13.328L0 23.973h2.113l8.176-9.309 6.531 9.309h7.133zm-2.895 3.293l-.949-1.328L2.875 1.56h3.246l6.086 8.523.945 1.328 7.91 11.078h-3.246zm0 0\"\/><\/svg><\/span><\/a><\/li><li class=\"shariff-button facebook\" style=\"background-color:#4273c8;border-radius:10%\"><a href=\"https:\/\/www.facebook.com\/sharer\/sharer.php?u=https%3A%2F%2Fehrbarsaal.at%2Fen%2Fkonzerte%2Fgiovanni-allevi%2F\" title=\"Share on Facebook\" aria-label=\"Share on Facebook\" role=\"button\" rel=\"nofollow\" class=\"shariff-link\" style=\";border-radius:10%; background-color:#ffffff; color:#fff\" target=\"_blank\"><span class=\"shariff-icon\" style=\"\"><svg width=\"32px\" height=\"20px\" xmlns=\"http:\/\/www.w3.org\/2000\/svg\" viewbox=\"0 0 18 32\"><path fill=\"#3b5998\" d=\"M17.1 0.2v4.7h-2.8q-1.5 0-2.1 0.6t-0.5 1.9v3.4h5.2l-0.7 5.3h-4.5v13.6h-5.5v-13.6h-4.5v-5.3h4.5v-3.9q0-3.3 1.9-5.2t5-1.8q2.6 0 4.1 0.2z\"\/><\/svg><\/span><\/a><\/li><li class=\"shariff-button mailto\" style=\"background-color:#a8a8a8;border-radius:10%\"><a href=\"mailto:?body=https%3A%2F%2Fehrbarsaal.at%2Fen%2Fkonzerte%2Fgiovanni-allevi%2F&subject=Giovanni%20Allevi\" title=\"Send by e-mail\" aria-label=\"Send by e-mail\" role=\"button\" rel=\"noopener nofollow\" class=\"shariff-link\" style=\";border-radius:10%; background-color:#ffffff; color:#fff\"><span class=\"shariff-icon\" style=\"\"><svg width=\"32px\" height=\"20px\" xmlns=\"http:\/\/www.w3.org\/2000\/svg\" viewbox=\"0 0 32 32\"><path fill=\"#999\" d=\"M32 12.7v14.2q0 1.2-0.8 2t-2 0.9h-26.3q-1.2 0-2-0.9t-0.8-2v-14.2q0.8 0.9 1.8 1.6 6.5 4.4 8.9 6.1 1 0.8 1.6 1.2t1.7 0.9 2 0.4h0.1q0.9 0 2-0.4t1.7-0.9 1.6-1.2q3-2.2 8.9-6.1 1-0.7 1.8-1.6zM32 7.4q0 1.4-0.9 2.7t-2.2 2.2q-6.7 4.7-8.4 5.8-0.2 0.1-0.7 0.5t-1 0.7-0.9 0.6-1.1 0.5-0.9 0.2h-0.1q-0.4 0-0.9-0.2t-1.1-0.5-0.9-0.6-1-0.7-0.7-0.5q-1.6-1.1-4.7-3.2t-3.6-2.6q-1.1-0.7-2.1-2t-1-2.5q0-1.4 0.7-2.3t2.1-0.9h26.3q1.2 0 2 0.8t0.9 2z\"\/><\/svg><\/span><\/a><\/li><li class=\"shariff-button whatsapp\" style=\"background-color:#5cbe4a;border-radius:10%\"><a href=\"https:\/\/api.whatsapp.com\/send?text=https%3A%2F%2Fehrbarsaal.at%2Fen%2Fkonzerte%2Fgiovanni-allevi%2F%20Giovanni%20Allevi\" title=\"Share on Whatsapp\" aria-label=\"Share on Whatsapp\" role=\"button\" rel=\"noopener nofollow\" class=\"shariff-link\" style=\";border-radius:10%; background-color:#ffffff; color:#fff\" target=\"_blank\"><span class=\"shariff-icon\" style=\"\"><svg width=\"32px\" height=\"20px\" xmlns=\"http:\/\/www.w3.org\/2000\/svg\" viewbox=\"0 0 32 32\"><path fill=\"#34af23\" d=\"M17.6 17.4q0.2 0 1.7 0.8t1.6 0.9q0 0.1 0 0.3 0 0.6-0.3 1.4-0.3 0.7-1.3 1.2t-1.8 0.5q-1 0-3.4-1.1-1.7-0.8-3-2.1t-2.6-3.3q-1.3-1.9-1.3-3.5v-0.1q0.1-1.6 1.3-2.8 0.4-0.4 0.9-0.4 0.1 0 0.3 0t0.3 0q0.3 0 0.5 0.1t0.3 0.5q0.1 0.4 0.6 1.6t0.4 1.3q0 0.4-0.6 1t-0.6 0.8q0 0.1 0.1 0.3 0.6 1.3 1.8 2.4 1 0.9 2.7 1.8 0.2 0.1 0.4 0.1 0.3 0 1-0.9t0.9-0.9zM14 26.9q2.3 0 4.3-0.9t3.6-2.4 2.4-3.6 0.9-4.3-0.9-4.3-2.4-3.6-3.6-2.4-4.3-0.9-4.3 0.9-3.6 2.4-2.4 3.6-0.9 4.3q0 3.6 2.1 6.6l-1.4 4.2 4.3-1.4q2.8 1.9 6.2 1.9zM14 2.2q2.7 0 5.2 1.1t4.3 2.9 2.9 4.3 1.1 5.2-1.1 5.2-2.9 4.3-4.3 2.9-5.2 1.1q-3.5 0-6.5-1.7l-7.4 2.4 2.4-7.2q-1.9-3.2-1.9-6.9 0-2.7 1.1-5.2t2.9-4.3 4.3-2.9 5.2-1.1z\"\/><\/svg><\/span><\/a><\/li><\/ul><\/div>","protected":false},"excerpt":{"rendered":"","protected":false},"author":11,"featured_media":9777,"template":"","categories":[],"tags":[],"class_list":["post-9775","konzerte","type-konzerte","status-publish","has-post-thumbnail","hentry"],"acf":{"subtitel":"Best Of Piano Tour 2026","datum":"20260214","uhrzeit":"19:00 Uhr","ort":"Ehrbar Saal","konzertinfo":"\r\n<p class=\"kuenstlername\">Giovanni Allevi <span class=\"kuenstlerfunktion\">Klavier<\/p>\r\n\r\n<p class=\"programmtitel\">Programm<\/p>\r\n<p class=\"programm-komponistin\">Giovanni Allevi<\/p>\r\n<p class=\"stuecktitel\">Eigenkompositionen<\/p>\r\n<p class=\"stueckabschnitt\">Das konkrete Programm wird im Laufe der Saison bekannt gegeben<\/p>\r\n\r\n<p class=\"text\">\r\nMaestro Giovanni Allevi kehrt mit seinem treuen Begleiter, dem Klavier, auf die B\u00fchnen Europas zur\u00fcck. Die Tournee, die seinen Namen tr\u00e4gt, begann im Dezember&nbsp;2025 und verwandelte jedes Konzert in eine Begegnung zwischen Emotion und Reflexion.<br\/>\r\nSeine Musik, fein ausbalanciert zwischen Klassik und Moderne, nimmt den Zuh\u00f6rer mit auf eine innere Reise, auf der selbst die Stille zwischen zwei Noten die Bedeutung eines Wortes und einer Note hat. Das Klavier von Maestro Giovanni Allevi, mit seiner klaren und tiefgr\u00fcndig hinterfragenden universellen Sprache, wird zum Ort, an dem der Alltag stillsteht und die Realit\u00e4t Note f\u00fcr Note in Momenten reiner, gemeinsamer Essenz neu zusammengesetzt wird.<br\/>\r\n\u201eIch nehme meine Konzerttournee im Ausland etwas zaghaft wieder auf. Ich wei\u00df, dass sie aufgrund meiner gesundheitlichen Probleme sehr anstrengend sein wird. Dennoch gehe ich mit einem v\u00f6llig neuen Gef\u00fchl an das Klavier heran: mit purer Liebe! Erfolg und Anerkennung interessieren mich nicht. Ich m\u00f6chte einfach nur die Sch\u00f6nheit und das Wunder des Lebens feiern!\u201c, so Maestro Giovanni Allevi.<br\/>\r\nDie neue Solo-Klaviertournee wird ein unvergessliches Erlebnis sein, das man gemeinsam erleben und in Erinnerung behalten m\u00f6chte. Die Noten von Maestro Allevis weltber\u00fchmten St\u00fccken verwandeln sich in eine gemeinsame Reise, auf der die Zeit stillzustehen scheint und Musik zur universellen Sprache wird.\r\n<\/p>\r\n\r\n\r\n<details class=\"text\">\r\n<summary>Giovanni Allevi ...<\/summary>\r\n... ist f\u00fcr eine wegweisende Erneuerung der klassischen Musik verantwortlich und macht die Kompositionskunst den neuen Generationen wieder bewusst. Er hat ein Diplom in den F\u00e4chern Klavier und Komposition und einen Abschluss in Philosophie mit der Arbeit \u201eDie Leere in der zeitgen\u00f6ssischen Physik\u201c.<br\/>\r\nEr ist auf den B\u00fchnen der wichtigsten Konzerts\u00e4le der Welt aufgetreten, von der Carnegie Hall in New York \u00fcber das Teatro alla Scala in Mailand bis hin zum Auditorium der Verbotenen Stadt in Peking. Dank seines intellektuellen Engagements ist er ein philosophischer Bezugspunkt f\u00fcr die Konzepte der Innovation und der Analyse des Wandels.<br\/>\r\nEr erhielt hochachtungsvolle Komplimente von Papst Benedikt XVI., Papst Franziskus und dem Nobelpreistr\u00e4ger Michail Gorbatschow. Die amerikanische Raumfahrtbeh\u00f6rde NASA benannte einen Asteroiden nach ihm: giovanniallevi111561. Er ist Autor und Moderator einer innovativen und preisgekr\u00f6nten Dokumentation, die auf Rai Play ausgestrahlt wird: \u201cAllevi in the Jungle\u201d. Aus den Notizen der neuesten Single <a href=\"https:\/\/www.youtube.com\/watch?v=Ym9tlsXfCl0&list=RDYm9tlsXfCl0&start_radio=1\" target=\"_blank\">Tomorrow<\/a> von Giovanni Allevi \u2013 Tomorrow (offizielles Video), die dem Planeten gewidmet ist, begann die Zusammenarbeit des Komponisten mit dem Earth Day European Network, in dem er als Botschafter der wichtigsten gr\u00fcnen Initiative zum Thema Erde t\u00e4tig ist. Maestro Allevi wurde der Titel eines Botschafters f\u00fcr seine Rolle als Vermittler unter jungen Menschen verliehen, dank seines intellektuellen Engagements und seines k\u00fcnstlerischen Talents, dem Ausdruck einer universellen Sprache.\r\n<\/details>\r\n<p>&nbsp;<\/p>\r\n\r\n<p class=\"aenderungshinweis\">Mit dem Code &bdquo;VALENTIN&ldquo; erhalten Sie 14&nbsp;% Rabatt auf Ihren Online-Kartenkauf!<\/p>\r\n\r\n<p class=\"veranstalter\">Veranstaltet von Schwaiger Music Management. <a href=\"https:\/\/events.eventjet.at\/e\/giovanni-allevi\/\" target=\"_blank\">Tickets<\/a> k\u00f6nnen im Vorverkauf sowie an der Abendkasse (Achtung, ausschlie\u00dflich Barzahlung!) um folgende Preise erworben werden: \u20ac&thinsp;57,-&thinsp; (Kategorie 1), \u20ac&thinsp;47,-&thinsp; (Kategorie 2), \u20ac&thinsp;37,-&thinsp; (Kategorie 3), \u20ac&thinsp;34,-&thinsp; (Kategorie 4), \u20ac&thinsp;25,-&thinsp; (Rollstuhlplatz+Begleitperson), sowie \u20ac&thinsp;19,-&thinsp; (Stehplatz).   ","tickets_link":{"title":"","url":"https:\/\/events.eventjet.at\/e\/giovanni-allevi\/","target":""},"abendkassa":true,"freier_eintritt":false,"teaserbild_fur_liste":9776,"abgesagt":false,"ausverkauft":false,"mitwirkende":"","layoutnew":false,"veranstalter":"","werke-2":"","werke":"","tickets_text":""},"yoast_head":"<!-- This site is optimized with the Yoast SEO Premium plugin v26.9 (Yoast SEO v26.9) - https:\/\/yoast.com\/product\/yoast-seo-premium-wordpress\/ -->\n<title>Giovanni Allevi - Ehrbar Saal<\/title>\n<meta name=\"robots\" content=\"index, follow, max-snippet:-1, max-image-preview:large, max-video-preview:-1\" \/>\n<link rel=\"canonical\" href=\"https:\/\/ehrbarsaal.at\/en\/konzerte\/giovanni-allevi\/\" \/>\n<meta property=\"og:locale\" content=\"en_GB\" \/>\n<meta property=\"og:type\" content=\"article\" \/>\n<meta property=\"og:title\" content=\"Giovanni Allevi\" \/>\n<meta property=\"og:url\" content=\"https:\/\/ehrbarsaal.at\/en\/konzerte\/giovanni-allevi\/\" \/>\n<meta property=\"og:site_name\" content=\"Ehrbar Saal\" \/>\n<meta property=\"article:publisher\" content=\"https:\/\/www.facebook.com\/EhrbarSaalWien\/\" \/>\n<meta property=\"article:modified_time\" content=\"2026-02-03T12:42:48+00:00\" \/>\n<meta property=\"og:image\" content=\"https:\/\/ehrbarsaal.at\/wp-content\/uploads\/2025\/07\/Allevi-1920x.jpg\" \/>\n\t<meta property=\"og:image:width\" content=\"1920\" \/>\n\t<meta property=\"og:image:height\" content=\"1280\" \/>\n\t<meta property=\"og:image:type\" content=\"image\/jpeg\" \/>\n<meta name=\"twitter:card\" content=\"summary_large_image\" \/>\n<meta name=\"twitter:label1\" content=\"Estimated reading time\" \/>\n\t<meta name=\"twitter:data1\" content=\"3 minutes\" \/>\n<script type=\"application\/ld+json\" class=\"yoast-schema-graph\">{\"@context\":\"https:\/\/schema.org\",\"@graph\":[{\"@type\":\"WebPage\",\"@id\":\"https:\/\/ehrbarsaal.at\/konzerte\/giovanni-allevi\/\",\"url\":\"https:\/\/ehrbarsaal.at\/konzerte\/giovanni-allevi\/\",\"name\":\"Giovanni Allevi - Ehrbar Saal\",\"isPartOf\":{\"@id\":\"https:\/\/ehrbarsaal.at\/#website\"},\"primaryImageOfPage\":{\"@id\":\"https:\/\/ehrbarsaal.at\/konzerte\/giovanni-allevi\/#primaryimage\"},\"image\":{\"@id\":\"https:\/\/ehrbarsaal.at\/konzerte\/giovanni-allevi\/#primaryimage\"},\"thumbnailUrl\":\"https:\/\/ehrbarsaal.at\/wp-content\/uploads\/2025\/07\/Allevi-1920x.jpg\",\"datePublished\":\"2025-07-11T13:54:35+00:00\",\"dateModified\":\"2026-02-03T12:42:48+00:00\",\"breadcrumb\":{\"@id\":\"https:\/\/ehrbarsaal.at\/konzerte\/giovanni-allevi\/#breadcrumb\"},\"inLanguage\":\"en-GB\",\"potentialAction\":[{\"@type\":\"ReadAction\",\"target\":[\"https:\/\/ehrbarsaal.at\/konzerte\/giovanni-allevi\/\"]}]},{\"@type\":\"ImageObject\",\"inLanguage\":\"en-GB\",\"@id\":\"https:\/\/ehrbarsaal.at\/konzerte\/giovanni-allevi\/#primaryimage\",\"url\":\"https:\/\/ehrbarsaal.at\/wp-content\/uploads\/2025\/07\/Allevi-1920x.jpg\",\"contentUrl\":\"https:\/\/ehrbarsaal.at\/wp-content\/uploads\/2025\/07\/Allevi-1920x.jpg\",\"width\":1920,\"height\":1280,\"caption\":\"Giovanni Allevi \u00a9 Cosimo Buccolieri\"},{\"@type\":\"BreadcrumbList\",\"@id\":\"https:\/\/ehrbarsaal.at\/konzerte\/giovanni-allevi\/#breadcrumb\",\"itemListElement\":[{\"@type\":\"ListItem\",\"position\":1,\"name\":\"Startseite\",\"item\":\"https:\/\/ehrbarsaal.at\/\"},{\"@type\":\"ListItem\",\"position\":2,\"name\":\"Konzerte\",\"item\":\"https:\/\/ehrbarsaal.at\/konzert-archiv\/\"},{\"@type\":\"ListItem\",\"position\":3,\"name\":\"Giovanni Allevi\"}]},{\"@type\":\"WebSite\",\"@id\":\"https:\/\/ehrbarsaal.at\/#website\",\"url\":\"https:\/\/ehrbarsaal.at\/\",\"name\":\"Ehrbar Saal\",\"description\":\"Willkommen beim Ehrbar Saal!\",\"publisher\":{\"@id\":\"https:\/\/ehrbarsaal.at\/#organization\"},\"potentialAction\":[{\"@type\":\"SearchAction\",\"target\":{\"@type\":\"EntryPoint\",\"urlTemplate\":\"https:\/\/ehrbarsaal.at\/?s={search_term_string}\"},\"query-input\":{\"@type\":\"PropertyValueSpecification\",\"valueRequired\":true,\"valueName\":\"search_term_string\"}}],\"inLanguage\":\"en-GB\"},{\"@type\":\"Organization\",\"@id\":\"https:\/\/ehrbarsaal.at\/#organization\",\"name\":\"Ehrbar Saal\",\"url\":\"https:\/\/ehrbarsaal.at\/\",\"logo\":{\"@type\":\"ImageObject\",\"inLanguage\":\"en-GB\",\"@id\":\"https:\/\/ehrbarsaal.at\/#\/schema\/logo\/image\/\",\"url\":\"https:\/\/ehrbarsaal.at\/wp-content\/uploads\/2023\/08\/Ehrbar_Logo.svg\",\"contentUrl\":\"https:\/\/ehrbarsaal.at\/wp-content\/uploads\/2023\/08\/Ehrbar_Logo.svg\",\"width\":\"1024\",\"height\":\"1024\",\"caption\":\"Ehrbar Saal\"},\"image\":{\"@id\":\"https:\/\/ehrbarsaal.at\/#\/schema\/logo\/image\/\"},\"sameAs\":[\"https:\/\/www.facebook.com\/EhrbarSaalWien\/\",\"https:\/\/www.instagram.com\/ehrbarsaal.wien\/\"]}]}<\/script>\n<!-- \/ Yoast SEO Premium plugin. -->","yoast_head_json":{"title":"Giovanni Allevi - Ehrbar Saal","robots":{"index":"index","follow":"follow","max-snippet":"max-snippet:-1","max-image-preview":"max-image-preview:large","max-video-preview":"max-video-preview:-1"},"canonical":"https:\/\/ehrbarsaal.at\/en\/konzerte\/giovanni-allevi\/","og_locale":"en_GB","og_type":"article","og_title":"Giovanni Allevi","og_url":"https:\/\/ehrbarsaal.at\/en\/konzerte\/giovanni-allevi\/","og_site_name":"Ehrbar Saal","article_publisher":"https:\/\/www.facebook.com\/EhrbarSaalWien\/","article_modified_time":"2026-02-03T12:42:48+00:00","og_image":[{"width":1920,"height":1280,"url":"https:\/\/ehrbarsaal.at\/wp-content\/uploads\/2025\/07\/Allevi-1920x.jpg","type":"image\/jpeg"}],"twitter_card":"summary_large_image","twitter_misc":{"Estimated reading time":"3 minutes"},"schema":{"@context":"https:\/\/schema.org","@graph":[{"@type":"WebPage","@id":"https:\/\/ehrbarsaal.at\/konzerte\/giovanni-allevi\/","url":"https:\/\/ehrbarsaal.at\/konzerte\/giovanni-allevi\/","name":"Giovanni Allevi - Ehrbar Saal","isPartOf":{"@id":"https:\/\/ehrbarsaal.at\/#website"},"primaryImageOfPage":{"@id":"https:\/\/ehrbarsaal.at\/konzerte\/giovanni-allevi\/#primaryimage"},"image":{"@id":"https:\/\/ehrbarsaal.at\/konzerte\/giovanni-allevi\/#primaryimage"},"thumbnailUrl":"https:\/\/ehrbarsaal.at\/wp-content\/uploads\/2025\/07\/Allevi-1920x.jpg","datePublished":"2025-07-11T13:54:35+00:00","dateModified":"2026-02-03T12:42:48+00:00","breadcrumb":{"@id":"https:\/\/ehrbarsaal.at\/konzerte\/giovanni-allevi\/#breadcrumb"},"inLanguage":"en-GB","potentialAction":[{"@type":"ReadAction","target":["https:\/\/ehrbarsaal.at\/konzerte\/giovanni-allevi\/"]}]},{"@type":"ImageObject","inLanguage":"en-GB","@id":"https:\/\/ehrbarsaal.at\/konzerte\/giovanni-allevi\/#primaryimage","url":"https:\/\/ehrbarsaal.at\/wp-content\/uploads\/2025\/07\/Allevi-1920x.jpg","contentUrl":"https:\/\/ehrbarsaal.at\/wp-content\/uploads\/2025\/07\/Allevi-1920x.jpg","width":1920,"height":1280,"caption":"Giovanni Allevi \u00a9 Cosimo Buccolieri"},{"@type":"BreadcrumbList","@id":"https:\/\/ehrbarsaal.at\/konzerte\/giovanni-allevi\/#breadcrumb","itemListElement":[{"@type":"ListItem","position":1,"name":"Startseite","item":"https:\/\/ehrbarsaal.at\/"},{"@type":"ListItem","position":2,"name":"Konzerte","item":"https:\/\/ehrbarsaal.at\/konzert-archiv\/"},{"@type":"ListItem","position":3,"name":"Giovanni Allevi"}]},{"@type":"WebSite","@id":"https:\/\/ehrbarsaal.at\/#website","url":"https:\/\/ehrbarsaal.at\/","name":"Ehrbar Saal","description":"Willkommen beim Ehrbar Saal!","publisher":{"@id":"https:\/\/ehrbarsaal.at\/#organization"},"potentialAction":[{"@type":"SearchAction","target":{"@type":"EntryPoint","urlTemplate":"https:\/\/ehrbarsaal.at\/?s={search_term_string}"},"query-input":{"@type":"PropertyValueSpecification","valueRequired":true,"valueName":"search_term_string"}}],"inLanguage":"en-GB"},{"@type":"Organization","@id":"https:\/\/ehrbarsaal.at\/#organization","name":"Ehrbar Saal","url":"https:\/\/ehrbarsaal.at\/","logo":{"@type":"ImageObject","inLanguage":"en-GB","@id":"https:\/\/ehrbarsaal.at\/#\/schema\/logo\/image\/","url":"https:\/\/ehrbarsaal.at\/wp-content\/uploads\/2023\/08\/Ehrbar_Logo.svg","contentUrl":"https:\/\/ehrbarsaal.at\/wp-content\/uploads\/2023\/08\/Ehrbar_Logo.svg","width":"1024","height":"1024","caption":"Ehrbar Saal"},"image":{"@id":"https:\/\/ehrbarsaal.at\/#\/schema\/logo\/image\/"},"sameAs":["https:\/\/www.facebook.com\/EhrbarSaalWien\/","https:\/\/www.instagram.com\/ehrbarsaal.wien\/"]}]}},"_links":{"self":[{"href":"https:\/\/ehrbarsaal.at\/en\/wp-json\/wp\/v2\/konzerte\/9775","targetHints":{"allow":["GET"]}}],"collection":[{"href":"https:\/\/ehrbarsaal.at\/en\/wp-json\/wp\/v2\/konzerte"}],"about":[{"href":"https:\/\/ehrbarsaal.at\/en\/wp-json\/wp\/v2\/types\/konzerte"}],"author":[{"embeddable":true,"href":"https:\/\/ehrbarsaal.at\/en\/wp-json\/wp\/v2\/users\/11"}],"version-history":[{"count":12,"href":"https:\/\/ehrbarsaal.at\/en\/wp-json\/wp\/v2\/konzerte\/9775\/revisions"}],"predecessor-version":[{"id":12471,"href":"https:\/\/ehrbarsaal.at\/en\/wp-json\/wp\/v2\/konzerte\/9775\/revisions\/12471"}],"wp:featuredmedia":[{"embeddable":true,"href":"https:\/\/ehrbarsaal.at\/en\/wp-json\/wp\/v2\/media\/9777"}],"wp:attachment":[{"href":"https:\/\/ehrbarsaal.at\/en\/wp-json\/wp\/v2\/media?parent=9775"}],"wp:term":[{"taxonomy":"category","embeddable":true,"href":"https:\/\/ehrbarsaal.at\/en\/wp-json\/wp\/v2\/categories?post=9775"},{"taxonomy":"post_tag","embeddable":true,"href":"https:\/\/ehrbarsaal.at\/en\/wp-json\/wp\/v2\/tags?post=9775"}],"curies":[{"name":"wp","href":"https:\/\/api.w.org\/{rel}","templated":true}]}}