{"id":9505,"date":"2025-06-30T10:43:09","date_gmt":"2025-06-30T10:43:09","guid":{"rendered":"https:\/\/ehrbarsaal.at\/?post_type=konzerte&#038;p=9505"},"modified":"2025-12-11T18:45:57","modified_gmt":"2025-12-11T18:45:57","slug":"floete-im-dialog","status":"publish","type":"konzerte","link":"https:\/\/ehrbarsaal.at\/en\/konzerte\/floete-im-dialog\/","title":{"rendered":"Flute in dialogue"},"content":{"rendered":"<div class=\"shariff shariff-align-left shariff-widget-align-left\" data-services=\"facebook\" data-url=\"https:\/\/ehrbarsaal.at\/en\/konzerte\/floete-im-dialog\/\" data-timestamp=\"1765478757\" data-backendurl=\"https:\/\/ehrbarsaal.at\/en\/wp-json\/shariff\/v1\/share_counts?\"><div class=\"ShariffHeadline\">Share event<\/div><ul class=\"shariff-buttons theme-round orientation-horizontal buttonsize-medium\"><li class=\"shariff-button twitter\" style=\"background-color:#595959;border-radius:10%\"><a href=\"https:\/\/twitter.com\/share?url=https%3A%2F%2Fehrbarsaal.at%2Fen%2Fkonzerte%2Ffloete-im-dialog%2F&text=Fl%C3%B6te%20im%20Dialog\" title=\"Share at X\" aria-label=\"Share at X\" role=\"button\" rel=\"noopener nofollow\" class=\"shariff-link\" style=\";border-radius:10%; background-color:#ffffff; color:#fff\" target=\"_blank\"><span class=\"shariff-icon\" style=\"\"><svg width=\"32px\" height=\"20px\" xmlns=\"http:\/\/www.w3.org\/2000\/svg\" viewbox=\"0 0 24 24\"><path fill=\"#000\" d=\"M14.258 10.152L23.176 0h-2.113l-7.747 8.813L7.133 0H0l9.352 13.328L0 23.973h2.113l8.176-9.309 6.531 9.309h7.133zm-2.895 3.293l-.949-1.328L2.875 1.56h3.246l6.086 8.523.945 1.328 7.91 11.078h-3.246zm0 0\"\/><\/svg><\/span><\/a><\/li><li class=\"shariff-button facebook\" style=\"background-color:#4273c8;border-radius:10%\"><a href=\"https:\/\/www.facebook.com\/sharer\/sharer.php?u=https%3A%2F%2Fehrbarsaal.at%2Fen%2Fkonzerte%2Ffloete-im-dialog%2F\" title=\"Share on Facebook\" aria-label=\"Share on Facebook\" role=\"button\" rel=\"nofollow\" class=\"shariff-link\" style=\";border-radius:10%; background-color:#ffffff; color:#fff\" target=\"_blank\"><span class=\"shariff-icon\" style=\"\"><svg width=\"32px\" height=\"20px\" xmlns=\"http:\/\/www.w3.org\/2000\/svg\" viewbox=\"0 0 18 32\"><path fill=\"#3b5998\" d=\"M17.1 0.2v4.7h-2.8q-1.5 0-2.1 0.6t-0.5 1.9v3.4h5.2l-0.7 5.3h-4.5v13.6h-5.5v-13.6h-4.5v-5.3h4.5v-3.9q0-3.3 1.9-5.2t5-1.8q2.6 0 4.1 0.2z\"\/><\/svg><\/span><\/a><\/li><li class=\"shariff-button mailto\" style=\"background-color:#a8a8a8;border-radius:10%\"><a href=\"mailto:?body=https%3A%2F%2Fehrbarsaal.at%2Fen%2Fkonzerte%2Ffloete-im-dialog%2F&subject=Fl%C3%B6te%20im%20Dialog\" title=\"Send by e-mail\" aria-label=\"Send by e-mail\" role=\"button\" rel=\"noopener nofollow\" class=\"shariff-link\" style=\";border-radius:10%; background-color:#ffffff; color:#fff\"><span class=\"shariff-icon\" style=\"\"><svg width=\"32px\" height=\"20px\" xmlns=\"http:\/\/www.w3.org\/2000\/svg\" viewbox=\"0 0 32 32\"><path fill=\"#999\" d=\"M32 12.7v14.2q0 1.2-0.8 2t-2 0.9h-26.3q-1.2 0-2-0.9t-0.8-2v-14.2q0.8 0.9 1.8 1.6 6.5 4.4 8.9 6.1 1 0.8 1.6 1.2t1.7 0.9 2 0.4h0.1q0.9 0 2-0.4t1.7-0.9 1.6-1.2q3-2.2 8.9-6.1 1-0.7 1.8-1.6zM32 7.4q0 1.4-0.9 2.7t-2.2 2.2q-6.7 4.7-8.4 5.8-0.2 0.1-0.7 0.5t-1 0.7-0.9 0.6-1.1 0.5-0.9 0.2h-0.1q-0.4 0-0.9-0.2t-1.1-0.5-0.9-0.6-1-0.7-0.7-0.5q-1.6-1.1-4.7-3.2t-3.6-2.6q-1.1-0.7-2.1-2t-1-2.5q0-1.4 0.7-2.3t2.1-0.9h26.3q1.2 0 2 0.8t0.9 2z\"\/><\/svg><\/span><\/a><\/li><li class=\"shariff-button whatsapp\" style=\"background-color:#5cbe4a;border-radius:10%\"><a href=\"https:\/\/api.whatsapp.com\/send?text=https%3A%2F%2Fehrbarsaal.at%2Fen%2Fkonzerte%2Ffloete-im-dialog%2F%20Fl%C3%B6te%20im%20Dialog\" title=\"Share on Whatsapp\" aria-label=\"Share on Whatsapp\" role=\"button\" rel=\"noopener nofollow\" class=\"shariff-link\" style=\";border-radius:10%; background-color:#ffffff; color:#fff\" target=\"_blank\"><span class=\"shariff-icon\" style=\"\"><svg width=\"32px\" height=\"20px\" xmlns=\"http:\/\/www.w3.org\/2000\/svg\" viewbox=\"0 0 32 32\"><path fill=\"#34af23\" d=\"M17.6 17.4q0.2 0 1.7 0.8t1.6 0.9q0 0.1 0 0.3 0 0.6-0.3 1.4-0.3 0.7-1.3 1.2t-1.8 0.5q-1 0-3.4-1.1-1.7-0.8-3-2.1t-2.6-3.3q-1.3-1.9-1.3-3.5v-0.1q0.1-1.6 1.3-2.8 0.4-0.4 0.9-0.4 0.1 0 0.3 0t0.3 0q0.3 0 0.5 0.1t0.3 0.5q0.1 0.4 0.6 1.6t0.4 1.3q0 0.4-0.6 1t-0.6 0.8q0 0.1 0.1 0.3 0.6 1.3 1.8 2.4 1 0.9 2.7 1.8 0.2 0.1 0.4 0.1 0.3 0 1-0.9t0.9-0.9zM14 26.9q2.3 0 4.3-0.9t3.6-2.4 2.4-3.6 0.9-4.3-0.9-4.3-2.4-3.6-3.6-2.4-4.3-0.9-4.3 0.9-3.6 2.4-2.4 3.6-0.9 4.3q0 3.6 2.1 6.6l-1.4 4.2 4.3-1.4q2.8 1.9 6.2 1.9zM14 2.2q2.7 0 5.2 1.1t4.3 2.9 2.9 4.3 1.1 5.2-1.1 5.2-2.9 4.3-4.3 2.9-5.2 1.1q-3.5 0-6.5-1.7l-7.4 2.4 2.4-7.2q-1.9-3.2-1.9-6.9 0-2.7 1.1-5.2t2.9-4.3 4.3-2.9 5.2-1.1z\"\/><\/svg><\/span><\/a><\/li><\/ul><\/div>","protected":false},"excerpt":{"rendered":"","protected":false},"author":11,"featured_media":9716,"template":"","categories":[],"tags":[],"class_list":["post-9505","konzerte","type-konzerte","status-publish","has-post-thumbnail","hentry"],"acf":{"subtitel":"Ehrbar Chamber <span style=\"white-space: nowrap;\">Music Society<\/span>","datum":"20251021","uhrzeit":"19:00 Uhr","ort":"Ehrbar Saal","konzertinfo":"<p class=\"kuenstlername\">\r\nMichael Martin Kofler <span class=\"kuenstlerfunktion\">Fl\u00f6te<\/span><br\/>\r\nBiliana Tzinlikova <span class=\"kuenstlerfunktion\">Klavier<\/span><\/br\/>Klara Flieder <span class=\"kuenstlerfunktion\">Violine<\/span><br\/>\r\nChristophe Pantillon <span class=\"kuenstlerfunktion\">Violoncello<\/span>\r\n<\/p>\r\n\t\t\t\r\n<p class=\"text\">Werke von Haydn, Schubert, Milhaud und Martin\u016f er\u00f6ffnen die neue Saison der <em class=\"buch-konzert-titel\">Ehrbar Chamber Music Society<\/em>. Die Fl\u00f6te steht im Zentrum des Programms und verbindet \u00fcber Stil- und Epochengrenzen hinweg Klangwelten von klassischer Balance bis zu moderner Expressivit\u00e4t.<\/p>\r\n\t\t\t\r\n<p class=\"programmtitel\">Programm<\/p>\r\n<p class=\"programm-komponistin\">Joseph Haydn<\/p>\r\n<p class=\"stuecktitel\">\u201eLondoner Trio\u201c f\u00fcr Fl\u00f6te, Violine und Cello, Hob. IV Nr. 1 in C-Dur<\/p>\r\n<p class=\"stueckabschnitt\">I. Allegro moderato<\/p>\r\n<p class=\"stueckabschnitt\">II. Andante<\/p>\r\n<p class=\"stueckabschnitt\">III. Finale. Vivace<\/p>\r\n<p class=\"programm-komponistin\">Franz Schubert<\/p>\r\n<p class=\"stuecktitel\">Sonate f\u00fcr Violine und Klavier \u201eGrand Duo\u201c in A-Dur, D 574<\/p>\r\n<p class=\"stueckabschnitt\">I. Allegro moderato<\/p>\r\n<p class=\"stueckabschnitt\">II. Scherzo. Presto \u2013 Trio<\/p>\r\n<p class=\"stueckabschnitt\">III. Andantino<\/p>\r\n<p class=\"stueckabschnitt\">IV. Allegro vivace<\/p>\r\n<p class=\"pause\">\u2013 Pause \u2013<\/p>\r\n<p class=\"stuecktitel\">Variationen f\u00fcr Fl\u00f6te und Klavier \u00fcber \u201eTrockne Blumen\u201c aus <br \/>\u201eDie sch\u00f6ne M\u00fcllerin\u201c, Op. post.160 D 802<\/p>\r\n<p class=\"programm-komponistin\">Darius Milhaud<\/p>\r\n<p class=\"stuecktitel\">Sonatine pur violon et violoncelle, Op. 324<\/p>\r\n\t\t\t<p class=\"stueckabschnitt\">I. Anim\u00e9<\/p>\r\n\t\t\t<p class=\"stueckabschnitt\">II. Mod\u00e9r\u00e9<\/p>\r\n\t\t\t<p class=\"stueckabschnitt\">III. Vif<\/p>\r\n\t\t\t<p class=\"programm-komponistin\">Bohuslav Martin\u016f<\/p>\r\n\t\t\t<p class=\"stuecktitel\">Trio f\u00fcr Fl\u00f6te, Violoncello und Klavier, H. 300<\/p>\r\n\r\n<details>\r\n<summary class=\"text\">\u00dcber die <em>Ehrbar Chamber Music Society<\/em><\/summary>\r\n<p class=\"text\">Gegr\u00fcndet von der Pianistin Biliana Tzinlikova, der Geigerin Klara Flieder und dem Cellisten Christophe Pantillon, hat die <em class=\"buch-konzert-titel\">Ehrbar Chamber Music Society<\/em> (ECMS) inzwischen ein klares k\u00fcnstlerisches Profil etabliert. In dieser Saison stehen neben vertrauten, bereits gesch\u00e4tzten Musiker:innen auch neue Namen auf dem Programm, die der Reihe spannende Perspektiven hinzuf\u00fcgen. <\/p>\r\n\t\t\t<p class=\"text\">Ein zentrales Anliegen und wesentlicher Bestandteil der k\u00fcnstlerischen Vision bleibt die F\u00f6rderung junger Talente. Unter anderem werden der mehrfach preisgekr\u00f6nte \u00f6sterreichische Geiger Leonhard Baumgartner mit Duopartner Liam Dugelay sowie die Mezzosopranistin Maria Hegele, Preistr\u00e4gerin des Haydn-Gesangswettbewerbs 2025, zu h\u00f6ren sein. <\/p>\r\n\t\t\t<p class=\"text\">Die ECMS steht f\u00fcr stilistische Vielfalt, k\u00fcnstlerische Exzellenz und inspirierende, freundschaftlich gepr\u00e4gte musikalische Begegnungen auf der B\u00fchne. Im Zentrum der Konzertreihe gl\u00e4nzt weiterhin die gro\u00dfe Standardliteratur der Klavierkammermusik \u2013 bereichert durch Rarit\u00e4ten am Rande des etablierten Repertoires. <\/p>\r\n\t\t\t<p class=\"text\">Der Ehrbar Saal ist mittlerweile einer der beliebtesten Orte f\u00fcr die Auff\u00fchrung hochkar\u00e4tiger Kammermusik in Wien, und die <em class=\"buch-konzert-titel\">Ehrbar Chamber Music Society<\/em> zu einem Anziehungspunkt f\u00fcr ein anspruchsvolles Publikum geworden.<\/p>\r\n<\/details>\r\n\r\n<p class=\"veranstalter\">Veranstaltet von der <em>Ehrbar Chamber Music Society<\/em>. Tickets k\u00f6nnen \u00fcber <a href=\"mailto:karten@ecms.at\" target=\"_blank\">karten@ecms.at<\/a>, <a href=\"https:\/\/shop.eventjet.at\/de\/ecms\" target=\"_blank\">eventjet.at<\/a> und an der Abendkasse ab 18:00 Uhr (nur Barzahlung) zu folgenden Preisen erworben werden: \u20ac&nbsp;32,&#8209;&nbsp;(Normalpreis), \u20ac&thinsp;12,\u2013&nbsp;(Rollstuhlfahrer:innen\/Platzkarten, Menschen mit Behinderung, Sch\u00fcler:innen und Student:innen bis 26), Kinder erhalten bis zum 10. Lebensjahr kostenlosen Zugang.<\/p>\r\n\r\n","tickets_link":{"title":"","url":"https:\/\/shop.eventjet.at\/de\/ecms","target":""},"abendkassa":true,"freier_eintritt":false,"teaserbild_fur_liste":10292,"abgesagt":false,"ausverkauft":false,"mitwirkende":"","layoutnew":false,"veranstalter":"","werke-2":"","werke":"","tickets_text":""},"yoast_head":"<!-- This site is optimized with the Yoast SEO Premium plugin v28.3 (Yoast SEO v28.3) - https:\/\/yoast.com\/product\/yoast-seo-premium-wordpress\/ -->\n<title>Fl\u00f6te im Dialog - Ehrbar Saal<\/title>\n<meta name=\"robots\" content=\"index, follow, max-snippet:-1, max-image-preview:large, max-video-preview:-1\" \/>\n<link rel=\"canonical\" href=\"https:\/\/ehrbarsaal.at\/en\/konzerte\/floete-im-dialog\/\" \/>\n<meta property=\"og:locale\" content=\"en_GB\" \/>\n<meta property=\"og:type\" content=\"article\" \/>\n<meta property=\"og:title\" content=\"Fl\u00f6te im Dialog\" \/>\n<meta property=\"og:url\" content=\"https:\/\/ehrbarsaal.at\/en\/konzerte\/floete-im-dialog\/\" \/>\n<meta property=\"og:site_name\" content=\"Ehrbar Saal\" \/>\n<meta property=\"article:publisher\" content=\"https:\/\/www.facebook.com\/EhrbarSaalWien\/\" \/>\n<meta property=\"article:modified_time\" content=\"2025-12-11T18:45:57+00:00\" \/>\n<meta property=\"og:image\" content=\"https:\/\/ehrbarsaal.at\/wp-content\/uploads\/2025\/06\/Michael-Martin-Kofler-1920x.jpg\" \/>\n\t<meta property=\"og:image:width\" content=\"1280\" \/>\n\t<meta property=\"og:image:height\" content=\"1920\" \/>\n\t<meta property=\"og:image:type\" content=\"image\/jpeg\" \/>\n<meta name=\"twitter:card\" content=\"summary_large_image\" \/>\n<meta name=\"twitter:label1\" content=\"Estimated reading time\" \/>\n\t<meta name=\"twitter:data1\" content=\"3 minutes\" \/>\n<script type=\"application\/ld+json\" class=\"yoast-schema-graph\">{\"@context\":\"https:\\\/\\\/schema.org\",\"@graph\":[{\"@type\":\"WebPage\",\"@id\":\"https:\\\/\\\/ehrbarsaal.at\\\/konzerte\\\/floete-im-dialog\\\/\",\"url\":\"https:\\\/\\\/ehrbarsaal.at\\\/konzerte\\\/floete-im-dialog\\\/\",\"name\":\"Fl\u00f6te im Dialog - Ehrbar Saal\",\"isPartOf\":{\"@id\":\"https:\\\/\\\/ehrbarsaal.at\\\/#website\"},\"primaryImageOfPage\":{\"@id\":\"https:\\\/\\\/ehrbarsaal.at\\\/konzerte\\\/floete-im-dialog\\\/#primaryimage\"},\"image\":{\"@id\":\"https:\\\/\\\/ehrbarsaal.at\\\/konzerte\\\/floete-im-dialog\\\/#primaryimage\"},\"thumbnailUrl\":\"https:\\\/\\\/ehrbarsaal.at\\\/wp-content\\\/uploads\\\/2025\\\/06\\\/Michael-Martin-Kofler-1920x.jpg\",\"datePublished\":\"2025-06-30T10:43:09+00:00\",\"dateModified\":\"2025-12-11T18:45:57+00:00\",\"breadcrumb\":{\"@id\":\"https:\\\/\\\/ehrbarsaal.at\\\/konzerte\\\/floete-im-dialog\\\/#breadcrumb\"},\"inLanguage\":\"en-GB\",\"potentialAction\":[{\"@type\":\"ReadAction\",\"target\":[\"https:\\\/\\\/ehrbarsaal.at\\\/konzerte\\\/floete-im-dialog\\\/\"]}]},{\"@type\":\"ImageObject\",\"inLanguage\":\"en-GB\",\"@id\":\"https:\\\/\\\/ehrbarsaal.at\\\/konzerte\\\/floete-im-dialog\\\/#primaryimage\",\"url\":\"https:\\\/\\\/ehrbarsaal.at\\\/wp-content\\\/uploads\\\/2025\\\/06\\\/Michael-Martin-Kofler-1920x.jpg\",\"contentUrl\":\"https:\\\/\\\/ehrbarsaal.at\\\/wp-content\\\/uploads\\\/2025\\\/06\\\/Michael-Martin-Kofler-1920x.jpg\",\"width\":1280,\"height\":1920,\"caption\":\"Michael Martin Kofler \u00a9 privat\"},{\"@type\":\"BreadcrumbList\",\"@id\":\"https:\\\/\\\/ehrbarsaal.at\\\/konzerte\\\/floete-im-dialog\\\/#breadcrumb\",\"itemListElement\":[{\"@type\":\"ListItem\",\"position\":1,\"name\":\"Startseite\",\"item\":\"https:\\\/\\\/ehrbarsaal.at\\\/\"},{\"@type\":\"ListItem\",\"position\":2,\"name\":\"Konzerte\",\"item\":\"https:\\\/\\\/ehrbarsaal.at\\\/konzert-archiv\\\/\"},{\"@type\":\"ListItem\",\"position\":3,\"name\":\"Fl\u00f6te im Dialog\"}]},{\"@type\":\"WebSite\",\"@id\":\"https:\\\/\\\/ehrbarsaal.at\\\/#website\",\"url\":\"https:\\\/\\\/ehrbarsaal.at\\\/\",\"name\":\"Ehrbar Saal\",\"description\":\"Willkommen beim Ehrbar Saal!\",\"publisher\":{\"@id\":\"https:\\\/\\\/ehrbarsaal.at\\\/#organization\"},\"potentialAction\":[{\"@type\":\"SearchAction\",\"target\":{\"@type\":\"EntryPoint\",\"urlTemplate\":\"https:\\\/\\\/ehrbarsaal.at\\\/?s={search_term_string}\"},\"query-input\":{\"@type\":\"PropertyValueSpecification\",\"valueRequired\":true,\"valueName\":\"search_term_string\"}}],\"inLanguage\":\"en-GB\"},{\"@type\":\"Organization\",\"@id\":\"https:\\\/\\\/ehrbarsaal.at\\\/#organization\",\"name\":\"Ehrbar Saal\",\"url\":\"https:\\\/\\\/ehrbarsaal.at\\\/\",\"logo\":{\"@type\":\"ImageObject\",\"inLanguage\":\"en-GB\",\"@id\":\"https:\\\/\\\/ehrbarsaal.at\\\/#\\\/schema\\\/logo\\\/image\\\/\",\"url\":\"https:\\\/\\\/ehrbarsaal.at\\\/wp-content\\\/uploads\\\/2023\\\/08\\\/Ehrbar_Logo.svg\",\"contentUrl\":\"https:\\\/\\\/ehrbarsaal.at\\\/wp-content\\\/uploads\\\/2023\\\/08\\\/Ehrbar_Logo.svg\",\"width\":\"1024\",\"height\":\"1024\",\"caption\":\"Ehrbar Saal\"},\"image\":{\"@id\":\"https:\\\/\\\/ehrbarsaal.at\\\/#\\\/schema\\\/logo\\\/image\\\/\"},\"sameAs\":[\"https:\\\/\\\/www.facebook.com\\\/EhrbarSaalWien\\\/\",\"https:\\\/\\\/www.instagram.com\\\/ehrbarsaal.wien\\\/\"]}]}<\/script>\n<!-- \/ Yoast SEO Premium plugin. -->","yoast_head_json":{"title":"Fl\u00f6te im Dialog - Ehrbar Saal","robots":{"index":"index","follow":"follow","max-snippet":"max-snippet:-1","max-image-preview":"max-image-preview:large","max-video-preview":"max-video-preview:-1"},"canonical":"https:\/\/ehrbarsaal.at\/en\/konzerte\/floete-im-dialog\/","og_locale":"en_GB","og_type":"article","og_title":"Fl\u00f6te im Dialog","og_url":"https:\/\/ehrbarsaal.at\/en\/konzerte\/floete-im-dialog\/","og_site_name":"Ehrbar Saal","article_publisher":"https:\/\/www.facebook.com\/EhrbarSaalWien\/","article_modified_time":"2025-12-11T18:45:57+00:00","og_image":[{"width":1280,"height":1920,"url":"https:\/\/ehrbarsaal.at\/wp-content\/uploads\/2025\/06\/Michael-Martin-Kofler-1920x.jpg","type":"image\/jpeg"}],"twitter_card":"summary_large_image","twitter_misc":{"Estimated reading time":"3 minutes"},"schema":{"@context":"https:\/\/schema.org","@graph":[{"@type":"WebPage","@id":"https:\/\/ehrbarsaal.at\/konzerte\/floete-im-dialog\/","url":"https:\/\/ehrbarsaal.at\/konzerte\/floete-im-dialog\/","name":"Fl\u00f6te im Dialog - Ehrbar Saal","isPartOf":{"@id":"https:\/\/ehrbarsaal.at\/#website"},"primaryImageOfPage":{"@id":"https:\/\/ehrbarsaal.at\/konzerte\/floete-im-dialog\/#primaryimage"},"image":{"@id":"https:\/\/ehrbarsaal.at\/konzerte\/floete-im-dialog\/#primaryimage"},"thumbnailUrl":"https:\/\/ehrbarsaal.at\/wp-content\/uploads\/2025\/06\/Michael-Martin-Kofler-1920x.jpg","datePublished":"2025-06-30T10:43:09+00:00","dateModified":"2025-12-11T18:45:57+00:00","breadcrumb":{"@id":"https:\/\/ehrbarsaal.at\/konzerte\/floete-im-dialog\/#breadcrumb"},"inLanguage":"en-GB","potentialAction":[{"@type":"ReadAction","target":["https:\/\/ehrbarsaal.at\/konzerte\/floete-im-dialog\/"]}]},{"@type":"ImageObject","inLanguage":"en-GB","@id":"https:\/\/ehrbarsaal.at\/konzerte\/floete-im-dialog\/#primaryimage","url":"https:\/\/ehrbarsaal.at\/wp-content\/uploads\/2025\/06\/Michael-Martin-Kofler-1920x.jpg","contentUrl":"https:\/\/ehrbarsaal.at\/wp-content\/uploads\/2025\/06\/Michael-Martin-Kofler-1920x.jpg","width":1280,"height":1920,"caption":"Michael Martin Kofler \u00a9 privat"},{"@type":"BreadcrumbList","@id":"https:\/\/ehrbarsaal.at\/konzerte\/floete-im-dialog\/#breadcrumb","itemListElement":[{"@type":"ListItem","position":1,"name":"Startseite","item":"https:\/\/ehrbarsaal.at\/"},{"@type":"ListItem","position":2,"name":"Konzerte","item":"https:\/\/ehrbarsaal.at\/konzert-archiv\/"},{"@type":"ListItem","position":3,"name":"Fl\u00f6te im Dialog"}]},{"@type":"WebSite","@id":"https:\/\/ehrbarsaal.at\/#website","url":"https:\/\/ehrbarsaal.at\/","name":"Ehrbar Saal","description":"Willkommen beim Ehrbar Saal!","publisher":{"@id":"https:\/\/ehrbarsaal.at\/#organization"},"potentialAction":[{"@type":"SearchAction","target":{"@type":"EntryPoint","urlTemplate":"https:\/\/ehrbarsaal.at\/?s={search_term_string}"},"query-input":{"@type":"PropertyValueSpecification","valueRequired":true,"valueName":"search_term_string"}}],"inLanguage":"en-GB"},{"@type":"Organization","@id":"https:\/\/ehrbarsaal.at\/#organization","name":"Ehrbar Saal","url":"https:\/\/ehrbarsaal.at\/","logo":{"@type":"ImageObject","inLanguage":"en-GB","@id":"https:\/\/ehrbarsaal.at\/#\/schema\/logo\/image\/","url":"https:\/\/ehrbarsaal.at\/wp-content\/uploads\/2023\/08\/Ehrbar_Logo.svg","contentUrl":"https:\/\/ehrbarsaal.at\/wp-content\/uploads\/2023\/08\/Ehrbar_Logo.svg","width":"1024","height":"1024","caption":"Ehrbar Saal"},"image":{"@id":"https:\/\/ehrbarsaal.at\/#\/schema\/logo\/image\/"},"sameAs":["https:\/\/www.facebook.com\/EhrbarSaalWien\/","https:\/\/www.instagram.com\/ehrbarsaal.wien\/"]}]}},"_links":{"self":[{"href":"https:\/\/ehrbarsaal.at\/en\/wp-json\/wp\/v2\/konzerte\/9505","targetHints":{"allow":["GET"]}}],"collection":[{"href":"https:\/\/ehrbarsaal.at\/en\/wp-json\/wp\/v2\/konzerte"}],"about":[{"href":"https:\/\/ehrbarsaal.at\/en\/wp-json\/wp\/v2\/types\/konzerte"}],"author":[{"embeddable":true,"href":"https:\/\/ehrbarsaal.at\/en\/wp-json\/wp\/v2\/users\/11"}],"version-history":[{"count":23,"href":"https:\/\/ehrbarsaal.at\/en\/wp-json\/wp\/v2\/konzerte\/9505\/revisions"}],"predecessor-version":[{"id":10305,"href":"https:\/\/ehrbarsaal.at\/en\/wp-json\/wp\/v2\/konzerte\/9505\/revisions\/10305"}],"wp:featuredmedia":[{"embeddable":true,"href":"https:\/\/ehrbarsaal.at\/en\/wp-json\/wp\/v2\/media\/9716"}],"wp:attachment":[{"href":"https:\/\/ehrbarsaal.at\/en\/wp-json\/wp\/v2\/media?parent=9505"}],"wp:term":[{"taxonomy":"category","embeddable":true,"href":"https:\/\/ehrbarsaal.at\/en\/wp-json\/wp\/v2\/categories?post=9505"},{"taxonomy":"post_tag","embeddable":true,"href":"https:\/\/ehrbarsaal.at\/en\/wp-json\/wp\/v2\/tags?post=9505"}],"curies":[{"name":"wp","href":"https:\/\/api.w.org\/{rel}","templated":true}]}}