{"id":9455,"date":"2025-06-23T12:38:00","date_gmt":"2025-06-23T12:38:00","guid":{"rendered":"https:\/\/ehrbarsaal.at\/?post_type=konzerte&#038;p=9455"},"modified":"2025-12-11T18:46:44","modified_gmt":"2025-12-11T18:46:44","slug":"konzert-fuer-die-demokratie","status":"publish","type":"konzerte","link":"https:\/\/ehrbarsaal.at\/en\/konzerte\/konzert-fuer-die-demokratie\/","title":{"rendered":"Concert for the <span style=\"white-space:nowrap;\">Democracy<\/span>"},"content":{"rendered":"<div class=\"shariff shariff-align-flex-end shariff-widget-align-flex-end\" data-services=\"facebook\" data-url=\"https%3A%2F%2Fehrbarsaal.at%2Fen%2Fkonzerte%2Fkonzert-fuer-die-demokratie%2F\" data-timestamp=\"1765478804\" data-backendurl=\"https:\/\/ehrbarsaal.at\/en\/wp-json\/shariff\/v1\/share_counts?\"><div class=\"ShariffHeadline\">Share event<\/div><ul class=\"shariff-buttons theme-round orientation-horizontal buttonsize-medium\"><li class=\"shariff-button twitter\" style=\"background-color:#595959;border-radius:10%\"><a href=\"https:\/\/twitter.com\/share?url=https%3A%2F%2Fehrbarsaal.at%2Fen%2Fkonzerte%2Fkonzert-fuer-die-demokratie%2F&text=Konzert%20f%C3%BCr%20die%20Demokratie\" title=\"Share at X\" aria-label=\"Share at X\" role=\"button\" rel=\"noopener nofollow\" class=\"shariff-link\" style=\";border-radius:10%; background-color:#ffffff; color:#fff\" target=\"_blank\"><span class=\"shariff-icon\" style=\"\"><svg width=\"32px\" height=\"20px\" xmlns=\"http:\/\/www.w3.org\/2000\/svg\" viewbox=\"0 0 24 24\"><path fill=\"#000\" d=\"M14.258 10.152L23.176 0h-2.113l-7.747 8.813L7.133 0H0l9.352 13.328L0 23.973h2.113l8.176-9.309 6.531 9.309h7.133zm-2.895 3.293l-.949-1.328L2.875 1.56h3.246l6.086 8.523.945 1.328 7.91 11.078h-3.246zm0 0\"\/><\/svg><\/span><\/a><\/li><li class=\"shariff-button facebook\" style=\"background-color:#4273c8;border-radius:10%\"><a href=\"https:\/\/www.facebook.com\/sharer\/sharer.php?u=https%3A%2F%2Fehrbarsaal.at%2Fen%2Fkonzerte%2Fkonzert-fuer-die-demokratie%2F\" title=\"Share on Facebook\" aria-label=\"Share on Facebook\" role=\"button\" rel=\"nofollow\" class=\"shariff-link\" style=\";border-radius:10%; background-color:#ffffff; color:#fff\" target=\"_blank\"><span class=\"shariff-icon\" style=\"\"><svg width=\"32px\" height=\"20px\" xmlns=\"http:\/\/www.w3.org\/2000\/svg\" viewbox=\"0 0 18 32\"><path fill=\"#3b5998\" d=\"M17.1 0.2v4.7h-2.8q-1.5 0-2.1 0.6t-0.5 1.9v3.4h5.2l-0.7 5.3h-4.5v13.6h-5.5v-13.6h-4.5v-5.3h4.5v-3.9q0-3.3 1.9-5.2t5-1.8q2.6 0 4.1 0.2z\"\/><\/svg><\/span><\/a><\/li><li class=\"shariff-button mailto\" style=\"background-color:#a8a8a8;border-radius:10%\"><a href=\"mailto:?body=https%3A%2F%2Fehrbarsaal.at%2Fen%2Fkonzerte%2Fkonzert-fuer-die-demokratie%2F&subject=Konzert%20f%C3%BCr%20die%20Demokratie\" title=\"Send by e-mail\" aria-label=\"Send by e-mail\" role=\"button\" rel=\"noopener nofollow\" class=\"shariff-link\" style=\";border-radius:10%; background-color:#ffffff; color:#fff\"><span class=\"shariff-icon\" style=\"\"><svg width=\"32px\" height=\"20px\" xmlns=\"http:\/\/www.w3.org\/2000\/svg\" viewbox=\"0 0 32 32\"><path fill=\"#999\" d=\"M32 12.7v14.2q0 1.2-0.8 2t-2 0.9h-26.3q-1.2 0-2-0.9t-0.8-2v-14.2q0.8 0.9 1.8 1.6 6.5 4.4 8.9 6.1 1 0.8 1.6 1.2t1.7 0.9 2 0.4h0.1q0.9 0 2-0.4t1.7-0.9 1.6-1.2q3-2.2 8.9-6.1 1-0.7 1.8-1.6zM32 7.4q0 1.4-0.9 2.7t-2.2 2.2q-6.7 4.7-8.4 5.8-0.2 0.1-0.7 0.5t-1 0.7-0.9 0.6-1.1 0.5-0.9 0.2h-0.1q-0.4 0-0.9-0.2t-1.1-0.5-0.9-0.6-1-0.7-0.7-0.5q-1.6-1.1-4.7-3.2t-3.6-2.6q-1.1-0.7-2.1-2t-1-2.5q0-1.4 0.7-2.3t2.1-0.9h26.3q1.2 0 2 0.8t0.9 2z\"\/><\/svg><\/span><\/a><\/li><li class=\"shariff-button whatsapp\" style=\"background-color:#5cbe4a;border-radius:10%\"><a href=\"https:\/\/api.whatsapp.com\/send?text=https%3A%2F%2Fehrbarsaal.at%2Fen%2Fkonzerte%2Fkonzert-fuer-die-demokratie%2F%20Konzert%20f%C3%BCr%20die%20Demokratie\" title=\"Share on Whatsapp\" aria-label=\"Share on Whatsapp\" role=\"button\" rel=\"noopener nofollow\" class=\"shariff-link\" style=\";border-radius:10%; background-color:#ffffff; color:#fff\" target=\"_blank\"><span class=\"shariff-icon\" style=\"\"><svg width=\"32px\" height=\"20px\" xmlns=\"http:\/\/www.w3.org\/2000\/svg\" viewbox=\"0 0 32 32\"><path fill=\"#34af23\" d=\"M17.6 17.4q0.2 0 1.7 0.8t1.6 0.9q0 0.1 0 0.3 0 0.6-0.3 1.4-0.3 0.7-1.3 1.2t-1.8 0.5q-1 0-3.4-1.1-1.7-0.8-3-2.1t-2.6-3.3q-1.3-1.9-1.3-3.5v-0.1q0.1-1.6 1.3-2.8 0.4-0.4 0.9-0.4 0.1 0 0.3 0t0.3 0q0.3 0 0.5 0.1t0.3 0.5q0.1 0.4 0.6 1.6t0.4 1.3q0 0.4-0.6 1t-0.6 0.8q0 0.1 0.1 0.3 0.6 1.3 1.8 2.4 1 0.9 2.7 1.8 0.2 0.1 0.4 0.1 0.3 0 1-0.9t0.9-0.9zM14 26.9q2.3 0 4.3-0.9t3.6-2.4 2.4-3.6 0.9-4.3-0.9-4.3-2.4-3.6-3.6-2.4-4.3-0.9-4.3 0.9-3.6 2.4-2.4 3.6-0.9 4.3q0 3.6 2.1 6.6l-1.4 4.2 4.3-1.4q2.8 1.9 6.2 1.9zM14 2.2q2.7 0 5.2 1.1t4.3 2.9 2.9 4.3 1.1 5.2-1.1 5.2-2.9 4.3-4.3 2.9-5.2 1.1q-3.5 0-6.5-1.7l-7.4 2.4 2.4-7.2q-1.9-3.2-1.9-6.9 0-2.7 1.1-5.2t2.9-4.3 4.3-2.9 5.2-1.1z\"\/><\/svg><\/span><\/a><\/li><\/ul><\/div>","protected":false},"excerpt":{"rendered":"","protected":false},"author":11,"featured_media":9456,"template":"","categories":[],"tags":[],"class_list":["post-9455","konzerte","type-konzerte","status-publish","has-post-thumbnail","hentry"],"acf":{"subtitel":"Omas gegen Rechts & <span style=\"white-space: nowrap\">Primavera Festival Wien<\/span>","datum":"20251026","uhrzeit":"18:00 Uhr","ort":"Ehrbar Saal","konzertinfo":"<!-- Ticketlink fehlt -->\r\n\r\n<p class=\"kuenstlername\"><span class=\"kuenstlerfunktion\">mit<\/span><br \/>Omas On Stage | Susanne Scholl | Doron Rabinovici | Shlomit Butbul | Harri Stojka | Mercedes Echerer | Kid Pex | Die Strottern | Le\u00f3n de Castillo | <span class=\"kuenstlerfunktion\">und weitere<\/span><\/p>\r\n\t\t\t<p class=\"text\">Die Demokratie steht unter Druck \u2013 von rechts, von autorit\u00e4rer Politik, von wachsender sozialer Ungleichheit. Doch wir schweigen nicht. Omas gegen Rechts und das Primavera Festival Wien schlie\u00dfen sich zusammen, um mit den Konzerten f\u00fcr die Demokratie ein starkes, h\u00f6rbares Zeichen zu setzen: gegen Faschismus, Rassismus und Hass \u2013 f\u00fcr eine offene, solidarische und gerechte Gesellschaft.<\/p>\r\n\t\t\t<p class=\"veranstalter\">Veranstaltet von <i>Primavera Festival Wien<\/i> und <i>Omas gegen Rechts<\/i>. Freier Eintritt: Um Spenden wird gebeten (Benefiz). Bitte reservieren Sie \u00fcber <a href=\"https:\/\/events.eventjet.at\/e\/omas-gegen-rechts-primavera-festival-wien-konzert-fuer-die-demokratie\/\" target=\"_blank\">eventjet.at (dieser Link!)<\/a>. Achtung: die Reservierungsm\u00f6glichkeit wurde vom Veranstalter am 6. Oktober eingerichtet.<\/p>","tickets_link":{"title":"","url":"https:\/\/events.eventjet.at\/e\/omas-gegen-rechts-primavera-festival-wien-konzert-fuer-die-demokratie\/","target":""},"abendkassa":false,"freier_eintritt":true,"teaserbild_fur_liste":10766,"abgesagt":false,"ausverkauft":false,"mitwirkende":"","layoutnew":false,"veranstalter":"","werke-2":"","werke":"","tickets_text":""},"yoast_head":"<!-- This site is optimized with the Yoast SEO Premium plugin v26.9 (Yoast SEO v26.9) - https:\/\/yoast.com\/product\/yoast-seo-premium-wordpress\/ -->\n<title>Konzert f\u00fcr die Demokratie - Ehrbar Saal<\/title>\n<meta name=\"robots\" content=\"index, follow, max-snippet:-1, max-image-preview:large, max-video-preview:-1\" \/>\n<link rel=\"canonical\" href=\"https:\/\/ehrbarsaal.at\/en\/konzerte\/konzert-fuer-die-demokratie\/\" \/>\n<meta property=\"og:locale\" content=\"en_GB\" \/>\n<meta property=\"og:type\" content=\"article\" \/>\n<meta property=\"og:title\" content=\"Konzert f\u00fcr die Demokratie\" \/>\n<meta property=\"og:url\" content=\"https:\/\/ehrbarsaal.at\/en\/konzerte\/konzert-fuer-die-demokratie\/\" \/>\n<meta property=\"og:site_name\" content=\"Ehrbar Saal\" \/>\n<meta property=\"article:publisher\" content=\"https:\/\/www.facebook.com\/EhrbarSaalWien\/\" \/>\n<meta property=\"article:modified_time\" content=\"2025-12-11T18:46:44+00:00\" \/>\n<meta property=\"og:image\" content=\"https:\/\/ehrbarsaal.at\/wp-content\/uploads\/2025\/06\/Collage-1080x1080-1.jpg\" \/>\n\t<meta property=\"og:image:width\" content=\"1080\" \/>\n\t<meta property=\"og:image:height\" content=\"1080\" \/>\n\t<meta property=\"og:image:type\" content=\"image\/jpeg\" \/>\n<meta name=\"twitter:card\" content=\"summary_large_image\" \/>\n<script type=\"application\/ld+json\" class=\"yoast-schema-graph\">{\"@context\":\"https:\/\/schema.org\",\"@graph\":[{\"@type\":\"WebPage\",\"@id\":\"https:\/\/ehrbarsaal.at\/konzerte\/konzert-fuer-die-demokratie\/\",\"url\":\"https:\/\/ehrbarsaal.at\/konzerte\/konzert-fuer-die-demokratie\/\",\"name\":\"Konzert f\u00fcr die Demokratie - Ehrbar Saal\",\"isPartOf\":{\"@id\":\"https:\/\/ehrbarsaal.at\/#website\"},\"primaryImageOfPage\":{\"@id\":\"https:\/\/ehrbarsaal.at\/konzerte\/konzert-fuer-die-demokratie\/#primaryimage\"},\"image\":{\"@id\":\"https:\/\/ehrbarsaal.at\/konzerte\/konzert-fuer-die-demokratie\/#primaryimage\"},\"thumbnailUrl\":\"https:\/\/ehrbarsaal.at\/wp-content\/uploads\/2025\/06\/Collage-1080x1080-1.jpg\",\"datePublished\":\"2025-06-23T12:38:00+00:00\",\"dateModified\":\"2025-12-11T18:46:44+00:00\",\"breadcrumb\":{\"@id\":\"https:\/\/ehrbarsaal.at\/konzerte\/konzert-fuer-die-demokratie\/#breadcrumb\"},\"inLanguage\":\"en-GB\",\"potentialAction\":[{\"@type\":\"ReadAction\",\"target\":[\"https:\/\/ehrbarsaal.at\/konzerte\/konzert-fuer-die-demokratie\/\"]}]},{\"@type\":\"ImageObject\",\"inLanguage\":\"en-GB\",\"@id\":\"https:\/\/ehrbarsaal.at\/konzerte\/konzert-fuer-die-demokratie\/#primaryimage\",\"url\":\"https:\/\/ehrbarsaal.at\/wp-content\/uploads\/2025\/06\/Collage-1080x1080-1.jpg\",\"contentUrl\":\"https:\/\/ehrbarsaal.at\/wp-content\/uploads\/2025\/06\/Collage-1080x1080-1.jpg\",\"width\":1080,\"height\":1080,\"caption\":\"V.l.o.n.r.u.: Harri Stojka (c) Stephan Mussil, Doron Rabinovici (c) Baerbel Miemietz, Omas gegen Rechts (c) Omas gegen Rechts, Leon de Castillo (c) Primaverafestival Wien, Susanne Scholl (c) Omas gegen Rechts, Die Strottern (c) Victoria Nazarova\"},{\"@type\":\"BreadcrumbList\",\"@id\":\"https:\/\/ehrbarsaal.at\/konzerte\/konzert-fuer-die-demokratie\/#breadcrumb\",\"itemListElement\":[{\"@type\":\"ListItem\",\"position\":1,\"name\":\"Startseite\",\"item\":\"https:\/\/ehrbarsaal.at\/\"},{\"@type\":\"ListItem\",\"position\":2,\"name\":\"Konzerte\",\"item\":\"https:\/\/ehrbarsaal.at\/konzert-archiv\/\"},{\"@type\":\"ListItem\",\"position\":3,\"name\":\"Konzert f\u00fcr die Demokratie\"}]},{\"@type\":\"WebSite\",\"@id\":\"https:\/\/ehrbarsaal.at\/#website\",\"url\":\"https:\/\/ehrbarsaal.at\/\",\"name\":\"Ehrbar Saal\",\"description\":\"Willkommen beim Ehrbar Saal!\",\"publisher\":{\"@id\":\"https:\/\/ehrbarsaal.at\/#organization\"},\"potentialAction\":[{\"@type\":\"SearchAction\",\"target\":{\"@type\":\"EntryPoint\",\"urlTemplate\":\"https:\/\/ehrbarsaal.at\/?s={search_term_string}\"},\"query-input\":{\"@type\":\"PropertyValueSpecification\",\"valueRequired\":true,\"valueName\":\"search_term_string\"}}],\"inLanguage\":\"en-GB\"},{\"@type\":\"Organization\",\"@id\":\"https:\/\/ehrbarsaal.at\/#organization\",\"name\":\"Ehrbar Saal\",\"url\":\"https:\/\/ehrbarsaal.at\/\",\"logo\":{\"@type\":\"ImageObject\",\"inLanguage\":\"en-GB\",\"@id\":\"https:\/\/ehrbarsaal.at\/#\/schema\/logo\/image\/\",\"url\":\"https:\/\/ehrbarsaal.at\/wp-content\/uploads\/2023\/08\/Ehrbar_Logo.svg\",\"contentUrl\":\"https:\/\/ehrbarsaal.at\/wp-content\/uploads\/2023\/08\/Ehrbar_Logo.svg\",\"width\":\"1024\",\"height\":\"1024\",\"caption\":\"Ehrbar Saal\"},\"image\":{\"@id\":\"https:\/\/ehrbarsaal.at\/#\/schema\/logo\/image\/\"},\"sameAs\":[\"https:\/\/www.facebook.com\/EhrbarSaalWien\/\",\"https:\/\/www.instagram.com\/ehrbarsaal.wien\/\"]}]}<\/script>\n<!-- \/ Yoast SEO Premium plugin. -->","yoast_head_json":{"title":"Konzert f\u00fcr die Demokratie - Ehrbar Saal","robots":{"index":"index","follow":"follow","max-snippet":"max-snippet:-1","max-image-preview":"max-image-preview:large","max-video-preview":"max-video-preview:-1"},"canonical":"https:\/\/ehrbarsaal.at\/en\/konzerte\/konzert-fuer-die-demokratie\/","og_locale":"en_GB","og_type":"article","og_title":"Konzert f\u00fcr die Demokratie","og_url":"https:\/\/ehrbarsaal.at\/en\/konzerte\/konzert-fuer-die-demokratie\/","og_site_name":"Ehrbar Saal","article_publisher":"https:\/\/www.facebook.com\/EhrbarSaalWien\/","article_modified_time":"2025-12-11T18:46:44+00:00","og_image":[{"width":1080,"height":1080,"url":"https:\/\/ehrbarsaal.at\/wp-content\/uploads\/2025\/06\/Collage-1080x1080-1.jpg","type":"image\/jpeg"}],"twitter_card":"summary_large_image","schema":{"@context":"https:\/\/schema.org","@graph":[{"@type":"WebPage","@id":"https:\/\/ehrbarsaal.at\/konzerte\/konzert-fuer-die-demokratie\/","url":"https:\/\/ehrbarsaal.at\/konzerte\/konzert-fuer-die-demokratie\/","name":"Konzert f\u00fcr die Demokratie - Ehrbar Saal","isPartOf":{"@id":"https:\/\/ehrbarsaal.at\/#website"},"primaryImageOfPage":{"@id":"https:\/\/ehrbarsaal.at\/konzerte\/konzert-fuer-die-demokratie\/#primaryimage"},"image":{"@id":"https:\/\/ehrbarsaal.at\/konzerte\/konzert-fuer-die-demokratie\/#primaryimage"},"thumbnailUrl":"https:\/\/ehrbarsaal.at\/wp-content\/uploads\/2025\/06\/Collage-1080x1080-1.jpg","datePublished":"2025-06-23T12:38:00+00:00","dateModified":"2025-12-11T18:46:44+00:00","breadcrumb":{"@id":"https:\/\/ehrbarsaal.at\/konzerte\/konzert-fuer-die-demokratie\/#breadcrumb"},"inLanguage":"en-GB","potentialAction":[{"@type":"ReadAction","target":["https:\/\/ehrbarsaal.at\/konzerte\/konzert-fuer-die-demokratie\/"]}]},{"@type":"ImageObject","inLanguage":"en-GB","@id":"https:\/\/ehrbarsaal.at\/konzerte\/konzert-fuer-die-demokratie\/#primaryimage","url":"https:\/\/ehrbarsaal.at\/wp-content\/uploads\/2025\/06\/Collage-1080x1080-1.jpg","contentUrl":"https:\/\/ehrbarsaal.at\/wp-content\/uploads\/2025\/06\/Collage-1080x1080-1.jpg","width":1080,"height":1080,"caption":"V.l.o.n.r.u.: Harri Stojka (c) Stephan Mussil, Doron Rabinovici (c) Baerbel Miemietz, Omas gegen Rechts (c) Omas gegen Rechts, Leon de Castillo (c) Primaverafestival Wien, Susanne Scholl (c) Omas gegen Rechts, Die Strottern (c) Victoria Nazarova"},{"@type":"BreadcrumbList","@id":"https:\/\/ehrbarsaal.at\/konzerte\/konzert-fuer-die-demokratie\/#breadcrumb","itemListElement":[{"@type":"ListItem","position":1,"name":"Startseite","item":"https:\/\/ehrbarsaal.at\/"},{"@type":"ListItem","position":2,"name":"Konzerte","item":"https:\/\/ehrbarsaal.at\/konzert-archiv\/"},{"@type":"ListItem","position":3,"name":"Konzert f\u00fcr die Demokratie"}]},{"@type":"WebSite","@id":"https:\/\/ehrbarsaal.at\/#website","url":"https:\/\/ehrbarsaal.at\/","name":"Ehrbar Saal","description":"Willkommen beim Ehrbar Saal!","publisher":{"@id":"https:\/\/ehrbarsaal.at\/#organization"},"potentialAction":[{"@type":"SearchAction","target":{"@type":"EntryPoint","urlTemplate":"https:\/\/ehrbarsaal.at\/?s={search_term_string}"},"query-input":{"@type":"PropertyValueSpecification","valueRequired":true,"valueName":"search_term_string"}}],"inLanguage":"en-GB"},{"@type":"Organization","@id":"https:\/\/ehrbarsaal.at\/#organization","name":"Ehrbar Saal","url":"https:\/\/ehrbarsaal.at\/","logo":{"@type":"ImageObject","inLanguage":"en-GB","@id":"https:\/\/ehrbarsaal.at\/#\/schema\/logo\/image\/","url":"https:\/\/ehrbarsaal.at\/wp-content\/uploads\/2023\/08\/Ehrbar_Logo.svg","contentUrl":"https:\/\/ehrbarsaal.at\/wp-content\/uploads\/2023\/08\/Ehrbar_Logo.svg","width":"1024","height":"1024","caption":"Ehrbar Saal"},"image":{"@id":"https:\/\/ehrbarsaal.at\/#\/schema\/logo\/image\/"},"sameAs":["https:\/\/www.facebook.com\/EhrbarSaalWien\/","https:\/\/www.instagram.com\/ehrbarsaal.wien\/"]}]}},"_links":{"self":[{"href":"https:\/\/ehrbarsaal.at\/en\/wp-json\/wp\/v2\/konzerte\/9455","targetHints":{"allow":["GET"]}}],"collection":[{"href":"https:\/\/ehrbarsaal.at\/en\/wp-json\/wp\/v2\/konzerte"}],"about":[{"href":"https:\/\/ehrbarsaal.at\/en\/wp-json\/wp\/v2\/types\/konzerte"}],"author":[{"embeddable":true,"href":"https:\/\/ehrbarsaal.at\/en\/wp-json\/wp\/v2\/users\/11"}],"version-history":[{"count":8,"href":"https:\/\/ehrbarsaal.at\/en\/wp-json\/wp\/v2\/konzerte\/9455\/revisions"}],"predecessor-version":[{"id":11121,"href":"https:\/\/ehrbarsaal.at\/en\/wp-json\/wp\/v2\/konzerte\/9455\/revisions\/11121"}],"wp:featuredmedia":[{"embeddable":true,"href":"https:\/\/ehrbarsaal.at\/en\/wp-json\/wp\/v2\/media\/9456"}],"wp:attachment":[{"href":"https:\/\/ehrbarsaal.at\/en\/wp-json\/wp\/v2\/media?parent=9455"}],"wp:term":[{"taxonomy":"category","embeddable":true,"href":"https:\/\/ehrbarsaal.at\/en\/wp-json\/wp\/v2\/categories?post=9455"},{"taxonomy":"post_tag","embeddable":true,"href":"https:\/\/ehrbarsaal.at\/en\/wp-json\/wp\/v2\/tags?post=9455"}],"curies":[{"name":"wp","href":"https:\/\/api.w.org\/{rel}","templated":true}]}}