{"id":9326,"date":"2025-05-10T13:10:44","date_gmt":"2025-05-10T13:10:44","guid":{"rendered":"https:\/\/ehrbarsaal.at\/?post_type=konzerte&#038;p=9326"},"modified":"2025-09-15T11:59:56","modified_gmt":"2025-09-15T11:59:56","slug":"5-internationaler-helmut-deutsch-liedwettbewerb","status":"publish","type":"konzerte","link":"https:\/\/ehrbarsaal.at\/en\/konzerte\/5-internationaler-helmut-deutsch-liedwettbewerb\/","title":{"rendered":"5th International <span style=\"white-space: nowrap;\">Helmut Deutsch<\/span> <span style=\"white-space: nowrap;\">Song competition<\/span>"},"content":{"rendered":"<div class=\"shariff shariff-align-flex-end shariff-widget-align-flex-end\" data-services=\"facebook\" data-url=\"https%3A%2F%2Fehrbarsaal.at%2Fen%2Fkonzerte%2F5-internationaler-helmut-deutsch-liedwettbewerb%2F\" data-timestamp=\"1757937596\" data-backendurl=\"https:\/\/ehrbarsaal.at\/en\/wp-json\/shariff\/v1\/share_counts?\"><div class=\"ShariffHeadline\">Share event<\/div><ul class=\"shariff-buttons theme-round orientation-horizontal buttonsize-medium\"><li class=\"shariff-button twitter\" style=\"background-color:#595959;border-radius:10%\"><a href=\"https:\/\/twitter.com\/share?url=https%3A%2F%2Fehrbarsaal.at%2Fen%2Fkonzerte%2F5-internationaler-helmut-deutsch-liedwettbewerb%2F&text=5.%C2%A0In%C2%ADter%C2%ADna%C2%ADti%C2%ADo%C2%ADnal%C2%ADer%20Helmut%20Deutsch%20Liedwettbewerb\" title=\"Share at X\" aria-label=\"Share at X\" role=\"button\" rel=\"noopener nofollow\" class=\"shariff-link\" style=\";border-radius:10%; background-color:#ffffff; color:#fff\" target=\"_blank\"><span class=\"shariff-icon\" style=\"\"><svg width=\"32px\" height=\"20px\" xmlns=\"http:\/\/www.w3.org\/2000\/svg\" viewbox=\"0 0 24 24\"><path fill=\"#000\" d=\"M14.258 10.152L23.176 0h-2.113l-7.747 8.813L7.133 0H0l9.352 13.328L0 23.973h2.113l8.176-9.309 6.531 9.309h7.133zm-2.895 3.293l-.949-1.328L2.875 1.56h3.246l6.086 8.523.945 1.328 7.91 11.078h-3.246zm0 0\"\/><\/svg><\/span><\/a><\/li><li class=\"shariff-button facebook\" style=\"background-color:#4273c8;border-radius:10%\"><a href=\"https:\/\/www.facebook.com\/sharer\/sharer.php?u=https%3A%2F%2Fehrbarsaal.at%2Fen%2Fkonzerte%2F5-internationaler-helmut-deutsch-liedwettbewerb%2F\" title=\"Share on Facebook\" aria-label=\"Share on Facebook\" role=\"button\" rel=\"nofollow\" class=\"shariff-link\" style=\";border-radius:10%; background-color:#ffffff; color:#fff\" target=\"_blank\"><span class=\"shariff-icon\" style=\"\"><svg width=\"32px\" height=\"20px\" xmlns=\"http:\/\/www.w3.org\/2000\/svg\" viewbox=\"0 0 18 32\"><path fill=\"#3b5998\" d=\"M17.1 0.2v4.7h-2.8q-1.5 0-2.1 0.6t-0.5 1.9v3.4h5.2l-0.7 5.3h-4.5v13.6h-5.5v-13.6h-4.5v-5.3h4.5v-3.9q0-3.3 1.9-5.2t5-1.8q2.6 0 4.1 0.2z\"\/><\/svg><\/span><\/a><\/li><li class=\"shariff-button mailto\" style=\"background-color:#a8a8a8;border-radius:10%\"><a href=\"mailto:?body=https%3A%2F%2Fehrbarsaal.at%2Fen%2Fkonzerte%2F5-internationaler-helmut-deutsch-liedwettbewerb%2F&subject=5.%C2%A0In%C2%ADter%C2%ADna%C2%ADti%C2%ADo%C2%ADnal%C2%ADer%20Helmut%20Deutsch%20Liedwettbewerb\" title=\"Send by e-mail\" aria-label=\"Send by e-mail\" role=\"button\" rel=\"noopener nofollow\" class=\"shariff-link\" style=\";border-radius:10%; background-color:#ffffff; color:#fff\"><span class=\"shariff-icon\" style=\"\"><svg width=\"32px\" height=\"20px\" xmlns=\"http:\/\/www.w3.org\/2000\/svg\" viewbox=\"0 0 32 32\"><path fill=\"#999\" d=\"M32 12.7v14.2q0 1.2-0.8 2t-2 0.9h-26.3q-1.2 0-2-0.9t-0.8-2v-14.2q0.8 0.9 1.8 1.6 6.5 4.4 8.9 6.1 1 0.8 1.6 1.2t1.7 0.9 2 0.4h0.1q0.9 0 2-0.4t1.7-0.9 1.6-1.2q3-2.2 8.9-6.1 1-0.7 1.8-1.6zM32 7.4q0 1.4-0.9 2.7t-2.2 2.2q-6.7 4.7-8.4 5.8-0.2 0.1-0.7 0.5t-1 0.7-0.9 0.6-1.1 0.5-0.9 0.2h-0.1q-0.4 0-0.9-0.2t-1.1-0.5-0.9-0.6-1-0.7-0.7-0.5q-1.6-1.1-4.7-3.2t-3.6-2.6q-1.1-0.7-2.1-2t-1-2.5q0-1.4 0.7-2.3t2.1-0.9h26.3q1.2 0 2 0.8t0.9 2z\"\/><\/svg><\/span><\/a><\/li><li class=\"shariff-button whatsapp\" style=\"background-color:#5cbe4a;border-radius:10%\"><a href=\"https:\/\/api.whatsapp.com\/send?text=https%3A%2F%2Fehrbarsaal.at%2Fen%2Fkonzerte%2F5-internationaler-helmut-deutsch-liedwettbewerb%2F%205.%C2%A0In%C2%ADter%C2%ADna%C2%ADti%C2%ADo%C2%ADnal%C2%ADer%20Helmut%20Deutsch%20Liedwettbewerb\" title=\"Share on Whatsapp\" aria-label=\"Share on Whatsapp\" role=\"button\" rel=\"noopener nofollow\" class=\"shariff-link\" style=\";border-radius:10%; background-color:#ffffff; color:#fff\" target=\"_blank\"><span class=\"shariff-icon\" style=\"\"><svg width=\"32px\" height=\"20px\" xmlns=\"http:\/\/www.w3.org\/2000\/svg\" viewbox=\"0 0 32 32\"><path fill=\"#34af23\" d=\"M17.6 17.4q0.2 0 1.7 0.8t1.6 0.9q0 0.1 0 0.3 0 0.6-0.3 1.4-0.3 0.7-1.3 1.2t-1.8 0.5q-1 0-3.4-1.1-1.7-0.8-3-2.1t-2.6-3.3q-1.3-1.9-1.3-3.5v-0.1q0.1-1.6 1.3-2.8 0.4-0.4 0.9-0.4 0.1 0 0.3 0t0.3 0q0.3 0 0.5 0.1t0.3 0.5q0.1 0.4 0.6 1.6t0.4 1.3q0 0.4-0.6 1t-0.6 0.8q0 0.1 0.1 0.3 0.6 1.3 1.8 2.4 1 0.9 2.7 1.8 0.2 0.1 0.4 0.1 0.3 0 1-0.9t0.9-0.9zM14 26.9q2.3 0 4.3-0.9t3.6-2.4 2.4-3.6 0.9-4.3-0.9-4.3-2.4-3.6-3.6-2.4-4.3-0.9-4.3 0.9-3.6 2.4-2.4 3.6-0.9 4.3q0 3.6 2.1 6.6l-1.4 4.2 4.3-1.4q2.8 1.9 6.2 1.9zM14 2.2q2.7 0 5.2 1.1t4.3 2.9 2.9 4.3 1.1 5.2-1.1 5.2-2.9 4.3-4.3 2.9-5.2 1.1q-3.5 0-6.5-1.7l-7.4 2.4 2.4-7.2q-1.9-3.2-1.9-6.9 0-2.7 1.1-5.2t2.9-4.3 4.3-2.9 5.2-1.1z\"\/><\/svg><\/span><\/a><\/li><\/ul><\/div>","protected":false},"excerpt":{"rendered":"","protected":false},"author":11,"featured_media":9327,"template":"","categories":[],"tags":[],"class_list":["post-9326","konzerte","type-konzerte","status-publish","has-post-thumbnail","hentry"],"acf":{"subtitel":"Finalkonzert","datum":"20250913","uhrzeit":"19:00 Uhr","ort":"Ehrbar Saal","konzertinfo":" <p class=\"kuenstlername\">\r\n            Finalist:innen <span class=\"kuenstlerfunktion\">Vortrag laut Final-Programm<\/span>\r\n        <\/p>\r\n        <p class=\"programmtitel\">Programm<\/p>\r\n        <p class=\"stuecktitel\">je Finalist:in jeweils<\/p>\r\n        <p class=\"stuecktitel\">3 Lieder nach eigener Wahl aus dem eingesandten Repertoire <\/p>\r\n        <p class=\"stuecktitel\">3 Lieder nach Wahl der Jury <\/p>\r\n        <p class=\"stueckabschnitt\">davon verpflichtend 2 Lieder von Johanna M\u00fcller-Hermann<\/p>\r\n        <p class=\"text\">\r\n            Der <em>Internationale Helmut Deutsch Liedwettbewerb<\/em> ist Wiens erster und einziger regelm\u00e4\u00dfig stattfindender Wettbewerb f\u00fcr S\u00e4nger:innen, der sich ausschlie\u00dflich dem Liedschaffen \u00f6sterreichischer Komponist:innen widmet. Die Teilnehmer:innen haben insgesamt je sechs Lieder von <span style=\"font-weight:500\">Franz Schubert<\/span> und von <span style=\"font-weight:500\">Hugo Wolf<\/span> sowie je vier von <span style=\"font-weight:500\">Gustav Mahler<\/span> und <span style=\"font-weight:500\">Johanna M\u00fcller-Hermann<\/span>, f\u00fcr deren Werk sich unter anderen Wilhem Furtw\u00e4ngler einsetzte, vorzubereiten. Aus diesem Repertoire wird die Wahl f\u00fcr das Programm getroffen.\r\n        <\/p>\r\n        <p class=\"text\">\r\nEs werden drei Preise f\u00fcr S\u00e4nger:innen (zur Verf\u00fcgung gestellt von <em class=\"buch-konzert-titel\">World Culture Networks)<\/em> und zus\u00e4tzlich drei Sonderpreise f\u00fcr Pianist:innen und ein Publikumspreis verliehen (zur Verf\u00fcgung gestellt von der <em class=\"buch-konzert-titel\">mdw \u2013 Universit\u00e4t f\u00fcr Musik und darstellende Kunst Wien)<\/em>. F\u00fcr Teilnehmer:innen ohne eigene:n Pianist:in spielt der offizielle Wettbewerbspianist Andreas Fr\u00f6schl.\r\n<\/p>\r\n <p class=\"text\">\r\nDer oder die Wettbewerbsgewinner:in wird eingeladen, gemeinsam mit Helmut Deutsch Konzerte in der Saison 2025\/26 zu geben, unter anderem im <em class=\"buch-konzert-titel\">NEST \u2013 Neue Staatsoper im K\u00fcnstlerhaus<\/em> (17. Januar 2026, 19:00 Uhr) und im Ehrbar Saal (TBA).\r\n        <\/p>\r\n        <p class=\"text\">\r\n            Die Wettbewerbsjury:\r\n            <p class=\"ensemblemitglied\">\r\nHelmut Deutsch <span style=\"white-space: nowrap;\"><span class=\"kuenstlerfunktion\">Pianist &amp; Juryvorsitz<\/span><\/span><br\/>\r\nRico Gulda <span class=\"kuenstlerfunktion\">Generalintendant <span style=\"white-space: nowrap;\">Esterhazy Privatstiftung<\/span><\/span><br\/>\r\nCathrin Chytil <span class=\"kuenstlerfunktion\">K\u00fcnstlerische Leitung <span style=\"white-space: nowrap;\">Ehrbar Saal<\/span><\/span><br\/>\r\nAdrian Er\u00f6d <span class=\"kuenstlerfunktion\">Leiter des <span style=\"white-space: nowrap;\">Opernstudios \u2013 Wiener Staatsoper<\/span><\/span><br\/>\r\nElisabeth Reischl <span class=\"kuenstlerfunktion\"><span style=\"white-space: nowrap;\">Wiener Konzerthaus<\/span> Kulturwirtin<\/span><br\/>Gabriele Fontana <span class=\"kuenstlerfunktion\"> Kammers\u00e4ngerin, <span style=\"white-space: nowrap;\">Professorin f\u00fcr Lied und Oratorium<\/span> an der <em class=\"buch-konzert-titel\">mdw<\/em><\/span><br\/>\r\nBarbara Moser <span class=\"kuenstlerfunktion\"> Kammermusikerin, Liedbegleiterin und Professorin an der <em class=\"buch-konzert-titel\">mdw<\/em><\/span>\r\n        <\/p>\r\n        <p class=\"veranstalter\">Veranstaltet von WCN \u2013 World Culture Networks GmbH, mit k\u00fcnstlerischer Unterst\u00fctzung der mdw \u2013 Universit\u00e4t f\u00fcr Musik und darstellende Kunst Wien. Eintritt frei, bitte Z\u00e4hlkarten auf <a href=\"https:\/\/www.eventbrite.at\/e\/finale-helmut-deutsch-liedwettbewerb-tickets-1627555695899\" target=\"_blank\">eventbrite.at (Link)<\/a> beziehen.<\/p>","tickets_link":{"title":"","url":"https:\/\/www.eventbrite.at\/e\/finale-helmut-deutsch-liedwettbewerb-tickets-1627555695899","target":"_blank"},"abendkassa":false,"freier_eintritt":true,"teaserbild_fur_liste":9328,"abgesagt":false,"ausverkauft":false,"mitwirkende":"","layoutnew":false,"veranstalter":"","werke-2":"","werke":"","tickets_text":""},"yoast_head":"<!-- This site is optimized with the Yoast SEO Premium plugin v26.9 (Yoast SEO v26.9) - https:\/\/yoast.com\/product\/yoast-seo-premium-wordpress\/ -->\n<title>5.&nbsp;In&shy;ter&shy;na&shy;ti&shy;o&shy;nal&shy;er Helmut Deutsch Liedwettbewerb - Ehrbar Saal<\/title>\n<meta name=\"robots\" content=\"index, follow, max-snippet:-1, max-image-preview:large, max-video-preview:-1\" \/>\n<link rel=\"canonical\" href=\"https:\/\/ehrbarsaal.at\/en\/konzerte\/5-internationaler-helmut-deutsch-liedwettbewerb\/\" \/>\n<meta property=\"og:locale\" content=\"en_GB\" \/>\n<meta property=\"og:type\" content=\"article\" \/>\n<meta property=\"og:title\" content=\"5.&nbsp;In&shy;ter&shy;na&shy;ti&shy;o&shy;nal&shy;er Helmut Deutsch Liedwettbewerb\" \/>\n<meta property=\"og:url\" content=\"https:\/\/ehrbarsaal.at\/en\/konzerte\/5-internationaler-helmut-deutsch-liedwettbewerb\/\" \/>\n<meta property=\"og:site_name\" content=\"Ehrbar Saal\" \/>\n<meta property=\"article:publisher\" content=\"https:\/\/www.facebook.com\/EhrbarSaalWien\/\" \/>\n<meta property=\"article:modified_time\" content=\"2025-09-15T11:59:56+00:00\" \/>\n<meta property=\"og:image\" content=\"https:\/\/ehrbarsaal.at\/wp-content\/uploads\/2025\/06\/HD-Lied-Web-1080x1080-1.png\" \/>\n\t<meta property=\"og:image:width\" content=\"1080\" \/>\n\t<meta property=\"og:image:height\" content=\"1080\" \/>\n\t<meta property=\"og:image:type\" content=\"image\/png\" \/>\n<meta name=\"twitter:card\" content=\"summary_large_image\" \/>\n<script type=\"application\/ld+json\" class=\"yoast-schema-graph\">{\"@context\":\"https:\/\/schema.org\",\"@graph\":[{\"@type\":\"WebPage\",\"@id\":\"https:\/\/ehrbarsaal.at\/konzerte\/5-internationaler-helmut-deutsch-liedwettbewerb\/\",\"url\":\"https:\/\/ehrbarsaal.at\/konzerte\/5-internationaler-helmut-deutsch-liedwettbewerb\/\",\"name\":\"5.&nbsp;In&shy;ter&shy;na&shy;ti&shy;o&shy;nal&shy;er Helmut Deutsch Liedwettbewerb - Ehrbar Saal\",\"isPartOf\":{\"@id\":\"https:\/\/ehrbarsaal.at\/#website\"},\"primaryImageOfPage\":{\"@id\":\"https:\/\/ehrbarsaal.at\/konzerte\/5-internationaler-helmut-deutsch-liedwettbewerb\/#primaryimage\"},\"image\":{\"@id\":\"https:\/\/ehrbarsaal.at\/konzerte\/5-internationaler-helmut-deutsch-liedwettbewerb\/#primaryimage\"},\"thumbnailUrl\":\"https:\/\/ehrbarsaal.at\/wp-content\/uploads\/2025\/06\/HD-Lied-Web-1080x1080-1.png\",\"datePublished\":\"2025-05-10T13:10:44+00:00\",\"dateModified\":\"2025-09-15T11:59:56+00:00\",\"breadcrumb\":{\"@id\":\"https:\/\/ehrbarsaal.at\/konzerte\/5-internationaler-helmut-deutsch-liedwettbewerb\/#breadcrumb\"},\"inLanguage\":\"en-GB\",\"potentialAction\":[{\"@type\":\"ReadAction\",\"target\":[\"https:\/\/ehrbarsaal.at\/konzerte\/5-internationaler-helmut-deutsch-liedwettbewerb\/\"]}]},{\"@type\":\"ImageObject\",\"inLanguage\":\"en-GB\",\"@id\":\"https:\/\/ehrbarsaal.at\/konzerte\/5-internationaler-helmut-deutsch-liedwettbewerb\/#primaryimage\",\"url\":\"https:\/\/ehrbarsaal.at\/wp-content\/uploads\/2025\/06\/HD-Lied-Web-1080x1080-1.png\",\"contentUrl\":\"https:\/\/ehrbarsaal.at\/wp-content\/uploads\/2025\/06\/HD-Lied-Web-1080x1080-1.png\",\"width\":1080,\"height\":1080},{\"@type\":\"BreadcrumbList\",\"@id\":\"https:\/\/ehrbarsaal.at\/konzerte\/5-internationaler-helmut-deutsch-liedwettbewerb\/#breadcrumb\",\"itemListElement\":[{\"@type\":\"ListItem\",\"position\":1,\"name\":\"Startseite\",\"item\":\"https:\/\/ehrbarsaal.at\/\"},{\"@type\":\"ListItem\",\"position\":2,\"name\":\"Konzerte\",\"item\":\"https:\/\/ehrbarsaal.at\/konzert-archiv\/\"},{\"@type\":\"ListItem\",\"position\":3,\"name\":\"5.&nbsp;In&shy;ter&shy;na&shy;ti&shy;o&shy;nal&shy;er Helmut Deutsch Liedwettbewerb\"}]},{\"@type\":\"WebSite\",\"@id\":\"https:\/\/ehrbarsaal.at\/#website\",\"url\":\"https:\/\/ehrbarsaal.at\/\",\"name\":\"Ehrbar Saal\",\"description\":\"Willkommen beim Ehrbar Saal!\",\"publisher\":{\"@id\":\"https:\/\/ehrbarsaal.at\/#organization\"},\"potentialAction\":[{\"@type\":\"SearchAction\",\"target\":{\"@type\":\"EntryPoint\",\"urlTemplate\":\"https:\/\/ehrbarsaal.at\/?s={search_term_string}\"},\"query-input\":{\"@type\":\"PropertyValueSpecification\",\"valueRequired\":true,\"valueName\":\"search_term_string\"}}],\"inLanguage\":\"en-GB\"},{\"@type\":\"Organization\",\"@id\":\"https:\/\/ehrbarsaal.at\/#organization\",\"name\":\"Ehrbar Saal\",\"url\":\"https:\/\/ehrbarsaal.at\/\",\"logo\":{\"@type\":\"ImageObject\",\"inLanguage\":\"en-GB\",\"@id\":\"https:\/\/ehrbarsaal.at\/#\/schema\/logo\/image\/\",\"url\":\"https:\/\/ehrbarsaal.at\/wp-content\/uploads\/2023\/08\/Ehrbar_Logo.svg\",\"contentUrl\":\"https:\/\/ehrbarsaal.at\/wp-content\/uploads\/2023\/08\/Ehrbar_Logo.svg\",\"width\":\"1024\",\"height\":\"1024\",\"caption\":\"Ehrbar Saal\"},\"image\":{\"@id\":\"https:\/\/ehrbarsaal.at\/#\/schema\/logo\/image\/\"},\"sameAs\":[\"https:\/\/www.facebook.com\/EhrbarSaalWien\/\",\"https:\/\/www.instagram.com\/ehrbarsaal.wien\/\"]}]}<\/script>\n<!-- \/ Yoast SEO Premium plugin. -->","yoast_head_json":{"title":"5.&nbsp;In&shy;ter&shy;na&shy;ti&shy;o&shy;nal&shy;er Helmut Deutsch Liedwettbewerb - Ehrbar Saal","robots":{"index":"index","follow":"follow","max-snippet":"max-snippet:-1","max-image-preview":"max-image-preview:large","max-video-preview":"max-video-preview:-1"},"canonical":"https:\/\/ehrbarsaal.at\/en\/konzerte\/5-internationaler-helmut-deutsch-liedwettbewerb\/","og_locale":"en_GB","og_type":"article","og_title":"5.&nbsp;In&shy;ter&shy;na&shy;ti&shy;o&shy;nal&shy;er Helmut Deutsch Liedwettbewerb","og_url":"https:\/\/ehrbarsaal.at\/en\/konzerte\/5-internationaler-helmut-deutsch-liedwettbewerb\/","og_site_name":"Ehrbar Saal","article_publisher":"https:\/\/www.facebook.com\/EhrbarSaalWien\/","article_modified_time":"2025-09-15T11:59:56+00:00","og_image":[{"width":1080,"height":1080,"url":"https:\/\/ehrbarsaal.at\/wp-content\/uploads\/2025\/06\/HD-Lied-Web-1080x1080-1.png","type":"image\/png"}],"twitter_card":"summary_large_image","schema":{"@context":"https:\/\/schema.org","@graph":[{"@type":"WebPage","@id":"https:\/\/ehrbarsaal.at\/konzerte\/5-internationaler-helmut-deutsch-liedwettbewerb\/","url":"https:\/\/ehrbarsaal.at\/konzerte\/5-internationaler-helmut-deutsch-liedwettbewerb\/","name":"5.&nbsp;In&shy;ter&shy;na&shy;ti&shy;o&shy;nal&shy;er Helmut Deutsch Liedwettbewerb - Ehrbar Saal","isPartOf":{"@id":"https:\/\/ehrbarsaal.at\/#website"},"primaryImageOfPage":{"@id":"https:\/\/ehrbarsaal.at\/konzerte\/5-internationaler-helmut-deutsch-liedwettbewerb\/#primaryimage"},"image":{"@id":"https:\/\/ehrbarsaal.at\/konzerte\/5-internationaler-helmut-deutsch-liedwettbewerb\/#primaryimage"},"thumbnailUrl":"https:\/\/ehrbarsaal.at\/wp-content\/uploads\/2025\/06\/HD-Lied-Web-1080x1080-1.png","datePublished":"2025-05-10T13:10:44+00:00","dateModified":"2025-09-15T11:59:56+00:00","breadcrumb":{"@id":"https:\/\/ehrbarsaal.at\/konzerte\/5-internationaler-helmut-deutsch-liedwettbewerb\/#breadcrumb"},"inLanguage":"en-GB","potentialAction":[{"@type":"ReadAction","target":["https:\/\/ehrbarsaal.at\/konzerte\/5-internationaler-helmut-deutsch-liedwettbewerb\/"]}]},{"@type":"ImageObject","inLanguage":"en-GB","@id":"https:\/\/ehrbarsaal.at\/konzerte\/5-internationaler-helmut-deutsch-liedwettbewerb\/#primaryimage","url":"https:\/\/ehrbarsaal.at\/wp-content\/uploads\/2025\/06\/HD-Lied-Web-1080x1080-1.png","contentUrl":"https:\/\/ehrbarsaal.at\/wp-content\/uploads\/2025\/06\/HD-Lied-Web-1080x1080-1.png","width":1080,"height":1080},{"@type":"BreadcrumbList","@id":"https:\/\/ehrbarsaal.at\/konzerte\/5-internationaler-helmut-deutsch-liedwettbewerb\/#breadcrumb","itemListElement":[{"@type":"ListItem","position":1,"name":"Startseite","item":"https:\/\/ehrbarsaal.at\/"},{"@type":"ListItem","position":2,"name":"Konzerte","item":"https:\/\/ehrbarsaal.at\/konzert-archiv\/"},{"@type":"ListItem","position":3,"name":"5.&nbsp;In&shy;ter&shy;na&shy;ti&shy;o&shy;nal&shy;er Helmut Deutsch Liedwettbewerb"}]},{"@type":"WebSite","@id":"https:\/\/ehrbarsaal.at\/#website","url":"https:\/\/ehrbarsaal.at\/","name":"Ehrbar Saal","description":"Willkommen beim Ehrbar Saal!","publisher":{"@id":"https:\/\/ehrbarsaal.at\/#organization"},"potentialAction":[{"@type":"SearchAction","target":{"@type":"EntryPoint","urlTemplate":"https:\/\/ehrbarsaal.at\/?s={search_term_string}"},"query-input":{"@type":"PropertyValueSpecification","valueRequired":true,"valueName":"search_term_string"}}],"inLanguage":"en-GB"},{"@type":"Organization","@id":"https:\/\/ehrbarsaal.at\/#organization","name":"Ehrbar Saal","url":"https:\/\/ehrbarsaal.at\/","logo":{"@type":"ImageObject","inLanguage":"en-GB","@id":"https:\/\/ehrbarsaal.at\/#\/schema\/logo\/image\/","url":"https:\/\/ehrbarsaal.at\/wp-content\/uploads\/2023\/08\/Ehrbar_Logo.svg","contentUrl":"https:\/\/ehrbarsaal.at\/wp-content\/uploads\/2023\/08\/Ehrbar_Logo.svg","width":"1024","height":"1024","caption":"Ehrbar Saal"},"image":{"@id":"https:\/\/ehrbarsaal.at\/#\/schema\/logo\/image\/"},"sameAs":["https:\/\/www.facebook.com\/EhrbarSaalWien\/","https:\/\/www.instagram.com\/ehrbarsaal.wien\/"]}]}},"_links":{"self":[{"href":"https:\/\/ehrbarsaal.at\/en\/wp-json\/wp\/v2\/konzerte\/9326","targetHints":{"allow":["GET"]}}],"collection":[{"href":"https:\/\/ehrbarsaal.at\/en\/wp-json\/wp\/v2\/konzerte"}],"about":[{"href":"https:\/\/ehrbarsaal.at\/en\/wp-json\/wp\/v2\/types\/konzerte"}],"author":[{"embeddable":true,"href":"https:\/\/ehrbarsaal.at\/en\/wp-json\/wp\/v2\/users\/11"}],"version-history":[{"count":14,"href":"https:\/\/ehrbarsaal.at\/en\/wp-json\/wp\/v2\/konzerte\/9326\/revisions"}],"predecessor-version":[{"id":10805,"href":"https:\/\/ehrbarsaal.at\/en\/wp-json\/wp\/v2\/konzerte\/9326\/revisions\/10805"}],"wp:featuredmedia":[{"embeddable":true,"href":"https:\/\/ehrbarsaal.at\/en\/wp-json\/wp\/v2\/media\/9327"}],"wp:attachment":[{"href":"https:\/\/ehrbarsaal.at\/en\/wp-json\/wp\/v2\/media?parent=9326"}],"wp:term":[{"taxonomy":"category","embeddable":true,"href":"https:\/\/ehrbarsaal.at\/en\/wp-json\/wp\/v2\/categories?post=9326"},{"taxonomy":"post_tag","embeddable":true,"href":"https:\/\/ehrbarsaal.at\/en\/wp-json\/wp\/v2\/tags?post=9326"}],"curies":[{"name":"wp","href":"https:\/\/api.w.org\/{rel}","templated":true}]}}