{"id":8862,"date":"2025-03-27T18:37:14","date_gmt":"2025-03-27T18:37:14","guid":{"rendered":"https:\/\/ehrbarsaal.at\/?post_type=konzerte&#038;p=8862"},"modified":"2025-05-07T10:51:20","modified_gmt":"2025-05-07T10:51:20","slug":"beers-friends","status":"publish","type":"konzerte","link":"https:\/\/ehrbarsaal.at\/en\/konzerte\/beers-friends\/","title":{"rendered":"Beers &amp; Friends"},"content":{"rendered":"<div class=\"shariff shariff-align-left shariff-widget-align-left\" data-services=\"facebook\" data-url=\"https:\/\/ehrbarsaal.at\/en\/konzerte\/beers-friends\/\" data-timestamp=\"1746615080\" data-backendurl=\"https:\/\/ehrbarsaal.at\/en\/wp-json\/shariff\/v1\/share_counts?\"><div class=\"ShariffHeadline\">Share event<\/div><ul class=\"shariff-buttons theme-round orientation-horizontal buttonsize-medium\"><li class=\"shariff-button twitter\" style=\"background-color:#595959;border-radius:10%\"><a href=\"https:\/\/twitter.com\/share?url=https%3A%2F%2Fehrbarsaal.at%2Fen%2Fkonzerte%2Fbeers-friends%2F&text=Beers%20%26%20Friends\" title=\"Share at X\" aria-label=\"Share at X\" role=\"button\" rel=\"noopener nofollow\" class=\"shariff-link\" style=\";border-radius:10%; background-color:#ffffff; color:#fff\" target=\"_blank\"><span class=\"shariff-icon\" style=\"\"><svg width=\"32px\" height=\"20px\" xmlns=\"http:\/\/www.w3.org\/2000\/svg\" viewbox=\"0 0 24 24\"><path fill=\"#000\" d=\"M14.258 10.152L23.176 0h-2.113l-7.747 8.813L7.133 0H0l9.352 13.328L0 23.973h2.113l8.176-9.309 6.531 9.309h7.133zm-2.895 3.293l-.949-1.328L2.875 1.56h3.246l6.086 8.523.945 1.328 7.91 11.078h-3.246zm0 0\"\/><\/svg><\/span><\/a><\/li><li class=\"shariff-button facebook\" style=\"background-color:#4273c8;border-radius:10%\"><a href=\"https:\/\/www.facebook.com\/sharer\/sharer.php?u=https%3A%2F%2Fehrbarsaal.at%2Fen%2Fkonzerte%2Fbeers-friends%2F\" title=\"Share on Facebook\" aria-label=\"Share on Facebook\" role=\"button\" rel=\"nofollow\" class=\"shariff-link\" style=\";border-radius:10%; background-color:#ffffff; color:#fff\" target=\"_blank\"><span class=\"shariff-icon\" style=\"\"><svg width=\"32px\" height=\"20px\" xmlns=\"http:\/\/www.w3.org\/2000\/svg\" viewbox=\"0 0 18 32\"><path fill=\"#3b5998\" d=\"M17.1 0.2v4.7h-2.8q-1.5 0-2.1 0.6t-0.5 1.9v3.4h5.2l-0.7 5.3h-4.5v13.6h-5.5v-13.6h-4.5v-5.3h4.5v-3.9q0-3.3 1.9-5.2t5-1.8q2.6 0 4.1 0.2z\"\/><\/svg><\/span><\/a><\/li><li class=\"shariff-button mailto\" style=\"background-color:#a8a8a8;border-radius:10%\"><a href=\"mailto:?body=https%3A%2F%2Fehrbarsaal.at%2Fen%2Fkonzerte%2Fbeers-friends%2F&subject=Beers%20%26%20Friends\" title=\"Send by e-mail\" aria-label=\"Send by e-mail\" role=\"button\" rel=\"noopener nofollow\" class=\"shariff-link\" style=\";border-radius:10%; background-color:#ffffff; color:#fff\"><span class=\"shariff-icon\" style=\"\"><svg width=\"32px\" height=\"20px\" xmlns=\"http:\/\/www.w3.org\/2000\/svg\" viewbox=\"0 0 32 32\"><path fill=\"#999\" d=\"M32 12.7v14.2q0 1.2-0.8 2t-2 0.9h-26.3q-1.2 0-2-0.9t-0.8-2v-14.2q0.8 0.9 1.8 1.6 6.5 4.4 8.9 6.1 1 0.8 1.6 1.2t1.7 0.9 2 0.4h0.1q0.9 0 2-0.4t1.7-0.9 1.6-1.2q3-2.2 8.9-6.1 1-0.7 1.8-1.6zM32 7.4q0 1.4-0.9 2.7t-2.2 2.2q-6.7 4.7-8.4 5.8-0.2 0.1-0.7 0.5t-1 0.7-0.9 0.6-1.1 0.5-0.9 0.2h-0.1q-0.4 0-0.9-0.2t-1.1-0.5-0.9-0.6-1-0.7-0.7-0.5q-1.6-1.1-4.7-3.2t-3.6-2.6q-1.1-0.7-2.1-2t-1-2.5q0-1.4 0.7-2.3t2.1-0.9h26.3q1.2 0 2 0.8t0.9 2z\"\/><\/svg><\/span><\/a><\/li><li class=\"shariff-button whatsapp\" style=\"background-color:#5cbe4a;border-radius:10%\"><a href=\"https:\/\/api.whatsapp.com\/send?text=https%3A%2F%2Fehrbarsaal.at%2Fen%2Fkonzerte%2Fbeers-friends%2F%20Beers%20%26%20Friends\" title=\"Share on Whatsapp\" aria-label=\"Share on Whatsapp\" role=\"button\" rel=\"noopener nofollow\" class=\"shariff-link\" style=\";border-radius:10%; background-color:#ffffff; color:#fff\" target=\"_blank\"><span class=\"shariff-icon\" style=\"\"><svg width=\"32px\" height=\"20px\" xmlns=\"http:\/\/www.w3.org\/2000\/svg\" viewbox=\"0 0 32 32\"><path fill=\"#34af23\" d=\"M17.6 17.4q0.2 0 1.7 0.8t1.6 0.9q0 0.1 0 0.3 0 0.6-0.3 1.4-0.3 0.7-1.3 1.2t-1.8 0.5q-1 0-3.4-1.1-1.7-0.8-3-2.1t-2.6-3.3q-1.3-1.9-1.3-3.5v-0.1q0.1-1.6 1.3-2.8 0.4-0.4 0.9-0.4 0.1 0 0.3 0t0.3 0q0.3 0 0.5 0.1t0.3 0.5q0.1 0.4 0.6 1.6t0.4 1.3q0 0.4-0.6 1t-0.6 0.8q0 0.1 0.1 0.3 0.6 1.3 1.8 2.4 1 0.9 2.7 1.8 0.2 0.1 0.4 0.1 0.3 0 1-0.9t0.9-0.9zM14 26.9q2.3 0 4.3-0.9t3.6-2.4 2.4-3.6 0.9-4.3-0.9-4.3-2.4-3.6-3.6-2.4-4.3-0.9-4.3 0.9-3.6 2.4-2.4 3.6-0.9 4.3q0 3.6 2.1 6.6l-1.4 4.2 4.3-1.4q2.8 1.9 6.2 1.9zM14 2.2q2.7 0 5.2 1.1t4.3 2.9 2.9 4.3 1.1 5.2-1.1 5.2-2.9 4.3-4.3 2.9-5.2 1.1q-3.5 0-6.5-1.7l-7.4 2.4 2.4-7.2q-1.9-3.2-1.9-6.9 0-2.7 1.1-5.2t2.9-4.3 4.3-2.9 5.2-1.1z\"\/><\/svg><\/span><\/a><\/li><\/ul><\/div>","protected":false},"excerpt":{"rendered":"","protected":false},"author":11,"featured_media":8867,"template":"","categories":[],"tags":[],"class_list":["post-8862","konzerte","type-konzerte","status-publish","has-post-thumbnail","hentry"],"acf":{"subtitel":"The Butterfly Effect: A Synesthetic Journey of Flight, Freedom, and Feminine Strength","datum":"20250507","uhrzeit":"19:30 Uhr","ort":"Ehrbar Saal","konzertinfo":"<p class=\"kuenstlername\">Jean Beers <span class=\"kuenstlerfunktion\">Klavier, Komposition<\/span><br\/>\r\nLitsa Tunnah <span class=\"kuenstlerfunktion\">Violine<\/span><br\/>\r\nValentin Trandafir <span class=\"kuenstlerfunktion\">Tenor<\/span><br\/>\r\nRicardo Vendramin Ross <span class=\"kuenstlerfunktion\">Fl\u00f6te<\/span><br\/>\r\nLeonardo Dimoski <span class=\"kuenstlerfunktion\">Violine<\/span><br\/>\r\nn.n. <span class=\"kuenstlerfunktion\">Tanz\/Live-Painting<\/span><\/p>\r\n\r\n<details>\r\n<summary class=\"programmtitel\">Programm<\/summary>\r\n<p class=\"programm-kuenstler\">Jean Beers, Litsa Tunnah<\/p>\r\n<p class=\"programm-komponistin\">Lili Boulanger<\/p>\r\n<p class=\"stuecktitel\">Nocturne f\u00fcr Violine und Klavier<\/p>\r\n<p class=\"programm-komponistin\">Maurice Ravel<\/p>\r\n<p class=\"stuecktitel\">Sonate posthume f\u00fcr Violine und Klavier<\/p>\r\n<p class=\"programm-komponistin\">Jean Beers<\/p>\r\n<p class=\"stuecktitel\">Schmetterlinghaus f\u00fcr Violine und Klavier<\/p>\r\n<p class=\"programm-kuenstler\">Valentin Trandafir<\/p>\r\n<p class=\"programm-komponistin\"><i>Gemischter Satz<\/i><\/p>\r\n<p class=\"programm-komponistin\">Kurt Weil<\/p>\r\n<p class=\"stuecktitel\">Youkali: Tango Habanera<\/p>\r\n<p class=\"programm-komponistin\">Camilla Frydan<\/p>\r\n<p class=\"stuecktitel\">Remember gay Vienna<\/p>\r\n<p class=\"programm-komponistin\">Kurt Weil<\/p>\r\n<p class=\"stuecktitel\">Nanna's Lied<\/p>\r\n<p class=\"programm-komponistin\">Hans Hammerschmid<\/p>\r\n<p class=\"stuecktitel\">F\u00fcr mich soll's rote Rosen regnen<\/p>\r\n<p class=\"programm-komponistin\">Richard Strauss<\/p>\r\n<p class=\"stuecktitel\">Morgen<\/p>\r\n<p class=\"pause\">\u2013 Pause \u2013<\/p>\r\n<p class=\"programm-kuenstler\">Beers & Friends<\/p>\r\n<p class=\"stuecktitel\">Improvisation<\/p>\r\n<p class=\"programm-kuenstler\">Ricardo Vendramin Ross, Leonardo Dimoski, n.n.<\/p>\r\n<p class=\"programm-komponistin\"><i>Musik mit Bewegung und Farben<\/i><\/p>\r\n<p class=\"programm-komponistin\">Jean Beers<\/p>\r\n<p class=\"stuecktitel\">Spaziergang mit Zwiegespr\u00e4ch f\u00fcr Solo Violine<\/p>\r\n<p class=\"stuecktitel\">Vogelsang f\u00fcr Solo Fl\u00f6te<\/p>\r\n<p class=\"programm-kuenstler\">Jean Beers, Litsa Tunnah<\/p>\r\n<p class=\"programm-komponistin\">Sergei Prokofjew<\/p>\r\n<p class=\"stuecktitel\">Sonate Nr. 2 f\u00fcr Violin und Klavier<\/p>\r\n<p class=\"programm-komponistin\"><i>Zugabe<\/i><\/p>\r\n<p class=\"programm-komponistin\">James Francis Brown<\/p>\r\n<p class=\"stuecktitel\">The Heart's Grace<\/p>\r\n<p class=\"programm-komponistin\">Rachel Portman<\/p>\r\n<p class=\"stuecktitel\">Flight<\/p>\r\n<\/details>\r\n\r\n<p class=\"text\">Ein von Schmetterlingen inspiriertes Programm \u00fcber die Synergien zwischen Mensch und Natur sowie zwischen Komponistinnen und Komponisten. Die Musikerin Jean Beers und ihre Kolleg*innen nehmen Sie mit auf eine Reise, um innere Stimmen voller Farbphantasie zu entdecken, Traumbilder zu erleben und in diesen herausfordernden Zeiten Leichtigkeit und Lachen zu finden!<br\/>\r\nDas <em>Nocturne<\/em> von Lili Boulanger, der renommierten Kollegin und Zeitgenossin von Maurice Ravel, entf\u00fchrt uns in die Natur &ndash; die Sinne erwachen, und wir beginnen eine Reise der Farben durch die Musik, bevor wir Ravels Geburtsjahr mit diesem kleinen Juwel der Kammermusik feiern. Neben Lili Boulanger erklingen Werke von Jean Beers und Camila Frydan, die die kreative Handschrift von Komponistinnen im Laufe der Geschichte in den Fokus r\u00fccken.<br\/>\r\nVerwurzelt in der Chaostheorie beschreibt der Schmetterlingseffekt (butterfly effect), wie eine winzige Ver\u00e4nderung in den Anfangsphasen eines Systems \u00fcber die Zeit hinweg gewaltige, nichtlineare Konsequenzen an anderer Stelle haben kann. Die weibliche Stimme innerhalb der historischen Musikgeschichte war stets diese \u201ewinzige Ver\u00e4nderung\u201c, die dennoch \u00fcber Generationen hinweg zahlreiche Musiker*innen beeinflusst hat &ndash; und nun bereit ist, ihre Schmetterlingsfl\u00fcgel auszubreiten.\r\nGanz \u00e4hnlich spiegeln sich gemischte Gef\u00fchle im <em>Schmetterlinghaus Duo<\/em> von Jean Beers wider, in dem die Sch\u00f6nheit der gefl\u00fcgelten Wesen im Kontrast zu unserem Mitgef\u00fchl f\u00fcr die Anspannung des Eingesperrtseins in einem Schmetterlingshaus steht. Ebenso haben kreative Frauen in der Musik darum gek\u00e4mpft, sich frei zu entfalten und die Sch\u00f6nheit ihrer eigenen Fl\u00fcgel zu genie\u00dfen.<br\/>\r\nNach einem spritzigen und unterhaltsamen musikalischen \u201egemischten Satz\u201c \u00fcber Gay Pride im Wiener Kabarett tauchen wir in der zweiten Konzerth\u00e4lfte in die Welt eines syn\u00e4sthetischen Geistes ein \u2013 mit einer live entstehenden visuellen Umsetzung durch Malerei und Bewegung. Sergej Prokofjew beschlie\u00dft das Programm mit seinem Talent, Geschichten \u00fcber Menschlichkeit, Leben und Natur zu erz\u00e4hlen.<\/p>\r\n\r\n<p class=\"veranstalter\">Veranstaltet von Jean Beers, <a href=\"https:\/\/shop.eventjet.at\/de\/48aa4680-a2e7-479f-ad8d-e40a31a98018\/event\/e2bfe1b5-41bf-470f-be35-60b6e6cf693e\" target=\"_blank\">Tickets<\/a>.<\/p>\r\n\r\n\r\n","tickets_link":{"title":"","url":"https:\/\/shop.eventjet.at\/de\/48aa4680-a2e7-479f-ad8d-e40a31a98018\/event\/e2bfe1b5-41bf-470f-be35-60b6e6cf693e","target":"_blank"},"abendkassa":false,"freier_eintritt":false,"teaserbild_fur_liste":9124,"abgesagt":false,"ausverkauft":false,"mitwirkende":"","layoutnew":false,"veranstalter":"","werke-2":"","werke":"","tickets_text":""},"yoast_head":"<!-- This site is optimized with the Yoast SEO Premium plugin v28.3 (Yoast SEO v28.3) - https:\/\/yoast.com\/product\/yoast-seo-premium-wordpress\/ -->\n<title>Beers &amp; Friends - Ehrbar Saal<\/title>\n<meta name=\"robots\" content=\"index, follow, max-snippet:-1, max-image-preview:large, max-video-preview:-1\" \/>\n<link rel=\"canonical\" href=\"https:\/\/ehrbarsaal.at\/en\/konzerte\/beers-friends\/\" \/>\n<meta property=\"og:locale\" content=\"en_GB\" \/>\n<meta property=\"og:type\" content=\"article\" \/>\n<meta property=\"og:title\" content=\"Beers &amp; Friends\" \/>\n<meta property=\"og:url\" content=\"https:\/\/ehrbarsaal.at\/en\/konzerte\/beers-friends\/\" \/>\n<meta property=\"og:site_name\" content=\"Ehrbar Saal\" \/>\n<meta property=\"article:publisher\" content=\"https:\/\/www.facebook.com\/EhrbarSaalWien\/\" \/>\n<meta property=\"article:modified_time\" content=\"2025-05-07T10:51:20+00:00\" \/>\n<meta property=\"og:image\" content=\"https:\/\/ehrbarsaal.at\/wp-content\/uploads\/2025\/03\/Jean-Beers-1.jpg\" \/>\n\t<meta property=\"og:image:width\" content=\"1920\" \/>\n\t<meta property=\"og:image:height\" content=\"1280\" \/>\n\t<meta property=\"og:image:type\" content=\"image\/jpeg\" \/>\n<meta name=\"twitter:card\" content=\"summary_large_image\" \/>\n<script type=\"application\/ld+json\" class=\"yoast-schema-graph\">{\"@context\":\"https:\\\/\\\/schema.org\",\"@graph\":[{\"@type\":\"WebPage\",\"@id\":\"https:\\\/\\\/ehrbarsaal.at\\\/konzerte\\\/beers-friends\\\/\",\"url\":\"https:\\\/\\\/ehrbarsaal.at\\\/konzerte\\\/beers-friends\\\/\",\"name\":\"Beers & Friends - Ehrbar Saal\",\"isPartOf\":{\"@id\":\"https:\\\/\\\/ehrbarsaal.at\\\/#website\"},\"primaryImageOfPage\":{\"@id\":\"https:\\\/\\\/ehrbarsaal.at\\\/konzerte\\\/beers-friends\\\/#primaryimage\"},\"image\":{\"@id\":\"https:\\\/\\\/ehrbarsaal.at\\\/konzerte\\\/beers-friends\\\/#primaryimage\"},\"thumbnailUrl\":\"https:\\\/\\\/ehrbarsaal.at\\\/wp-content\\\/uploads\\\/2025\\\/03\\\/Jean-Beers-1.jpg\",\"datePublished\":\"2025-03-27T18:37:14+00:00\",\"dateModified\":\"2025-05-07T10:51:20+00:00\",\"breadcrumb\":{\"@id\":\"https:\\\/\\\/ehrbarsaal.at\\\/konzerte\\\/beers-friends\\\/#breadcrumb\"},\"inLanguage\":\"en-GB\",\"potentialAction\":[{\"@type\":\"ReadAction\",\"target\":[\"https:\\\/\\\/ehrbarsaal.at\\\/konzerte\\\/beers-friends\\\/\"]}]},{\"@type\":\"ImageObject\",\"inLanguage\":\"en-GB\",\"@id\":\"https:\\\/\\\/ehrbarsaal.at\\\/konzerte\\\/beers-friends\\\/#primaryimage\",\"url\":\"https:\\\/\\\/ehrbarsaal.at\\\/wp-content\\\/uploads\\\/2025\\\/03\\\/Jean-Beers-1.jpg\",\"contentUrl\":\"https:\\\/\\\/ehrbarsaal.at\\\/wp-content\\\/uploads\\\/2025\\\/03\\\/Jean-Beers-1.jpg\",\"width\":1920,\"height\":1280,\"caption\":\"Jean Beers \u00a9 Jaeho Park\"},{\"@type\":\"BreadcrumbList\",\"@id\":\"https:\\\/\\\/ehrbarsaal.at\\\/konzerte\\\/beers-friends\\\/#breadcrumb\",\"itemListElement\":[{\"@type\":\"ListItem\",\"position\":1,\"name\":\"Startseite\",\"item\":\"https:\\\/\\\/ehrbarsaal.at\\\/\"},{\"@type\":\"ListItem\",\"position\":2,\"name\":\"Konzerte\",\"item\":\"https:\\\/\\\/ehrbarsaal.at\\\/konzert-archiv\\\/\"},{\"@type\":\"ListItem\",\"position\":3,\"name\":\"Beers &#038; Friends\"}]},{\"@type\":\"WebSite\",\"@id\":\"https:\\\/\\\/ehrbarsaal.at\\\/#website\",\"url\":\"https:\\\/\\\/ehrbarsaal.at\\\/\",\"name\":\"Ehrbar Saal\",\"description\":\"Willkommen beim Ehrbar Saal!\",\"publisher\":{\"@id\":\"https:\\\/\\\/ehrbarsaal.at\\\/#organization\"},\"potentialAction\":[{\"@type\":\"SearchAction\",\"target\":{\"@type\":\"EntryPoint\",\"urlTemplate\":\"https:\\\/\\\/ehrbarsaal.at\\\/?s={search_term_string}\"},\"query-input\":{\"@type\":\"PropertyValueSpecification\",\"valueRequired\":true,\"valueName\":\"search_term_string\"}}],\"inLanguage\":\"en-GB\"},{\"@type\":\"Organization\",\"@id\":\"https:\\\/\\\/ehrbarsaal.at\\\/#organization\",\"name\":\"Ehrbar Saal\",\"url\":\"https:\\\/\\\/ehrbarsaal.at\\\/\",\"logo\":{\"@type\":\"ImageObject\",\"inLanguage\":\"en-GB\",\"@id\":\"https:\\\/\\\/ehrbarsaal.at\\\/#\\\/schema\\\/logo\\\/image\\\/\",\"url\":\"https:\\\/\\\/ehrbarsaal.at\\\/wp-content\\\/uploads\\\/2023\\\/08\\\/Ehrbar_Logo.svg\",\"contentUrl\":\"https:\\\/\\\/ehrbarsaal.at\\\/wp-content\\\/uploads\\\/2023\\\/08\\\/Ehrbar_Logo.svg\",\"width\":\"1024\",\"height\":\"1024\",\"caption\":\"Ehrbar Saal\"},\"image\":{\"@id\":\"https:\\\/\\\/ehrbarsaal.at\\\/#\\\/schema\\\/logo\\\/image\\\/\"},\"sameAs\":[\"https:\\\/\\\/www.facebook.com\\\/EhrbarSaalWien\\\/\",\"https:\\\/\\\/www.instagram.com\\\/ehrbarsaal.wien\\\/\"]}]}<\/script>\n<!-- \/ Yoast SEO Premium plugin. -->","yoast_head_json":{"title":"Beers & Friends - Ehrbar Saal","robots":{"index":"index","follow":"follow","max-snippet":"max-snippet:-1","max-image-preview":"max-image-preview:large","max-video-preview":"max-video-preview:-1"},"canonical":"https:\/\/ehrbarsaal.at\/en\/konzerte\/beers-friends\/","og_locale":"en_GB","og_type":"article","og_title":"Beers & Friends","og_url":"https:\/\/ehrbarsaal.at\/en\/konzerte\/beers-friends\/","og_site_name":"Ehrbar Saal","article_publisher":"https:\/\/www.facebook.com\/EhrbarSaalWien\/","article_modified_time":"2025-05-07T10:51:20+00:00","og_image":[{"width":1920,"height":1280,"url":"https:\/\/ehrbarsaal.at\/wp-content\/uploads\/2025\/03\/Jean-Beers-1.jpg","type":"image\/jpeg"}],"twitter_card":"summary_large_image","schema":{"@context":"https:\/\/schema.org","@graph":[{"@type":"WebPage","@id":"https:\/\/ehrbarsaal.at\/konzerte\/beers-friends\/","url":"https:\/\/ehrbarsaal.at\/konzerte\/beers-friends\/","name":"Beers & Friends - Ehrbar Saal","isPartOf":{"@id":"https:\/\/ehrbarsaal.at\/#website"},"primaryImageOfPage":{"@id":"https:\/\/ehrbarsaal.at\/konzerte\/beers-friends\/#primaryimage"},"image":{"@id":"https:\/\/ehrbarsaal.at\/konzerte\/beers-friends\/#primaryimage"},"thumbnailUrl":"https:\/\/ehrbarsaal.at\/wp-content\/uploads\/2025\/03\/Jean-Beers-1.jpg","datePublished":"2025-03-27T18:37:14+00:00","dateModified":"2025-05-07T10:51:20+00:00","breadcrumb":{"@id":"https:\/\/ehrbarsaal.at\/konzerte\/beers-friends\/#breadcrumb"},"inLanguage":"en-GB","potentialAction":[{"@type":"ReadAction","target":["https:\/\/ehrbarsaal.at\/konzerte\/beers-friends\/"]}]},{"@type":"ImageObject","inLanguage":"en-GB","@id":"https:\/\/ehrbarsaal.at\/konzerte\/beers-friends\/#primaryimage","url":"https:\/\/ehrbarsaal.at\/wp-content\/uploads\/2025\/03\/Jean-Beers-1.jpg","contentUrl":"https:\/\/ehrbarsaal.at\/wp-content\/uploads\/2025\/03\/Jean-Beers-1.jpg","width":1920,"height":1280,"caption":"Jean Beers \u00a9 Jaeho Park"},{"@type":"BreadcrumbList","@id":"https:\/\/ehrbarsaal.at\/konzerte\/beers-friends\/#breadcrumb","itemListElement":[{"@type":"ListItem","position":1,"name":"Startseite","item":"https:\/\/ehrbarsaal.at\/"},{"@type":"ListItem","position":2,"name":"Konzerte","item":"https:\/\/ehrbarsaal.at\/konzert-archiv\/"},{"@type":"ListItem","position":3,"name":"Beers &#038; Friends"}]},{"@type":"WebSite","@id":"https:\/\/ehrbarsaal.at\/#website","url":"https:\/\/ehrbarsaal.at\/","name":"Ehrbar Saal","description":"Willkommen beim Ehrbar Saal!","publisher":{"@id":"https:\/\/ehrbarsaal.at\/#organization"},"potentialAction":[{"@type":"SearchAction","target":{"@type":"EntryPoint","urlTemplate":"https:\/\/ehrbarsaal.at\/?s={search_term_string}"},"query-input":{"@type":"PropertyValueSpecification","valueRequired":true,"valueName":"search_term_string"}}],"inLanguage":"en-GB"},{"@type":"Organization","@id":"https:\/\/ehrbarsaal.at\/#organization","name":"Ehrbar Saal","url":"https:\/\/ehrbarsaal.at\/","logo":{"@type":"ImageObject","inLanguage":"en-GB","@id":"https:\/\/ehrbarsaal.at\/#\/schema\/logo\/image\/","url":"https:\/\/ehrbarsaal.at\/wp-content\/uploads\/2023\/08\/Ehrbar_Logo.svg","contentUrl":"https:\/\/ehrbarsaal.at\/wp-content\/uploads\/2023\/08\/Ehrbar_Logo.svg","width":"1024","height":"1024","caption":"Ehrbar Saal"},"image":{"@id":"https:\/\/ehrbarsaal.at\/#\/schema\/logo\/image\/"},"sameAs":["https:\/\/www.facebook.com\/EhrbarSaalWien\/","https:\/\/www.instagram.com\/ehrbarsaal.wien\/"]}]}},"_links":{"self":[{"href":"https:\/\/ehrbarsaal.at\/en\/wp-json\/wp\/v2\/konzerte\/8862","targetHints":{"allow":["GET"]}}],"collection":[{"href":"https:\/\/ehrbarsaal.at\/en\/wp-json\/wp\/v2\/konzerte"}],"about":[{"href":"https:\/\/ehrbarsaal.at\/en\/wp-json\/wp\/v2\/types\/konzerte"}],"author":[{"embeddable":true,"href":"https:\/\/ehrbarsaal.at\/en\/wp-json\/wp\/v2\/users\/11"}],"version-history":[{"count":9,"href":"https:\/\/ehrbarsaal.at\/en\/wp-json\/wp\/v2\/konzerte\/8862\/revisions"}],"predecessor-version":[{"id":9133,"href":"https:\/\/ehrbarsaal.at\/en\/wp-json\/wp\/v2\/konzerte\/8862\/revisions\/9133"}],"wp:featuredmedia":[{"embeddable":true,"href":"https:\/\/ehrbarsaal.at\/en\/wp-json\/wp\/v2\/media\/8867"}],"wp:attachment":[{"href":"https:\/\/ehrbarsaal.at\/en\/wp-json\/wp\/v2\/media?parent=8862"}],"wp:term":[{"taxonomy":"category","embeddable":true,"href":"https:\/\/ehrbarsaal.at\/en\/wp-json\/wp\/v2\/categories?post=8862"},{"taxonomy":"post_tag","embeddable":true,"href":"https:\/\/ehrbarsaal.at\/en\/wp-json\/wp\/v2\/tags?post=8862"}],"curies":[{"name":"wp","href":"https:\/\/api.w.org\/{rel}","templated":true}]}}