{"id":8670,"date":"2025-03-06T09:34:16","date_gmt":"2025-03-06T09:34:16","guid":{"rendered":"https:\/\/ehrbarsaal.at\/?post_type=konzerte&#038;p=8670"},"modified":"2025-03-06T14:47:26","modified_gmt":"2025-03-06T14:47:26","slug":"vienna-1900-musik-aus-einer-versunkenen-welt","status":"publish","type":"konzerte","link":"https:\/\/ehrbarsaal.at\/en\/konzerte\/vienna-1900-musik-aus-einer-versunkenen-welt\/","title":{"rendered":"Vienna 1900 - Music from a lost world"},"content":{"rendered":"<div class=\"shariff shariff-align-left shariff-widget-align-left\" data-services=\"facebook\" data-url=\"https:\/\/ehrbarsaal.at\/en\/konzerte\/vienna-1900-musik-aus-einer-versunkenen-welt\/\" data-timestamp=\"1741272446\" data-backendurl=\"https:\/\/ehrbarsaal.at\/en\/wp-json\/shariff\/v1\/share_counts?\"><div class=\"ShariffHeadline\">Share event<\/div><ul class=\"shariff-buttons theme-round orientation-horizontal buttonsize-medium\"><li class=\"shariff-button twitter\" style=\"background-color:#595959;border-radius:10%\"><a href=\"https:\/\/twitter.com\/share?url=https%3A%2F%2Fehrbarsaal.at%2Fen%2Fkonzerte%2Fvienna-1900-musik-aus-einer-versunkenen-welt%2F&text=Vienna%201900%20%E2%80%93%20Musik%20aus%20einer%20versunkenen%20Welt\" title=\"Share at X\" aria-label=\"Share at X\" role=\"button\" rel=\"noopener nofollow\" class=\"shariff-link\" style=\";border-radius:10%; background-color:#ffffff; color:#fff\" target=\"_blank\"><span class=\"shariff-icon\" style=\"\"><svg width=\"32px\" height=\"20px\" xmlns=\"http:\/\/www.w3.org\/2000\/svg\" viewbox=\"0 0 24 24\"><path fill=\"#000\" d=\"M14.258 10.152L23.176 0h-2.113l-7.747 8.813L7.133 0H0l9.352 13.328L0 23.973h2.113l8.176-9.309 6.531 9.309h7.133zm-2.895 3.293l-.949-1.328L2.875 1.56h3.246l6.086 8.523.945 1.328 7.91 11.078h-3.246zm0 0\"\/><\/svg><\/span><\/a><\/li><li class=\"shariff-button facebook\" style=\"background-color:#4273c8;border-radius:10%\"><a href=\"https:\/\/www.facebook.com\/sharer\/sharer.php?u=https%3A%2F%2Fehrbarsaal.at%2Fen%2Fkonzerte%2Fvienna-1900-musik-aus-einer-versunkenen-welt%2F\" title=\"Share on Facebook\" aria-label=\"Share on Facebook\" role=\"button\" rel=\"nofollow\" class=\"shariff-link\" style=\";border-radius:10%; background-color:#ffffff; color:#fff\" target=\"_blank\"><span class=\"shariff-icon\" style=\"\"><svg width=\"32px\" height=\"20px\" xmlns=\"http:\/\/www.w3.org\/2000\/svg\" viewbox=\"0 0 18 32\"><path fill=\"#3b5998\" d=\"M17.1 0.2v4.7h-2.8q-1.5 0-2.1 0.6t-0.5 1.9v3.4h5.2l-0.7 5.3h-4.5v13.6h-5.5v-13.6h-4.5v-5.3h4.5v-3.9q0-3.3 1.9-5.2t5-1.8q2.6 0 4.1 0.2z\"\/><\/svg><\/span><\/a><\/li><li class=\"shariff-button mailto\" style=\"background-color:#a8a8a8;border-radius:10%\"><a href=\"mailto:?body=https%3A%2F%2Fehrbarsaal.at%2Fen%2Fkonzerte%2Fvienna-1900-musik-aus-einer-versunkenen-welt%2F&subject=Vienna%201900%20%E2%80%93%20Musik%20aus%20einer%20versunkenen%20Welt\" title=\"Send by e-mail\" aria-label=\"Send by e-mail\" role=\"button\" rel=\"noopener nofollow\" class=\"shariff-link\" style=\";border-radius:10%; background-color:#ffffff; color:#fff\"><span class=\"shariff-icon\" style=\"\"><svg width=\"32px\" height=\"20px\" xmlns=\"http:\/\/www.w3.org\/2000\/svg\" viewbox=\"0 0 32 32\"><path fill=\"#999\" d=\"M32 12.7v14.2q0 1.2-0.8 2t-2 0.9h-26.3q-1.2 0-2-0.9t-0.8-2v-14.2q0.8 0.9 1.8 1.6 6.5 4.4 8.9 6.1 1 0.8 1.6 1.2t1.7 0.9 2 0.4h0.1q0.9 0 2-0.4t1.7-0.9 1.6-1.2q3-2.2 8.9-6.1 1-0.7 1.8-1.6zM32 7.4q0 1.4-0.9 2.7t-2.2 2.2q-6.7 4.7-8.4 5.8-0.2 0.1-0.7 0.5t-1 0.7-0.9 0.6-1.1 0.5-0.9 0.2h-0.1q-0.4 0-0.9-0.2t-1.1-0.5-0.9-0.6-1-0.7-0.7-0.5q-1.6-1.1-4.7-3.2t-3.6-2.6q-1.1-0.7-2.1-2t-1-2.5q0-1.4 0.7-2.3t2.1-0.9h26.3q1.2 0 2 0.8t0.9 2z\"\/><\/svg><\/span><\/a><\/li><li class=\"shariff-button whatsapp\" style=\"background-color:#5cbe4a;border-radius:10%\"><a href=\"https:\/\/api.whatsapp.com\/send?text=https%3A%2F%2Fehrbarsaal.at%2Fen%2Fkonzerte%2Fvienna-1900-musik-aus-einer-versunkenen-welt%2F%20Vienna%201900%20%E2%80%93%20Musik%20aus%20einer%20versunkenen%20Welt\" title=\"Share on Whatsapp\" aria-label=\"Share on Whatsapp\" role=\"button\" rel=\"noopener nofollow\" class=\"shariff-link\" style=\";border-radius:10%; background-color:#ffffff; color:#fff\" target=\"_blank\"><span class=\"shariff-icon\" style=\"\"><svg width=\"32px\" height=\"20px\" xmlns=\"http:\/\/www.w3.org\/2000\/svg\" viewbox=\"0 0 32 32\"><path fill=\"#34af23\" d=\"M17.6 17.4q0.2 0 1.7 0.8t1.6 0.9q0 0.1 0 0.3 0 0.6-0.3 1.4-0.3 0.7-1.3 1.2t-1.8 0.5q-1 0-3.4-1.1-1.7-0.8-3-2.1t-2.6-3.3q-1.3-1.9-1.3-3.5v-0.1q0.1-1.6 1.3-2.8 0.4-0.4 0.9-0.4 0.1 0 0.3 0t0.3 0q0.3 0 0.5 0.1t0.3 0.5q0.1 0.4 0.6 1.6t0.4 1.3q0 0.4-0.6 1t-0.6 0.8q0 0.1 0.1 0.3 0.6 1.3 1.8 2.4 1 0.9 2.7 1.8 0.2 0.1 0.4 0.1 0.3 0 1-0.9t0.9-0.9zM14 26.9q2.3 0 4.3-0.9t3.6-2.4 2.4-3.6 0.9-4.3-0.9-4.3-2.4-3.6-3.6-2.4-4.3-0.9-4.3 0.9-3.6 2.4-2.4 3.6-0.9 4.3q0 3.6 2.1 6.6l-1.4 4.2 4.3-1.4q2.8 1.9 6.2 1.9zM14 2.2q2.7 0 5.2 1.1t4.3 2.9 2.9 4.3 1.1 5.2-1.1 5.2-2.9 4.3-4.3 2.9-5.2 1.1q-3.5 0-6.5-1.7l-7.4 2.4 2.4-7.2q-1.9-3.2-1.9-6.9 0-2.7 1.1-5.2t2.9-4.3 4.3-2.9 5.2-1.1z\"\/><\/svg><\/span><\/a><\/li><\/ul><\/div>","protected":false},"excerpt":{"rendered":"","protected":false},"author":11,"featured_media":8722,"template":"","categories":[],"tags":[],"class_list":["post-8670","konzerte","type-konzerte","status-publish","has-post-thumbnail","hentry"],"acf":{"subtitel":"Cello Expansion 2025","datum":"20250510","uhrzeit":"11:00 Uhr","ort":"Ehrbar Saal","konzertinfo":"<p class=\"kuenstlername\">Peter Hudler <span class=\"kuenstlerfunktion\">Violoncello<\/span><br\/>\r\nAndreas Teufel <span class=\"kuenstlerfunktion\">Klavier<\/span><\/p>\r\n\r\n<p class=\"programmtitel\">Programm<\/p>\r\n<p class=\"programm-komponistin\">Erwin Schulhoff<\/p>\r\n<p class=\"stuecktitel\">Sonate f\u00fcr Cello und Klavier, WV 35<\/p>\r\n<p class=\"programm-komponistin\">Anton Webern<\/p>\r\n<p class=\"stuecktitel\">2 St\u00fccke<\/p>\r\n<p class=\"programm-komponistin\">Zolt\u00e1n Kod\u00e1ly<\/p>\r\n<p class=\"stuecktitel\">Sonate f\u00fcr Cello und Klavier, Op.4<\/p>\r\n<p class=\"pause\">\u2013 Pause \u2013<\/p>\r\n<p class=\"programm-komponistin\">Anton Webern<\/p>\r\n<p class=\"stuecktitel\">Sonate f\u00fcr Violoncello und Klavier<\/p>\r\n<p class=\"stuecktitel\">3 St\u00fccke f\u00fcr Violoncello und Klavier, Op.11<\/p>\r\n<p class=\"programm-komponistin\">Johannes Brahms<\/p>\r\n<p class=\"stuecktitel\">Sonate in F-Dur, Op. 99<\/p>\r\n\r\n<p class=\"text\">Eine Kammermusik-Matinee im Zeichen der Musik der Wiener Moderne.<\/p>\r\n<p class=\"text\">Die Musikkultur in Wien um 1900 ist bekannt f\u00fcr ihre au\u00dfergew\u00f6hnliche Kreativit\u00e4t und Innovationskraft, als ein komplexes Ph\u00e4nomen, das von radikalen Ver\u00e4nderungen, aber auch von Kontinuit\u00e4ten mit der Vergangenheit gepr\u00e4gt war. Die Musik der \u201eversunkenen Welt\u201c des sp\u00e4ten Habsburgerreiches wurde von den verschiedenen Nationalit\u00e4ten beeinflusst, die in Wien zusammenkamen, dem Schmelztiegel des Kaiserreiches um die Jahrhundertwende, der f\u00fcr jenen gro\u00dfen kreativen Aufbruch in allen K\u00fcnsten und Wissenschaften sorgte, der Wien um diese Zeit zu einer der kulturell lebendigsten St\u00e4dte der Welt aufbl\u00fchen lie\u00df.<\/p>\r\n<details>\r\n<summary class=\"text\">An diesem Ort &hellip;<\/summary> <p class=\"text\">&hellip; hat sich schlie\u00dflich auch einer der gr\u00f6\u00dften und radikalsten Einschnitte der westlichen Musikgeschichte vollzogen, der &bdquo;Zusammenbruch der alten Ordnung&ldquo; der Tonalit\u00e4t, der Schritt in die freie Atonalit\u00e4t und die Suche nach einem neuen kompositorischen Bezugssystem. Dass dieser Schritt kein bewusst zerst\u00f6rerischer Akt, sondern eine als schmerzlich empfundene letzte Konsequenz aus den kompositorischen Entwicklungen des 19.&nbsp;Jahrhunderts wahrgenommen wurde, hat Arnold Sch\u00f6nberg in seinem Essay <em>Brahms the Progressive<\/em> deutlich gemacht.<\/p>\r\n<p class=\"text\">Mit Sicherheit bietet sich bei diesem Thema eine hoch spannende Auseinandersetzung mit der Frage, wie Freiheit und Ordnung, wie Konservativismus und Progressivit\u00e4t in der Kunst und auch im Leben in Verbindung stehen und sich wechselseitig bedingen sollen oder k\u00f6nnen.<\/p>\r\n<p class=\"text\">Die erste H\u00e4lfte des Konzerts stellt Werke damals noch junger, am Anfang ihrer Karriere stehender K\u00fcnstler vor, die aber bereits echte Meisterwerke schufen. Erwin Schulhoff repr\u00e4sentiert den tschechischen\/b\u00f6hmischen und j\u00fcdischen Einfluss, ein Wunderkind, dem man voraussagte, er werde der Mozart des 20. Jahrhunderts. Sein Leben endete jedoch fr\u00fch in Auschwitz. Seine Sonate von 1914 spiegelt Schulhoffs vielf\u00e4ltige musikalische Einfl\u00fcsse wider, darunter sp\u00e4tromantische Klangfarben und impressionistische Elemente. Anton Webern, der sp\u00e4ter als Teil der Zweiten Wiener Schule an der Spitze gro\u00dfer \u00e4sthetischer Umbr\u00fcche stand, schrieb zun\u00e4chst sp\u00e4tromantische Musik wie in den <em>2 St\u00fccken f\u00fcr Violoncello und Klavier<\/em> von 1899. Den radikalen Bruch mit der Tonalit\u00e4t, den er gemeinsam mit Arnold Sch\u00f6nberg vollzog, kann man exemplarisch in den hoch verdichteten Miniaturen der <em>3 St\u00fccke f\u00fcr Violoncello und Klavier<\/em> und in der <em>Sonate f\u00fcr Violoncello und Klavier<\/em> h\u00f6ren. Zolt\u00e1n Kod\u00e1ly aus Ungarn lie\u00df volksmusikalische und impressionistische Akzente einflie\u00dfen und gilt zusammen mit B\u00e9la Bart\u00f3k als einer der ersten Ethnomusikologen. Seine <em>Sonate Op. 4 f\u00fcr Violoncello und Klavier<\/em> ist ein wenig bekanntes, aber ausgezeichnetes Beispiel f\u00fcr seinen hoch interessanten musikalischen Stil.<\/p>\r\n<p class=\"text\">Die zweite H\u00e4lfte des Konzerts ist dem \u201eMentor\u201c, dem Vorbild, vielleicht sogar der alles \u00fcberstrahlenden \u201eVaterfigur\u201c Johannes Brahms gewidmet, der in Wien lebte und sowohl als musikalisch konservative Kraft wirkte als auch als fehlendes Bindeglied zwischen den klassischen Meistern wie Mozart und Beethoven und dem h\u00f6chst innovativen und \u00e4sthetisch disruptiven Werk von Arnold Sch\u00f6nberg und der Zweiten Wiener Schule diente. Seine <em>Sonate Op.&nbsp;99 in F-Dur<\/em> z\u00e4hlt zu den wichtigsten St\u00fccken f\u00fcr Violoncello und Klavier \u00fcberhaupt und ist ein absoluter H\u00f6hepunkt romantischer Kammermusikliteratur, der keine musikalischen W\u00fcnsche offen l\u00e4sst!<\/p><\/details>\r\n\r\n<p class=\"veranstalter\">Veranstaltet von <a href=\"https:\/\/www.celloexpansion.com\" target=\"_blank\">Cello Expansion<\/a>. <a href=\"https:\/\/www.celloexpansion.com\/events\/vienna-1900-musik-aus-einer-versunkenen-welt\" target=\"_blank\">Tickets und weitere Informationen<\/a><\/p>\r\n\r\n","tickets_link":{"title":"","url":"https:\/\/www.celloexpansion.com\/events\/vienna-1900-musik-aus-einer-versunkenen-welt","target":""},"abendkassa":true,"freier_eintritt":false,"teaserbild_fur_liste":8681,"abgesagt":false,"ausverkauft":false,"mitwirkende":"","layoutnew":false,"veranstalter":"","werke-2":"","werke":"","tickets_text":""},"yoast_head":"<!-- This site is optimized with the Yoast SEO Premium plugin v28.3 (Yoast SEO v28.3) - https:\/\/yoast.com\/product\/yoast-seo-premium-wordpress\/ -->\n<title>Vienna 1900 \u2013 Musik aus einer versunkenen Welt - Ehrbar Saal<\/title>\n<meta name=\"robots\" content=\"index, follow, max-snippet:-1, max-image-preview:large, max-video-preview:-1\" \/>\n<link rel=\"canonical\" href=\"https:\/\/ehrbarsaal.at\/en\/konzerte\/vienna-1900-musik-aus-einer-versunkenen-welt\/\" \/>\n<meta property=\"og:locale\" content=\"en_GB\" \/>\n<meta property=\"og:type\" content=\"article\" \/>\n<meta property=\"og:title\" content=\"Vienna 1900 \u2013 Musik aus einer versunkenen Welt\" \/>\n<meta property=\"og:url\" content=\"https:\/\/ehrbarsaal.at\/en\/konzerte\/vienna-1900-musik-aus-einer-versunkenen-welt\/\" \/>\n<meta property=\"og:site_name\" content=\"Ehrbar Saal\" \/>\n<meta property=\"article:publisher\" content=\"https:\/\/www.facebook.com\/EhrbarSaalWien\/\" \/>\n<meta property=\"article:modified_time\" content=\"2025-03-06T14:47:26+00:00\" \/>\n<meta property=\"og:image\" content=\"https:\/\/ehrbarsaal.at\/wp-content\/uploads\/2025\/03\/Peter-Hudler-Andreas-Teufel-Kopie.jpg\" \/>\n\t<meta property=\"og:image:width\" content=\"1080\" \/>\n\t<meta property=\"og:image:height\" content=\"1080\" \/>\n\t<meta property=\"og:image:type\" content=\"image\/jpeg\" \/>\n<meta name=\"twitter:card\" content=\"summary_large_image\" \/>\n<script type=\"application\/ld+json\" class=\"yoast-schema-graph\">{\"@context\":\"https:\\\/\\\/schema.org\",\"@graph\":[{\"@type\":\"WebPage\",\"@id\":\"https:\\\/\\\/ehrbarsaal.at\\\/konzerte\\\/vienna-1900-musik-aus-einer-versunkenen-welt\\\/\",\"url\":\"https:\\\/\\\/ehrbarsaal.at\\\/konzerte\\\/vienna-1900-musik-aus-einer-versunkenen-welt\\\/\",\"name\":\"Vienna 1900 \u2013 Musik aus einer versunkenen Welt - Ehrbar Saal\",\"isPartOf\":{\"@id\":\"https:\\\/\\\/ehrbarsaal.at\\\/#website\"},\"primaryImageOfPage\":{\"@id\":\"https:\\\/\\\/ehrbarsaal.at\\\/konzerte\\\/vienna-1900-musik-aus-einer-versunkenen-welt\\\/#primaryimage\"},\"image\":{\"@id\":\"https:\\\/\\\/ehrbarsaal.at\\\/konzerte\\\/vienna-1900-musik-aus-einer-versunkenen-welt\\\/#primaryimage\"},\"thumbnailUrl\":\"https:\\\/\\\/ehrbarsaal.at\\\/wp-content\\\/uploads\\\/2025\\\/03\\\/Peter-Hudler-Andreas-Teufel-Kopie.jpg\",\"datePublished\":\"2025-03-06T09:34:16+00:00\",\"dateModified\":\"2025-03-06T14:47:26+00:00\",\"breadcrumb\":{\"@id\":\"https:\\\/\\\/ehrbarsaal.at\\\/konzerte\\\/vienna-1900-musik-aus-einer-versunkenen-welt\\\/#breadcrumb\"},\"inLanguage\":\"en-GB\",\"potentialAction\":[{\"@type\":\"ReadAction\",\"target\":[\"https:\\\/\\\/ehrbarsaal.at\\\/konzerte\\\/vienna-1900-musik-aus-einer-versunkenen-welt\\\/\"]}]},{\"@type\":\"ImageObject\",\"inLanguage\":\"en-GB\",\"@id\":\"https:\\\/\\\/ehrbarsaal.at\\\/konzerte\\\/vienna-1900-musik-aus-einer-versunkenen-welt\\\/#primaryimage\",\"url\":\"https:\\\/\\\/ehrbarsaal.at\\\/wp-content\\\/uploads\\\/2025\\\/03\\\/Peter-Hudler-Andreas-Teufel-Kopie.jpg\",\"contentUrl\":\"https:\\\/\\\/ehrbarsaal.at\\\/wp-content\\\/uploads\\\/2025\\\/03\\\/Peter-Hudler-Andreas-Teufel-Kopie.jpg\",\"width\":1080,\"height\":1080,\"caption\":\"Peter Hudler \u00a9 Julia Wesely, Andreas Teufel \u00a9 Stephan Mussil\"},{\"@type\":\"BreadcrumbList\",\"@id\":\"https:\\\/\\\/ehrbarsaal.at\\\/konzerte\\\/vienna-1900-musik-aus-einer-versunkenen-welt\\\/#breadcrumb\",\"itemListElement\":[{\"@type\":\"ListItem\",\"position\":1,\"name\":\"Startseite\",\"item\":\"https:\\\/\\\/ehrbarsaal.at\\\/\"},{\"@type\":\"ListItem\",\"position\":2,\"name\":\"Konzerte\",\"item\":\"https:\\\/\\\/ehrbarsaal.at\\\/konzert-archiv\\\/\"},{\"@type\":\"ListItem\",\"position\":3,\"name\":\"Vienna 1900 \u2013 Musik aus einer versunkenen Welt\"}]},{\"@type\":\"WebSite\",\"@id\":\"https:\\\/\\\/ehrbarsaal.at\\\/#website\",\"url\":\"https:\\\/\\\/ehrbarsaal.at\\\/\",\"name\":\"Ehrbar Saal\",\"description\":\"Willkommen beim Ehrbar Saal!\",\"publisher\":{\"@id\":\"https:\\\/\\\/ehrbarsaal.at\\\/#organization\"},\"potentialAction\":[{\"@type\":\"SearchAction\",\"target\":{\"@type\":\"EntryPoint\",\"urlTemplate\":\"https:\\\/\\\/ehrbarsaal.at\\\/?s={search_term_string}\"},\"query-input\":{\"@type\":\"PropertyValueSpecification\",\"valueRequired\":true,\"valueName\":\"search_term_string\"}}],\"inLanguage\":\"en-GB\"},{\"@type\":\"Organization\",\"@id\":\"https:\\\/\\\/ehrbarsaal.at\\\/#organization\",\"name\":\"Ehrbar Saal\",\"url\":\"https:\\\/\\\/ehrbarsaal.at\\\/\",\"logo\":{\"@type\":\"ImageObject\",\"inLanguage\":\"en-GB\",\"@id\":\"https:\\\/\\\/ehrbarsaal.at\\\/#\\\/schema\\\/logo\\\/image\\\/\",\"url\":\"https:\\\/\\\/ehrbarsaal.at\\\/wp-content\\\/uploads\\\/2023\\\/08\\\/Ehrbar_Logo.svg\",\"contentUrl\":\"https:\\\/\\\/ehrbarsaal.at\\\/wp-content\\\/uploads\\\/2023\\\/08\\\/Ehrbar_Logo.svg\",\"width\":\"1024\",\"height\":\"1024\",\"caption\":\"Ehrbar Saal\"},\"image\":{\"@id\":\"https:\\\/\\\/ehrbarsaal.at\\\/#\\\/schema\\\/logo\\\/image\\\/\"},\"sameAs\":[\"https:\\\/\\\/www.facebook.com\\\/EhrbarSaalWien\\\/\",\"https:\\\/\\\/www.instagram.com\\\/ehrbarsaal.wien\\\/\"]}]}<\/script>\n<!-- \/ Yoast SEO Premium plugin. -->","yoast_head_json":{"title":"Vienna 1900 \u2013 Musik aus einer versunkenen Welt - Ehrbar Saal","robots":{"index":"index","follow":"follow","max-snippet":"max-snippet:-1","max-image-preview":"max-image-preview:large","max-video-preview":"max-video-preview:-1"},"canonical":"https:\/\/ehrbarsaal.at\/en\/konzerte\/vienna-1900-musik-aus-einer-versunkenen-welt\/","og_locale":"en_GB","og_type":"article","og_title":"Vienna 1900 \u2013 Musik aus einer versunkenen Welt","og_url":"https:\/\/ehrbarsaal.at\/en\/konzerte\/vienna-1900-musik-aus-einer-versunkenen-welt\/","og_site_name":"Ehrbar Saal","article_publisher":"https:\/\/www.facebook.com\/EhrbarSaalWien\/","article_modified_time":"2025-03-06T14:47:26+00:00","og_image":[{"width":1080,"height":1080,"url":"https:\/\/ehrbarsaal.at\/wp-content\/uploads\/2025\/03\/Peter-Hudler-Andreas-Teufel-Kopie.jpg","type":"image\/jpeg"}],"twitter_card":"summary_large_image","schema":{"@context":"https:\/\/schema.org","@graph":[{"@type":"WebPage","@id":"https:\/\/ehrbarsaal.at\/konzerte\/vienna-1900-musik-aus-einer-versunkenen-welt\/","url":"https:\/\/ehrbarsaal.at\/konzerte\/vienna-1900-musik-aus-einer-versunkenen-welt\/","name":"Vienna 1900 \u2013 Musik aus einer versunkenen Welt - Ehrbar Saal","isPartOf":{"@id":"https:\/\/ehrbarsaal.at\/#website"},"primaryImageOfPage":{"@id":"https:\/\/ehrbarsaal.at\/konzerte\/vienna-1900-musik-aus-einer-versunkenen-welt\/#primaryimage"},"image":{"@id":"https:\/\/ehrbarsaal.at\/konzerte\/vienna-1900-musik-aus-einer-versunkenen-welt\/#primaryimage"},"thumbnailUrl":"https:\/\/ehrbarsaal.at\/wp-content\/uploads\/2025\/03\/Peter-Hudler-Andreas-Teufel-Kopie.jpg","datePublished":"2025-03-06T09:34:16+00:00","dateModified":"2025-03-06T14:47:26+00:00","breadcrumb":{"@id":"https:\/\/ehrbarsaal.at\/konzerte\/vienna-1900-musik-aus-einer-versunkenen-welt\/#breadcrumb"},"inLanguage":"en-GB","potentialAction":[{"@type":"ReadAction","target":["https:\/\/ehrbarsaal.at\/konzerte\/vienna-1900-musik-aus-einer-versunkenen-welt\/"]}]},{"@type":"ImageObject","inLanguage":"en-GB","@id":"https:\/\/ehrbarsaal.at\/konzerte\/vienna-1900-musik-aus-einer-versunkenen-welt\/#primaryimage","url":"https:\/\/ehrbarsaal.at\/wp-content\/uploads\/2025\/03\/Peter-Hudler-Andreas-Teufel-Kopie.jpg","contentUrl":"https:\/\/ehrbarsaal.at\/wp-content\/uploads\/2025\/03\/Peter-Hudler-Andreas-Teufel-Kopie.jpg","width":1080,"height":1080,"caption":"Peter Hudler \u00a9 Julia Wesely, Andreas Teufel \u00a9 Stephan Mussil"},{"@type":"BreadcrumbList","@id":"https:\/\/ehrbarsaal.at\/konzerte\/vienna-1900-musik-aus-einer-versunkenen-welt\/#breadcrumb","itemListElement":[{"@type":"ListItem","position":1,"name":"Startseite","item":"https:\/\/ehrbarsaal.at\/"},{"@type":"ListItem","position":2,"name":"Konzerte","item":"https:\/\/ehrbarsaal.at\/konzert-archiv\/"},{"@type":"ListItem","position":3,"name":"Vienna 1900 \u2013 Musik aus einer versunkenen Welt"}]},{"@type":"WebSite","@id":"https:\/\/ehrbarsaal.at\/#website","url":"https:\/\/ehrbarsaal.at\/","name":"Ehrbar Saal","description":"Willkommen beim Ehrbar Saal!","publisher":{"@id":"https:\/\/ehrbarsaal.at\/#organization"},"potentialAction":[{"@type":"SearchAction","target":{"@type":"EntryPoint","urlTemplate":"https:\/\/ehrbarsaal.at\/?s={search_term_string}"},"query-input":{"@type":"PropertyValueSpecification","valueRequired":true,"valueName":"search_term_string"}}],"inLanguage":"en-GB"},{"@type":"Organization","@id":"https:\/\/ehrbarsaal.at\/#organization","name":"Ehrbar Saal","url":"https:\/\/ehrbarsaal.at\/","logo":{"@type":"ImageObject","inLanguage":"en-GB","@id":"https:\/\/ehrbarsaal.at\/#\/schema\/logo\/image\/","url":"https:\/\/ehrbarsaal.at\/wp-content\/uploads\/2023\/08\/Ehrbar_Logo.svg","contentUrl":"https:\/\/ehrbarsaal.at\/wp-content\/uploads\/2023\/08\/Ehrbar_Logo.svg","width":"1024","height":"1024","caption":"Ehrbar Saal"},"image":{"@id":"https:\/\/ehrbarsaal.at\/#\/schema\/logo\/image\/"},"sameAs":["https:\/\/www.facebook.com\/EhrbarSaalWien\/","https:\/\/www.instagram.com\/ehrbarsaal.wien\/"]}]}},"_links":{"self":[{"href":"https:\/\/ehrbarsaal.at\/en\/wp-json\/wp\/v2\/konzerte\/8670","targetHints":{"allow":["GET"]}}],"collection":[{"href":"https:\/\/ehrbarsaal.at\/en\/wp-json\/wp\/v2\/konzerte"}],"about":[{"href":"https:\/\/ehrbarsaal.at\/en\/wp-json\/wp\/v2\/types\/konzerte"}],"author":[{"embeddable":true,"href":"https:\/\/ehrbarsaal.at\/en\/wp-json\/wp\/v2\/users\/11"}],"version-history":[{"count":9,"href":"https:\/\/ehrbarsaal.at\/en\/wp-json\/wp\/v2\/konzerte\/8670\/revisions"}],"predecessor-version":[{"id":8682,"href":"https:\/\/ehrbarsaal.at\/en\/wp-json\/wp\/v2\/konzerte\/8670\/revisions\/8682"}],"wp:featuredmedia":[{"embeddable":true,"href":"https:\/\/ehrbarsaal.at\/en\/wp-json\/wp\/v2\/media\/8722"}],"wp:attachment":[{"href":"https:\/\/ehrbarsaal.at\/en\/wp-json\/wp\/v2\/media?parent=8670"}],"wp:term":[{"taxonomy":"category","embeddable":true,"href":"https:\/\/ehrbarsaal.at\/en\/wp-json\/wp\/v2\/categories?post=8670"},{"taxonomy":"post_tag","embeddable":true,"href":"https:\/\/ehrbarsaal.at\/en\/wp-json\/wp\/v2\/tags?post=8670"}],"curies":[{"name":"wp","href":"https:\/\/api.w.org\/{rel}","templated":true}]}}