{"id":4232,"date":"2023-11-28T11:39:24","date_gmt":"2023-11-28T11:39:24","guid":{"rendered":"https:\/\/ehrbarsaal.at\/?post_type=konzerte&#038;p=4232"},"modified":"2024-09-02T15:37:16","modified_gmt":"2024-09-02T15:37:16","slug":"mitra-kotte","status":"publish","type":"konzerte","link":"https:\/\/ehrbarsaal.at\/en\/konzerte\/mitra-kotte\/","title":{"rendered":"MITRA KOTTE"},"content":{"rendered":"<div class=\"shariff shariff-align-left shariff-widget-align-left\" data-services=\"facebook\" data-url=\"https:\/\/ehrbarsaal.at\/en\/konzerte\/mitra-kotte\/\" data-timestamp=\"1725291436\" data-backendurl=\"https:\/\/ehrbarsaal.at\/en\/wp-json\/shariff\/v1\/share_counts?\"><div class=\"ShariffHeadline\">Share event<\/div><ul class=\"shariff-buttons theme-round orientation-horizontal buttonsize-medium\"><li class=\"shariff-button twitter\" style=\"background-color:#595959;border-radius:10%\"><a href=\"https:\/\/twitter.com\/share?url=https%3A%2F%2Fehrbarsaal.at%2Fen%2Fkonzerte%2Fmitra-kotte%2F&text=MITRA%20KOTTE\" title=\"Share at X\" aria-label=\"Share at X\" role=\"button\" rel=\"noopener nofollow\" class=\"shariff-link\" style=\";border-radius:10%; background-color:#ffffff; color:#fff\" target=\"_blank\"><span class=\"shariff-icon\" style=\"\"><svg width=\"32px\" height=\"20px\" xmlns=\"http:\/\/www.w3.org\/2000\/svg\" viewbox=\"0 0 24 24\"><path fill=\"#000\" d=\"M14.258 10.152L23.176 0h-2.113l-7.747 8.813L7.133 0H0l9.352 13.328L0 23.973h2.113l8.176-9.309 6.531 9.309h7.133zm-2.895 3.293l-.949-1.328L2.875 1.56h3.246l6.086 8.523.945 1.328 7.91 11.078h-3.246zm0 0\"\/><\/svg><\/span><\/a><\/li><li class=\"shariff-button facebook\" style=\"background-color:#4273c8;border-radius:10%\"><a href=\"https:\/\/www.facebook.com\/sharer\/sharer.php?u=https%3A%2F%2Fehrbarsaal.at%2Fen%2Fkonzerte%2Fmitra-kotte%2F\" title=\"Share on Facebook\" aria-label=\"Share on Facebook\" role=\"button\" rel=\"nofollow\" class=\"shariff-link\" style=\";border-radius:10%; background-color:#ffffff; color:#fff\" target=\"_blank\"><span class=\"shariff-icon\" style=\"\"><svg width=\"32px\" height=\"20px\" xmlns=\"http:\/\/www.w3.org\/2000\/svg\" viewbox=\"0 0 18 32\"><path fill=\"#3b5998\" d=\"M17.1 0.2v4.7h-2.8q-1.5 0-2.1 0.6t-0.5 1.9v3.4h5.2l-0.7 5.3h-4.5v13.6h-5.5v-13.6h-4.5v-5.3h4.5v-3.9q0-3.3 1.9-5.2t5-1.8q2.6 0 4.1 0.2z\"\/><\/svg><\/span><\/a><\/li><li class=\"shariff-button mailto\" style=\"background-color:#a8a8a8;border-radius:10%\"><a href=\"mailto:?body=https%3A%2F%2Fehrbarsaal.at%2Fen%2Fkonzerte%2Fmitra-kotte%2F&subject=MITRA%20KOTTE\" title=\"Send by e-mail\" aria-label=\"Send by e-mail\" role=\"button\" rel=\"noopener nofollow\" class=\"shariff-link\" style=\";border-radius:10%; background-color:#ffffff; color:#fff\"><span class=\"shariff-icon\" style=\"\"><svg width=\"32px\" height=\"20px\" xmlns=\"http:\/\/www.w3.org\/2000\/svg\" viewbox=\"0 0 32 32\"><path fill=\"#999\" d=\"M32 12.7v14.2q0 1.2-0.8 2t-2 0.9h-26.3q-1.2 0-2-0.9t-0.8-2v-14.2q0.8 0.9 1.8 1.6 6.5 4.4 8.9 6.1 1 0.8 1.6 1.2t1.7 0.9 2 0.4h0.1q0.9 0 2-0.4t1.7-0.9 1.6-1.2q3-2.2 8.9-6.1 1-0.7 1.8-1.6zM32 7.4q0 1.4-0.9 2.7t-2.2 2.2q-6.7 4.7-8.4 5.8-0.2 0.1-0.7 0.5t-1 0.7-0.9 0.6-1.1 0.5-0.9 0.2h-0.1q-0.4 0-0.9-0.2t-1.1-0.5-0.9-0.6-1-0.7-0.7-0.5q-1.6-1.1-4.7-3.2t-3.6-2.6q-1.1-0.7-2.1-2t-1-2.5q0-1.4 0.7-2.3t2.1-0.9h26.3q1.2 0 2 0.8t0.9 2z\"\/><\/svg><\/span><\/a><\/li><li class=\"shariff-button whatsapp\" style=\"background-color:#5cbe4a;border-radius:10%\"><a href=\"https:\/\/api.whatsapp.com\/send?text=https%3A%2F%2Fehrbarsaal.at%2Fen%2Fkonzerte%2Fmitra-kotte%2F%20MITRA%20KOTTE\" title=\"Share on Whatsapp\" aria-label=\"Share on Whatsapp\" role=\"button\" rel=\"noopener nofollow\" class=\"shariff-link\" style=\";border-radius:10%; background-color:#ffffff; color:#fff\" target=\"_blank\"><span class=\"shariff-icon\" style=\"\"><svg width=\"32px\" height=\"20px\" xmlns=\"http:\/\/www.w3.org\/2000\/svg\" viewbox=\"0 0 32 32\"><path fill=\"#34af23\" d=\"M17.6 17.4q0.2 0 1.7 0.8t1.6 0.9q0 0.1 0 0.3 0 0.6-0.3 1.4-0.3 0.7-1.3 1.2t-1.8 0.5q-1 0-3.4-1.1-1.7-0.8-3-2.1t-2.6-3.3q-1.3-1.9-1.3-3.5v-0.1q0.1-1.6 1.3-2.8 0.4-0.4 0.9-0.4 0.1 0 0.3 0t0.3 0q0.3 0 0.5 0.1t0.3 0.5q0.1 0.4 0.6 1.6t0.4 1.3q0 0.4-0.6 1t-0.6 0.8q0 0.1 0.1 0.3 0.6 1.3 1.8 2.4 1 0.9 2.7 1.8 0.2 0.1 0.4 0.1 0.3 0 1-0.9t0.9-0.9zM14 26.9q2.3 0 4.3-0.9t3.6-2.4 2.4-3.6 0.9-4.3-0.9-4.3-2.4-3.6-3.6-2.4-4.3-0.9-4.3 0.9-3.6 2.4-2.4 3.6-0.9 4.3q0 3.6 2.1 6.6l-1.4 4.2 4.3-1.4q2.8 1.9 6.2 1.9zM14 2.2q2.7 0 5.2 1.1t4.3 2.9 2.9 4.3 1.1 5.2-1.1 5.2-2.9 4.3-4.3 2.9-5.2 1.1q-3.5 0-6.5-1.7l-7.4 2.4 2.4-7.2q-1.9-3.2-1.9-6.9 0-2.7 1.1-5.2t2.9-4.3 4.3-2.9 5.2-1.1z\"\/><\/svg><\/span><\/a><\/li><\/ul><\/div>","protected":false},"excerpt":{"rendered":"","protected":false},"author":5,"featured_media":4233,"template":"","categories":[],"tags":[],"class_list":["post-4232","konzerte","type-konzerte","status-publish","has-post-thumbnail","hentry"],"acf":{"subtitel":"C. BECHSTEIN KLAVIERABENDE ","datum":"20240229","uhrzeit":"19:00 Uhr ","ort":"Ehrbar Saal","konzertinfo":"Mitra Kotte, in Wien geboren, ist als Solistin wie auch als Kammermusikerin mehrfache Preistr\u00e4gerin nationaler und internationaler Wettbewerbe: MozARTe Aachen, Benjamin-Preis der Wolfgang Boesch Privatstiftung, Zhuhai International Mozart Competition for Young Musicians, China, Musica Juventutis Wien, Internationaler Klavierwettbewerb Ettlingen. Wiederholt wurde sie insbesondere f\u00fcr die Interpretation klassischer Werke ausgezeichnet, so mit dem Haydn-Preis oder dem F\u00f6rderpreis der Stiftung Margaretha Schenk f\u00fcr junge K\u00fcnstlerinnen und K\u00fcnstler durch die Mozartgemeinde Wien. Bereits in ihrer Jugend erhielt sie zahlreiche Preise und Auszeichnungen (u.a. Rosario Marciano Piano Competition, M\u00fcnchner Klavierpodium, Jen\u00f6 Tak\u00e1cs Klavierwettbewerb).\r\n\r\nF\u00fcr die Saison 2022\/23 wurde sie zum \u201eFeatured Artist\u201c der Jeunesse-musik.erleben ausgew\u00e4hlt. H\u00f6hepunkt dieser Auszeichnung ist ihr Auftritt mit R. Schumanns Klavierkonzert in a-moll, Op. 54 gemeinsam mit dem Wiener Jeunesse Orchester im Gro\u00dfen Saal des Wiener Musikvereins. Unter anderem ist sie in dieser Saison auch bei ihrem Deb\u00fct im Brucknerhaus Linz in der Reihe WortKlang, in der Reihe Musik und Dichtung im Wiener Konzerthaus und in der Reihe Wort Musik I im Wiener Musikverein zu h\u00f6ren. In der vergangenen Saison spielte sie unter anderem gemeinsam mit der Webern Kammerphilharmonie L. v. Beethovens Klavierkonzert Nr. 3 im Wiener Konzerthaus und trat beim Festival Ljubljana und bei den O\u00d6 Stiftskonzerten auf. In der Saison 2015\/16 deb\u00fctierte sie bereits bei der Gesellschaft der Musikfreunde, mit einem Klavierabend im Gl\u00e4sernen Saal des Wiener Musikvereins. In derselben Saison trat sie beim Liszt Festival in Raiding auf. Sie konzertierte ebenso f\u00fcr die Internationale Chopingesellschaft, die Beethoven Gesellschaft Wien und die Cziffra-Stiftung. Konzertreisen f\u00fchrten sie zudem in zahlreiche L\u00e4nder Europas, nach Asien, Afrika und in die USA. Sie musizierte gemeinsam mit dem Tehran Symphony Orchestra (S. Rachmaninov, 2. Klavierkonzert), mit dem Dohn\u00e1nyi Sinfonie Orchester (W. A. Mozart Klavierkonzert in c-moll, KV 491) mit der Jungen Philharmonie Wien (W. A. Mozart, Klavierkonzert d-moll KV 466) und den Salzburg Chamber Soloists (W. A. Mozart, Klavierkonzert Es-Dur KV 271).\r\n\r\nDen ersten Klavierunterricht erhielt sie im Alter von vier Jahren. Schon fr\u00fch wechselte sie an die Universit\u00e4t f\u00fcr Musik und darstellende Kunst Wien, wo sie im Rahmen einer Ausbildung f\u00fcr hochbegabte Kinder und Jugendliche gef\u00f6rdert wurde. Ab 2012 studierte sie Klavier bei Martin Hughes an der Universit\u00e4t f\u00fcr Musik und darstellende Kunst Wien und seit 2021 MA Kammermusik bei Stefan Mendl. Im Studienjahr 2017\/2018 absolvierte sie zwei Auslandssemester bei Daejin Kim an der Korea National University of Arts in Seoul. Zu ihren Mentoren z\u00e4hlt auch Till Fellner.\r\n\r\nWeitere k\u00fcnstlerische Impulse erhielt sie durch Meisterkurse bei Lang Lang, Karl-Heinz K\u00e4mmerling, Maria Jo\u00e3o Pires, Oleg Maisenberg, Robert Levin, Paul Badura-Skoda, Jacques Rouvier, Elisso Virsaladze und Bernd Goetzke.","tickets_link":{"title":"Your tickets with Eventjet","url":"https:\/\/events.eventjet.at\/e\/c-bechstein-klavierabende-im-ehrbar-saal-wien-mitra-kotte\/","target":""},"abendkassa":false,"freier_eintritt":false,"teaserbild_fur_liste":4233,"abgesagt":false,"ausverkauft":false,"mitwirkende":"KLAVIER Mitra Kotte","layoutnew":false,"veranstalter":"","werke-2":"<div class=\"page\" title=\"Page 16\">\r\n<div class=\"section\">\r\n<div class=\"layoutArea\">\r\n<div class=\"column\">\r\n\r\nJOHANN SEBASTIAN BACH (1685-1750) I Franzo\u0308sische Suite Nr. 5 in G-Dur, BWV 816\r\n\r\nLUDWIG VAN BEETHOVEN (1770-1827) I Sonate in A-Dur, op. 2, Nr. 2\r\n\r\nPause\r\n\r\nFRE\u0301DE\u0301RIC CHOPIN (1810-1849) I Vier Balladen\r\nNr. 1 in g-moll, op. 23\r\nNr. 2 in F-Dur, op. 38\r\nNr. 3 in As-Dur, op. 47\r\nNr. 4 in f-moll, op. 52\r\n\r\n<\/div>\r\n<\/div>\r\n<\/div>\r\n<\/div>","werke":"","tickets_text":"Kategorie 1 - Normalpreis \u20ac 35,00\r\n\r\nKategorie 2 - Normalpreis \u20ac 25,00\r\n\r\nSch\u00fcler:innen\/Student:innen \u20ac 10,00"},"yoast_head":"<!-- This site is optimized with the Yoast SEO Premium plugin v28.3 (Yoast SEO v28.3) - https:\/\/yoast.com\/product\/yoast-seo-premium-wordpress\/ -->\n<title>MITRA KOTTE - Ehrbar Saal<\/title>\n<meta name=\"robots\" content=\"index, follow, max-snippet:-1, max-image-preview:large, max-video-preview:-1\" \/>\n<link rel=\"canonical\" href=\"https:\/\/ehrbarsaal.at\/en\/konzerte\/mitra-kotte\/\" \/>\n<meta property=\"og:locale\" content=\"en_GB\" \/>\n<meta property=\"og:type\" content=\"article\" \/>\n<meta property=\"og:title\" content=\"MITRA KOTTE\" \/>\n<meta property=\"og:url\" content=\"https:\/\/ehrbarsaal.at\/en\/konzerte\/mitra-kotte\/\" \/>\n<meta property=\"og:site_name\" content=\"Ehrbar Saal\" \/>\n<meta property=\"article:publisher\" content=\"https:\/\/www.facebook.com\/EhrbarSaalWien\/\" \/>\n<meta property=\"article:modified_time\" content=\"2024-09-02T15:37:16+00:00\" \/>\n<meta property=\"og:image\" content=\"https:\/\/ehrbarsaal.at\/wp-content\/uploads\/2023\/11\/240229_Mitra_Kotte__c__Andrej_Grilc-_Konzert.jpg\" \/>\n\t<meta property=\"og:image:width\" content=\"960\" \/>\n\t<meta property=\"og:image:height\" content=\"720\" \/>\n\t<meta property=\"og:image:type\" content=\"image\/jpeg\" \/>\n<meta name=\"twitter:card\" content=\"summary_large_image\" \/>\n<script type=\"application\/ld+json\" class=\"yoast-schema-graph\">{\"@context\":\"https:\\\/\\\/schema.org\",\"@graph\":[{\"@type\":\"WebPage\",\"@id\":\"https:\\\/\\\/ehrbarsaal.at\\\/konzerte\\\/mitra-kotte\\\/\",\"url\":\"https:\\\/\\\/ehrbarsaal.at\\\/konzerte\\\/mitra-kotte\\\/\",\"name\":\"MITRA KOTTE - Ehrbar Saal\",\"isPartOf\":{\"@id\":\"https:\\\/\\\/ehrbarsaal.at\\\/#website\"},\"primaryImageOfPage\":{\"@id\":\"https:\\\/\\\/ehrbarsaal.at\\\/konzerte\\\/mitra-kotte\\\/#primaryimage\"},\"image\":{\"@id\":\"https:\\\/\\\/ehrbarsaal.at\\\/konzerte\\\/mitra-kotte\\\/#primaryimage\"},\"thumbnailUrl\":\"https:\\\/\\\/ehrbarsaal.at\\\/wp-content\\\/uploads\\\/2023\\\/11\\\/240229_Mitra_Kotte__c__Andrej_Grilc-_Konzert.jpg\",\"datePublished\":\"2023-11-28T11:39:24+00:00\",\"dateModified\":\"2024-09-02T15:37:16+00:00\",\"breadcrumb\":{\"@id\":\"https:\\\/\\\/ehrbarsaal.at\\\/konzerte\\\/mitra-kotte\\\/#breadcrumb\"},\"inLanguage\":\"en-GB\",\"potentialAction\":[{\"@type\":\"ReadAction\",\"target\":[\"https:\\\/\\\/ehrbarsaal.at\\\/konzerte\\\/mitra-kotte\\\/\"]}]},{\"@type\":\"ImageObject\",\"inLanguage\":\"en-GB\",\"@id\":\"https:\\\/\\\/ehrbarsaal.at\\\/konzerte\\\/mitra-kotte\\\/#primaryimage\",\"url\":\"https:\\\/\\\/ehrbarsaal.at\\\/wp-content\\\/uploads\\\/2023\\\/11\\\/240229_Mitra_Kotte__c__Andrej_Grilc-_Konzert.jpg\",\"contentUrl\":\"https:\\\/\\\/ehrbarsaal.at\\\/wp-content\\\/uploads\\\/2023\\\/11\\\/240229_Mitra_Kotte__c__Andrej_Grilc-_Konzert.jpg\",\"width\":960,\"height\":720,\"caption\":\"Andrej Grilc\"},{\"@type\":\"BreadcrumbList\",\"@id\":\"https:\\\/\\\/ehrbarsaal.at\\\/konzerte\\\/mitra-kotte\\\/#breadcrumb\",\"itemListElement\":[{\"@type\":\"ListItem\",\"position\":1,\"name\":\"Startseite\",\"item\":\"https:\\\/\\\/ehrbarsaal.at\\\/\"},{\"@type\":\"ListItem\",\"position\":2,\"name\":\"Konzerte\",\"item\":\"https:\\\/\\\/ehrbarsaal.at\\\/konzert-archiv\\\/\"},{\"@type\":\"ListItem\",\"position\":3,\"name\":\"MITRA KOTTE\"}]},{\"@type\":\"WebSite\",\"@id\":\"https:\\\/\\\/ehrbarsaal.at\\\/#website\",\"url\":\"https:\\\/\\\/ehrbarsaal.at\\\/\",\"name\":\"Ehrbar Saal\",\"description\":\"Willkommen beim Ehrbar Saal!\",\"publisher\":{\"@id\":\"https:\\\/\\\/ehrbarsaal.at\\\/#organization\"},\"potentialAction\":[{\"@type\":\"SearchAction\",\"target\":{\"@type\":\"EntryPoint\",\"urlTemplate\":\"https:\\\/\\\/ehrbarsaal.at\\\/?s={search_term_string}\"},\"query-input\":{\"@type\":\"PropertyValueSpecification\",\"valueRequired\":true,\"valueName\":\"search_term_string\"}}],\"inLanguage\":\"en-GB\"},{\"@type\":\"Organization\",\"@id\":\"https:\\\/\\\/ehrbarsaal.at\\\/#organization\",\"name\":\"Ehrbar Saal\",\"url\":\"https:\\\/\\\/ehrbarsaal.at\\\/\",\"logo\":{\"@type\":\"ImageObject\",\"inLanguage\":\"en-GB\",\"@id\":\"https:\\\/\\\/ehrbarsaal.at\\\/#\\\/schema\\\/logo\\\/image\\\/\",\"url\":\"https:\\\/\\\/ehrbarsaal.at\\\/wp-content\\\/uploads\\\/2023\\\/08\\\/Ehrbar_Logo.svg\",\"contentUrl\":\"https:\\\/\\\/ehrbarsaal.at\\\/wp-content\\\/uploads\\\/2023\\\/08\\\/Ehrbar_Logo.svg\",\"width\":\"1024\",\"height\":\"1024\",\"caption\":\"Ehrbar Saal\"},\"image\":{\"@id\":\"https:\\\/\\\/ehrbarsaal.at\\\/#\\\/schema\\\/logo\\\/image\\\/\"},\"sameAs\":[\"https:\\\/\\\/www.facebook.com\\\/EhrbarSaalWien\\\/\",\"https:\\\/\\\/www.instagram.com\\\/ehrbarsaal.wien\\\/\"]}]}<\/script>\n<!-- \/ Yoast SEO Premium plugin. -->","yoast_head_json":{"title":"MITRA KOTTE - Ehrbar Saal","robots":{"index":"index","follow":"follow","max-snippet":"max-snippet:-1","max-image-preview":"max-image-preview:large","max-video-preview":"max-video-preview:-1"},"canonical":"https:\/\/ehrbarsaal.at\/en\/konzerte\/mitra-kotte\/","og_locale":"en_GB","og_type":"article","og_title":"MITRA KOTTE","og_url":"https:\/\/ehrbarsaal.at\/en\/konzerte\/mitra-kotte\/","og_site_name":"Ehrbar Saal","article_publisher":"https:\/\/www.facebook.com\/EhrbarSaalWien\/","article_modified_time":"2024-09-02T15:37:16+00:00","og_image":[{"width":960,"height":720,"url":"https:\/\/ehrbarsaal.at\/wp-content\/uploads\/2023\/11\/240229_Mitra_Kotte__c__Andrej_Grilc-_Konzert.jpg","type":"image\/jpeg"}],"twitter_card":"summary_large_image","schema":{"@context":"https:\/\/schema.org","@graph":[{"@type":"WebPage","@id":"https:\/\/ehrbarsaal.at\/konzerte\/mitra-kotte\/","url":"https:\/\/ehrbarsaal.at\/konzerte\/mitra-kotte\/","name":"MITRA KOTTE - Ehrbar Saal","isPartOf":{"@id":"https:\/\/ehrbarsaal.at\/#website"},"primaryImageOfPage":{"@id":"https:\/\/ehrbarsaal.at\/konzerte\/mitra-kotte\/#primaryimage"},"image":{"@id":"https:\/\/ehrbarsaal.at\/konzerte\/mitra-kotte\/#primaryimage"},"thumbnailUrl":"https:\/\/ehrbarsaal.at\/wp-content\/uploads\/2023\/11\/240229_Mitra_Kotte__c__Andrej_Grilc-_Konzert.jpg","datePublished":"2023-11-28T11:39:24+00:00","dateModified":"2024-09-02T15:37:16+00:00","breadcrumb":{"@id":"https:\/\/ehrbarsaal.at\/konzerte\/mitra-kotte\/#breadcrumb"},"inLanguage":"en-GB","potentialAction":[{"@type":"ReadAction","target":["https:\/\/ehrbarsaal.at\/konzerte\/mitra-kotte\/"]}]},{"@type":"ImageObject","inLanguage":"en-GB","@id":"https:\/\/ehrbarsaal.at\/konzerte\/mitra-kotte\/#primaryimage","url":"https:\/\/ehrbarsaal.at\/wp-content\/uploads\/2023\/11\/240229_Mitra_Kotte__c__Andrej_Grilc-_Konzert.jpg","contentUrl":"https:\/\/ehrbarsaal.at\/wp-content\/uploads\/2023\/11\/240229_Mitra_Kotte__c__Andrej_Grilc-_Konzert.jpg","width":960,"height":720,"caption":"Andrej Grilc"},{"@type":"BreadcrumbList","@id":"https:\/\/ehrbarsaal.at\/konzerte\/mitra-kotte\/#breadcrumb","itemListElement":[{"@type":"ListItem","position":1,"name":"Startseite","item":"https:\/\/ehrbarsaal.at\/"},{"@type":"ListItem","position":2,"name":"Konzerte","item":"https:\/\/ehrbarsaal.at\/konzert-archiv\/"},{"@type":"ListItem","position":3,"name":"MITRA KOTTE"}]},{"@type":"WebSite","@id":"https:\/\/ehrbarsaal.at\/#website","url":"https:\/\/ehrbarsaal.at\/","name":"Ehrbar Saal","description":"Willkommen beim Ehrbar Saal!","publisher":{"@id":"https:\/\/ehrbarsaal.at\/#organization"},"potentialAction":[{"@type":"SearchAction","target":{"@type":"EntryPoint","urlTemplate":"https:\/\/ehrbarsaal.at\/?s={search_term_string}"},"query-input":{"@type":"PropertyValueSpecification","valueRequired":true,"valueName":"search_term_string"}}],"inLanguage":"en-GB"},{"@type":"Organization","@id":"https:\/\/ehrbarsaal.at\/#organization","name":"Ehrbar Saal","url":"https:\/\/ehrbarsaal.at\/","logo":{"@type":"ImageObject","inLanguage":"en-GB","@id":"https:\/\/ehrbarsaal.at\/#\/schema\/logo\/image\/","url":"https:\/\/ehrbarsaal.at\/wp-content\/uploads\/2023\/08\/Ehrbar_Logo.svg","contentUrl":"https:\/\/ehrbarsaal.at\/wp-content\/uploads\/2023\/08\/Ehrbar_Logo.svg","width":"1024","height":"1024","caption":"Ehrbar Saal"},"image":{"@id":"https:\/\/ehrbarsaal.at\/#\/schema\/logo\/image\/"},"sameAs":["https:\/\/www.facebook.com\/EhrbarSaalWien\/","https:\/\/www.instagram.com\/ehrbarsaal.wien\/"]}]}},"_links":{"self":[{"href":"https:\/\/ehrbarsaal.at\/en\/wp-json\/wp\/v2\/konzerte\/4232","targetHints":{"allow":["GET"]}}],"collection":[{"href":"https:\/\/ehrbarsaal.at\/en\/wp-json\/wp\/v2\/konzerte"}],"about":[{"href":"https:\/\/ehrbarsaal.at\/en\/wp-json\/wp\/v2\/types\/konzerte"}],"author":[{"embeddable":true,"href":"https:\/\/ehrbarsaal.at\/en\/wp-json\/wp\/v2\/users\/5"}],"version-history":[{"count":3,"href":"https:\/\/ehrbarsaal.at\/en\/wp-json\/wp\/v2\/konzerte\/4232\/revisions"}],"predecessor-version":[{"id":4650,"href":"https:\/\/ehrbarsaal.at\/en\/wp-json\/wp\/v2\/konzerte\/4232\/revisions\/4650"}],"wp:featuredmedia":[{"embeddable":true,"href":"https:\/\/ehrbarsaal.at\/en\/wp-json\/wp\/v2\/media\/4233"}],"wp:attachment":[{"href":"https:\/\/ehrbarsaal.at\/en\/wp-json\/wp\/v2\/media?parent=4232"}],"wp:term":[{"taxonomy":"category","embeddable":true,"href":"https:\/\/ehrbarsaal.at\/en\/wp-json\/wp\/v2\/categories?post=4232"},{"taxonomy":"post_tag","embeddable":true,"href":"https:\/\/ehrbarsaal.at\/en\/wp-json\/wp\/v2\/tags?post=4232"}],"curies":[{"name":"wp","href":"https:\/\/api.w.org\/{rel}","templated":true}]}}