{"id":2291,"date":"2023-08-12T06:13:58","date_gmt":"2023-08-12T06:13:58","guid":{"rendered":"https:\/\/ehrbarsaal.at\/?post_type=konzerte&#038;p=2291"},"modified":"2024-09-02T15:34:19","modified_gmt":"2024-09-02T15:34:19","slug":"ehrbare-naechte","status":"publish","type":"konzerte","link":"https:\/\/ehrbarsaal.at\/en\/konzerte\/ehrbare-naechte\/","title":{"rendered":"HONOURABLE NIGHTS I EXPERIENCE DAYS AND NIGHTS OF ALL ARTS"},"content":{"rendered":"<div class=\"shariff shariff-align-left shariff-widget-align-left\" data-services=\"facebook\" data-url=\"https:\/\/ehrbarsaal.at\/en\/konzerte\/ehrbare-naechte\/\" data-timestamp=\"1725291259\" data-backendurl=\"https:\/\/ehrbarsaal.at\/en\/wp-json\/shariff\/v1\/share_counts?\"><div class=\"ShariffHeadline\">Share event<\/div><ul class=\"shariff-buttons theme-round orientation-horizontal buttonsize-medium\"><li class=\"shariff-button twitter\" style=\"background-color:#595959;border-radius:10%\"><a href=\"https:\/\/twitter.com\/share?url=https%3A%2F%2Fehrbarsaal.at%2Fen%2Fkonzerte%2Fehrbare-naechte%2F&text=EHRBARE%20N%C3%84CHTE%20I%20ERLEBEN%20SIE%20TAGE%20UND%20N%C3%84CHTE%20ALLER%20K%C3%9CNSTE\" title=\"Share at X\" aria-label=\"Share at X\" role=\"button\" rel=\"noopener nofollow\" class=\"shariff-link\" style=\";border-radius:10%; background-color:#ffffff; color:#fff\" target=\"_blank\"><span class=\"shariff-icon\" style=\"\"><svg width=\"32px\" height=\"20px\" xmlns=\"http:\/\/www.w3.org\/2000\/svg\" viewbox=\"0 0 24 24\"><path fill=\"#000\" d=\"M14.258 10.152L23.176 0h-2.113l-7.747 8.813L7.133 0H0l9.352 13.328L0 23.973h2.113l8.176-9.309 6.531 9.309h7.133zm-2.895 3.293l-.949-1.328L2.875 1.56h3.246l6.086 8.523.945 1.328 7.91 11.078h-3.246zm0 0\"\/><\/svg><\/span><\/a><\/li><li class=\"shariff-button facebook\" style=\"background-color:#4273c8;border-radius:10%\"><a href=\"https:\/\/www.facebook.com\/sharer\/sharer.php?u=https%3A%2F%2Fehrbarsaal.at%2Fen%2Fkonzerte%2Fehrbare-naechte%2F\" title=\"Share on Facebook\" aria-label=\"Share on Facebook\" role=\"button\" rel=\"nofollow\" class=\"shariff-link\" style=\";border-radius:10%; background-color:#ffffff; color:#fff\" target=\"_blank\"><span class=\"shariff-icon\" style=\"\"><svg width=\"32px\" height=\"20px\" xmlns=\"http:\/\/www.w3.org\/2000\/svg\" viewbox=\"0 0 18 32\"><path fill=\"#3b5998\" d=\"M17.1 0.2v4.7h-2.8q-1.5 0-2.1 0.6t-0.5 1.9v3.4h5.2l-0.7 5.3h-4.5v13.6h-5.5v-13.6h-4.5v-5.3h4.5v-3.9q0-3.3 1.9-5.2t5-1.8q2.6 0 4.1 0.2z\"\/><\/svg><\/span><\/a><\/li><li class=\"shariff-button mailto\" style=\"background-color:#a8a8a8;border-radius:10%\"><a href=\"mailto:?body=https%3A%2F%2Fehrbarsaal.at%2Fen%2Fkonzerte%2Fehrbare-naechte%2F&subject=EHRBARE%20N%C3%84CHTE%20I%20ERLEBEN%20SIE%20TAGE%20UND%20N%C3%84CHTE%20ALLER%20K%C3%9CNSTE\" title=\"Send by e-mail\" aria-label=\"Send by e-mail\" role=\"button\" rel=\"noopener nofollow\" class=\"shariff-link\" style=\";border-radius:10%; background-color:#ffffff; color:#fff\"><span class=\"shariff-icon\" style=\"\"><svg width=\"32px\" height=\"20px\" xmlns=\"http:\/\/www.w3.org\/2000\/svg\" viewbox=\"0 0 32 32\"><path fill=\"#999\" d=\"M32 12.7v14.2q0 1.2-0.8 2t-2 0.9h-26.3q-1.2 0-2-0.9t-0.8-2v-14.2q0.8 0.9 1.8 1.6 6.5 4.4 8.9 6.1 1 0.8 1.6 1.2t1.7 0.9 2 0.4h0.1q0.9 0 2-0.4t1.7-0.9 1.6-1.2q3-2.2 8.9-6.1 1-0.7 1.8-1.6zM32 7.4q0 1.4-0.9 2.7t-2.2 2.2q-6.7 4.7-8.4 5.8-0.2 0.1-0.7 0.5t-1 0.7-0.9 0.6-1.1 0.5-0.9 0.2h-0.1q-0.4 0-0.9-0.2t-1.1-0.5-0.9-0.6-1-0.7-0.7-0.5q-1.6-1.1-4.7-3.2t-3.6-2.6q-1.1-0.7-2.1-2t-1-2.5q0-1.4 0.7-2.3t2.1-0.9h26.3q1.2 0 2 0.8t0.9 2z\"\/><\/svg><\/span><\/a><\/li><li class=\"shariff-button whatsapp\" style=\"background-color:#5cbe4a;border-radius:10%\"><a href=\"https:\/\/api.whatsapp.com\/send?text=https%3A%2F%2Fehrbarsaal.at%2Fen%2Fkonzerte%2Fehrbare-naechte%2F%20EHRBARE%20N%C3%84CHTE%20I%20ERLEBEN%20SIE%20TAGE%20UND%20N%C3%84CHTE%20ALLER%20K%C3%9CNSTE\" title=\"Share on Whatsapp\" aria-label=\"Share on Whatsapp\" role=\"button\" rel=\"noopener nofollow\" class=\"shariff-link\" style=\";border-radius:10%; background-color:#ffffff; color:#fff\" target=\"_blank\"><span class=\"shariff-icon\" style=\"\"><svg width=\"32px\" height=\"20px\" xmlns=\"http:\/\/www.w3.org\/2000\/svg\" viewbox=\"0 0 32 32\"><path fill=\"#34af23\" d=\"M17.6 17.4q0.2 0 1.7 0.8t1.6 0.9q0 0.1 0 0.3 0 0.6-0.3 1.4-0.3 0.7-1.3 1.2t-1.8 0.5q-1 0-3.4-1.1-1.7-0.8-3-2.1t-2.6-3.3q-1.3-1.9-1.3-3.5v-0.1q0.1-1.6 1.3-2.8 0.4-0.4 0.9-0.4 0.1 0 0.3 0t0.3 0q0.3 0 0.5 0.1t0.3 0.5q0.1 0.4 0.6 1.6t0.4 1.3q0 0.4-0.6 1t-0.6 0.8q0 0.1 0.1 0.3 0.6 1.3 1.8 2.4 1 0.9 2.7 1.8 0.2 0.1 0.4 0.1 0.3 0 1-0.9t0.9-0.9zM14 26.9q2.3 0 4.3-0.9t3.6-2.4 2.4-3.6 0.9-4.3-0.9-4.3-2.4-3.6-3.6-2.4-4.3-0.9-4.3 0.9-3.6 2.4-2.4 3.6-0.9 4.3q0 3.6 2.1 6.6l-1.4 4.2 4.3-1.4q2.8 1.9 6.2 1.9zM14 2.2q2.7 0 5.2 1.1t4.3 2.9 2.9 4.3 1.1 5.2-1.1 5.2-2.9 4.3-4.3 2.9-5.2 1.1q-3.5 0-6.5-1.7l-7.4 2.4 2.4-7.2q-1.9-3.2-1.9-6.9 0-2.7 1.1-5.2t2.9-4.3 4.3-2.9 5.2-1.1z\"\/><\/svg><\/span><\/a><\/li><\/ul><\/div>","protected":false},"excerpt":{"rendered":"","protected":false},"author":5,"featured_media":3030,"template":"","categories":[],"tags":[],"class_list":["post-2291","konzerte","type-konzerte","status-publish","has-post-thumbnail","hentry"],"acf":{"subtitel":"Ein Fest der K\u00fcnste ","datum":"20231015","uhrzeit":"10:00 - 21:00 Uhr ","ort":"Ehrbar Saal","konzertinfo":"<strong>WANN UND WO <\/strong>treffen Musik, Literatur, Kabarett, Theater, Performance, Oper, Pop und Jazz, Film und Installation aufeinander?\r\n\r\n&nbsp;\r\n\r\nWir m\u00f6chten die K\u00fcnste feiern, die Tradition fortsetzen und ein Zusammentreffen aller Genres erm\u00f6glichen. Von der philosophischen Diskussion bis zum Drag-Queen Brunch, von Lyriklesungen, Filmvorf\u00fchrungen bis zu Jazz, Wiener Lied, Klassik und Pop. Von der Komponist:in zur S\u00e4nger:in, bis zur Literat:in, alle K\u00fcnste werden vertreten sein.\r\n\r\n&nbsp;\r\n\r\n<strong>WANN? <\/strong>Am 14. und 15. Oktober 2023, im Ehrbar Saal.\r\n\r\nKommen Sie und staunen Sie \u00fcber ein buntes und wildes Festivalprogramm mitten in Wien.\r\n\r\n&nbsp;\r\n\r\n&nbsp;\r\n\r\n&nbsp;\r\n\r\nTICKETS Freier Eintritt\r\n\r\n&nbsp;","tickets_link":"","abendkassa":false,"freier_eintritt":false,"teaserbild_fur_liste":3438,"abgesagt":false,"ausverkauft":false,"mitwirkende":"10:00 - 10:45 Uhr I FREIE KUNST F\u00dcR KINDER I Alexey Mikhaylenko\r\n\r\n11:30 - 12:15 Uhr I FREIE KUNST ARTISTS I Alexey Mikhaylenko, Freie Kunst\r\n\r\n13:00 - 13:45 Uhr I DIRTY DIVA I Kestin Grotian, Frizz Fischer\r\n\r\n13:45 - 14:00 Uhr I PERSIAN HARD WHISPER I Soroosh Ghahramanloo\r\n\r\n14:30 - 15:15 Uhr I DANCE, FREE I Tamara Dornelas, T\u00e4nzerin; Alessandro Giovine, Choreograf\r\n\r\n16:00 - 16:45 Uhr I EPOCHEN DER HORNMUSIK-HISTORIE I Horn Consort der Wiener Akademie\r\n\r\n16:45 - 17:30 Uhr I FASZINATION VIOLINE I Vera und Laura Kostner und Nelly Banova\r\n\r\n17:45 - 18:30 Uhr I JOSEFA I\u00a0 Sona MacDonald und Alejandro Pico Leonis, Georg Klimbacher, Johanna Doderer\r\n\r\n19:00 - 19:45 Uhr I \"Ich wei\u00df auf der Wieden ein kleines Hotel\" I Wolfgang Dosch, Harumichi Fujiwara\r\n\r\n20:00 Uhr I Der Gl\u00fccksschneider (1916) I Film Archiv Austria I Filmvorf\u00fchrung, Reza Maleki\r\n\r\n&nbsp;\r\n\r\nKLEINER EHRBAR SAAL\r\n\r\n14:30 - 15:15 Uhr I TANGO BRUJO I Iris Rogozhyna, Milos Avramovic, Gottfried Gehberger &amp; Helmut H\u00f6llriegl\r\n\r\n16:00 - 16:45 Uhr I AUSZEIT LOUNGE I\u00a0 Auszeit Musik I Jon Byrne, Anna Buchal, Ayako Rosmann, Helmut Korber, Hiromi Komatsu, Masayuki Komatsu, Katharina Bruckner, Eva Woharcik-Binder, Susanna Heilmayr, Anna Sophie Kern\r\n\r\n17:30 - 18:15 Uhr I KLANGSYNTHESE MARIMAPHON I Emma Frauenholz, Hermann Ebner\r\n\r\n19:00 - 19:45 Uhr I LIEDER VON FRANZ SCHUBERT, JOHANNES BRAHMS, FRITZ KREISLER I Karl Macourek, Yuliya Lebedenko\r\n\r\nDURCHGEHEND I Self Sabotage, Self Portrait I Frank Albert Aschenbrenner\r\n\r\n&nbsp;\r\n\r\nWANDELGANG\r\n\r\nDURCHGEHEND\r\n\r\nCT-Structures I Elisabeth Penker I Installation\r\n\r\nSwann's I Bruno Rey I Installation\r\n\r\n&nbsp;\r\n\r\n&nbsp;","layoutnew":false,"veranstalter":"","werke-2":"","werke":"","tickets_text":""},"yoast_head":"<!-- This site is optimized with the Yoast SEO Premium plugin v28.3 (Yoast SEO v28.3) - https:\/\/yoast.com\/product\/yoast-seo-premium-wordpress\/ -->\n<title>EHRBARE N\u00c4CHTE I ERLEBEN SIE TAGE UND N\u00c4CHTE ALLER K\u00dcNSTE - Ehrbar Saal<\/title>\n<meta name=\"robots\" content=\"index, follow, max-snippet:-1, max-image-preview:large, max-video-preview:-1\" \/>\n<link rel=\"canonical\" href=\"https:\/\/ehrbarsaal.at\/en\/konzerte\/ehrbare-naechte\/\" \/>\n<meta property=\"og:locale\" content=\"en_GB\" \/>\n<meta property=\"og:type\" content=\"article\" \/>\n<meta property=\"og:title\" content=\"EHRBARE N\u00c4CHTE I ERLEBEN SIE TAGE UND N\u00c4CHTE ALLER K\u00dcNSTE\" \/>\n<meta property=\"og:url\" content=\"https:\/\/ehrbarsaal.at\/en\/konzerte\/ehrbare-naechte\/\" \/>\n<meta property=\"og:site_name\" content=\"Ehrbar Saal\" \/>\n<meta property=\"article:publisher\" content=\"https:\/\/www.facebook.com\/EhrbarSaalWien\/\" \/>\n<meta property=\"article:modified_time\" content=\"2024-09-02T15:34:19+00:00\" \/>\n<meta property=\"og:image\" content=\"https:\/\/ehrbarsaal.at\/wp-content\/uploads\/2023\/08\/2_Visual-Ehrbare-Naechte-KL-4.png\" \/>\n\t<meta property=\"og:image:width\" content=\"1067\" \/>\n\t<meta property=\"og:image:height\" content=\"1600\" \/>\n\t<meta property=\"og:image:type\" content=\"image\/png\" \/>\n<meta name=\"twitter:card\" content=\"summary_large_image\" \/>\n<script type=\"application\/ld+json\" class=\"yoast-schema-graph\">{\"@context\":\"https:\\\/\\\/schema.org\",\"@graph\":[{\"@type\":\"WebPage\",\"@id\":\"https:\\\/\\\/ehrbarsaal.at\\\/konzerte\\\/ehrbare-naechte\\\/\",\"url\":\"https:\\\/\\\/ehrbarsaal.at\\\/konzerte\\\/ehrbare-naechte\\\/\",\"name\":\"EHRBARE N\u00c4CHTE I ERLEBEN SIE TAGE UND N\u00c4CHTE ALLER K\u00dcNSTE - Ehrbar Saal\",\"isPartOf\":{\"@id\":\"https:\\\/\\\/ehrbarsaal.at\\\/#website\"},\"primaryImageOfPage\":{\"@id\":\"https:\\\/\\\/ehrbarsaal.at\\\/konzerte\\\/ehrbare-naechte\\\/#primaryimage\"},\"image\":{\"@id\":\"https:\\\/\\\/ehrbarsaal.at\\\/konzerte\\\/ehrbare-naechte\\\/#primaryimage\"},\"thumbnailUrl\":\"https:\\\/\\\/ehrbarsaal.at\\\/wp-content\\\/uploads\\\/2023\\\/08\\\/2_Visual-Ehrbare-Naechte-KL-4.png\",\"datePublished\":\"2023-08-12T06:13:58+00:00\",\"dateModified\":\"2024-09-02T15:34:19+00:00\",\"breadcrumb\":{\"@id\":\"https:\\\/\\\/ehrbarsaal.at\\\/konzerte\\\/ehrbare-naechte\\\/#breadcrumb\"},\"inLanguage\":\"en-GB\",\"potentialAction\":[{\"@type\":\"ReadAction\",\"target\":[\"https:\\\/\\\/ehrbarsaal.at\\\/konzerte\\\/ehrbare-naechte\\\/\"]}]},{\"@type\":\"ImageObject\",\"inLanguage\":\"en-GB\",\"@id\":\"https:\\\/\\\/ehrbarsaal.at\\\/konzerte\\\/ehrbare-naechte\\\/#primaryimage\",\"url\":\"https:\\\/\\\/ehrbarsaal.at\\\/wp-content\\\/uploads\\\/2023\\\/08\\\/2_Visual-Ehrbare-Naechte-KL-4.png\",\"contentUrl\":\"https:\\\/\\\/ehrbarsaal.at\\\/wp-content\\\/uploads\\\/2023\\\/08\\\/2_Visual-Ehrbare-Naechte-KL-4.png\",\"width\":1067,\"height\":1600,\"caption\":\"Ehrbare Na\u0308chte\"},{\"@type\":\"BreadcrumbList\",\"@id\":\"https:\\\/\\\/ehrbarsaal.at\\\/konzerte\\\/ehrbare-naechte\\\/#breadcrumb\",\"itemListElement\":[{\"@type\":\"ListItem\",\"position\":1,\"name\":\"Startseite\",\"item\":\"https:\\\/\\\/ehrbarsaal.at\\\/\"},{\"@type\":\"ListItem\",\"position\":2,\"name\":\"Konzerte\",\"item\":\"https:\\\/\\\/ehrbarsaal.at\\\/konzert-archiv\\\/\"},{\"@type\":\"ListItem\",\"position\":3,\"name\":\"EHRBARE N\u00c4CHTE I ERLEBEN SIE TAGE UND N\u00c4CHTE ALLER K\u00dcNSTE\"}]},{\"@type\":\"WebSite\",\"@id\":\"https:\\\/\\\/ehrbarsaal.at\\\/#website\",\"url\":\"https:\\\/\\\/ehrbarsaal.at\\\/\",\"name\":\"Ehrbar Saal\",\"description\":\"Willkommen beim Ehrbar Saal!\",\"publisher\":{\"@id\":\"https:\\\/\\\/ehrbarsaal.at\\\/#organization\"},\"potentialAction\":[{\"@type\":\"SearchAction\",\"target\":{\"@type\":\"EntryPoint\",\"urlTemplate\":\"https:\\\/\\\/ehrbarsaal.at\\\/?s={search_term_string}\"},\"query-input\":{\"@type\":\"PropertyValueSpecification\",\"valueRequired\":true,\"valueName\":\"search_term_string\"}}],\"inLanguage\":\"en-GB\"},{\"@type\":\"Organization\",\"@id\":\"https:\\\/\\\/ehrbarsaal.at\\\/#organization\",\"name\":\"Ehrbar Saal\",\"url\":\"https:\\\/\\\/ehrbarsaal.at\\\/\",\"logo\":{\"@type\":\"ImageObject\",\"inLanguage\":\"en-GB\",\"@id\":\"https:\\\/\\\/ehrbarsaal.at\\\/#\\\/schema\\\/logo\\\/image\\\/\",\"url\":\"https:\\\/\\\/ehrbarsaal.at\\\/wp-content\\\/uploads\\\/2023\\\/08\\\/Ehrbar_Logo.svg\",\"contentUrl\":\"https:\\\/\\\/ehrbarsaal.at\\\/wp-content\\\/uploads\\\/2023\\\/08\\\/Ehrbar_Logo.svg\",\"width\":\"1024\",\"height\":\"1024\",\"caption\":\"Ehrbar Saal\"},\"image\":{\"@id\":\"https:\\\/\\\/ehrbarsaal.at\\\/#\\\/schema\\\/logo\\\/image\\\/\"},\"sameAs\":[\"https:\\\/\\\/www.facebook.com\\\/EhrbarSaalWien\\\/\",\"https:\\\/\\\/www.instagram.com\\\/ehrbarsaal.wien\\\/\"]}]}<\/script>\n<!-- \/ Yoast SEO Premium plugin. -->","yoast_head_json":{"title":"EHRBARE N\u00c4CHTE I ERLEBEN SIE TAGE UND N\u00c4CHTE ALLER K\u00dcNSTE - Ehrbar Saal","robots":{"index":"index","follow":"follow","max-snippet":"max-snippet:-1","max-image-preview":"max-image-preview:large","max-video-preview":"max-video-preview:-1"},"canonical":"https:\/\/ehrbarsaal.at\/en\/konzerte\/ehrbare-naechte\/","og_locale":"en_GB","og_type":"article","og_title":"EHRBARE N\u00c4CHTE I ERLEBEN SIE TAGE UND N\u00c4CHTE ALLER K\u00dcNSTE","og_url":"https:\/\/ehrbarsaal.at\/en\/konzerte\/ehrbare-naechte\/","og_site_name":"Ehrbar Saal","article_publisher":"https:\/\/www.facebook.com\/EhrbarSaalWien\/","article_modified_time":"2024-09-02T15:34:19+00:00","og_image":[{"width":1067,"height":1600,"url":"https:\/\/ehrbarsaal.at\/wp-content\/uploads\/2023\/08\/2_Visual-Ehrbare-Naechte-KL-4.png","type":"image\/png"}],"twitter_card":"summary_large_image","schema":{"@context":"https:\/\/schema.org","@graph":[{"@type":"WebPage","@id":"https:\/\/ehrbarsaal.at\/konzerte\/ehrbare-naechte\/","url":"https:\/\/ehrbarsaal.at\/konzerte\/ehrbare-naechte\/","name":"EHRBARE N\u00c4CHTE I ERLEBEN SIE TAGE UND N\u00c4CHTE ALLER K\u00dcNSTE - Ehrbar Saal","isPartOf":{"@id":"https:\/\/ehrbarsaal.at\/#website"},"primaryImageOfPage":{"@id":"https:\/\/ehrbarsaal.at\/konzerte\/ehrbare-naechte\/#primaryimage"},"image":{"@id":"https:\/\/ehrbarsaal.at\/konzerte\/ehrbare-naechte\/#primaryimage"},"thumbnailUrl":"https:\/\/ehrbarsaal.at\/wp-content\/uploads\/2023\/08\/2_Visual-Ehrbare-Naechte-KL-4.png","datePublished":"2023-08-12T06:13:58+00:00","dateModified":"2024-09-02T15:34:19+00:00","breadcrumb":{"@id":"https:\/\/ehrbarsaal.at\/konzerte\/ehrbare-naechte\/#breadcrumb"},"inLanguage":"en-GB","potentialAction":[{"@type":"ReadAction","target":["https:\/\/ehrbarsaal.at\/konzerte\/ehrbare-naechte\/"]}]},{"@type":"ImageObject","inLanguage":"en-GB","@id":"https:\/\/ehrbarsaal.at\/konzerte\/ehrbare-naechte\/#primaryimage","url":"https:\/\/ehrbarsaal.at\/wp-content\/uploads\/2023\/08\/2_Visual-Ehrbare-Naechte-KL-4.png","contentUrl":"https:\/\/ehrbarsaal.at\/wp-content\/uploads\/2023\/08\/2_Visual-Ehrbare-Naechte-KL-4.png","width":1067,"height":1600,"caption":"Ehrbare Na\u0308chte"},{"@type":"BreadcrumbList","@id":"https:\/\/ehrbarsaal.at\/konzerte\/ehrbare-naechte\/#breadcrumb","itemListElement":[{"@type":"ListItem","position":1,"name":"Startseite","item":"https:\/\/ehrbarsaal.at\/"},{"@type":"ListItem","position":2,"name":"Konzerte","item":"https:\/\/ehrbarsaal.at\/konzert-archiv\/"},{"@type":"ListItem","position":3,"name":"EHRBARE N\u00c4CHTE I ERLEBEN SIE TAGE UND N\u00c4CHTE ALLER K\u00dcNSTE"}]},{"@type":"WebSite","@id":"https:\/\/ehrbarsaal.at\/#website","url":"https:\/\/ehrbarsaal.at\/","name":"Ehrbar Saal","description":"Willkommen beim Ehrbar Saal!","publisher":{"@id":"https:\/\/ehrbarsaal.at\/#organization"},"potentialAction":[{"@type":"SearchAction","target":{"@type":"EntryPoint","urlTemplate":"https:\/\/ehrbarsaal.at\/?s={search_term_string}"},"query-input":{"@type":"PropertyValueSpecification","valueRequired":true,"valueName":"search_term_string"}}],"inLanguage":"en-GB"},{"@type":"Organization","@id":"https:\/\/ehrbarsaal.at\/#organization","name":"Ehrbar Saal","url":"https:\/\/ehrbarsaal.at\/","logo":{"@type":"ImageObject","inLanguage":"en-GB","@id":"https:\/\/ehrbarsaal.at\/#\/schema\/logo\/image\/","url":"https:\/\/ehrbarsaal.at\/wp-content\/uploads\/2023\/08\/Ehrbar_Logo.svg","contentUrl":"https:\/\/ehrbarsaal.at\/wp-content\/uploads\/2023\/08\/Ehrbar_Logo.svg","width":"1024","height":"1024","caption":"Ehrbar Saal"},"image":{"@id":"https:\/\/ehrbarsaal.at\/#\/schema\/logo\/image\/"},"sameAs":["https:\/\/www.facebook.com\/EhrbarSaalWien\/","https:\/\/www.instagram.com\/ehrbarsaal.wien\/"]}]}},"_links":{"self":[{"href":"https:\/\/ehrbarsaal.at\/en\/wp-json\/wp\/v2\/konzerte\/2291","targetHints":{"allow":["GET"]}}],"collection":[{"href":"https:\/\/ehrbarsaal.at\/en\/wp-json\/wp\/v2\/konzerte"}],"about":[{"href":"https:\/\/ehrbarsaal.at\/en\/wp-json\/wp\/v2\/types\/konzerte"}],"author":[{"embeddable":true,"href":"https:\/\/ehrbarsaal.at\/en\/wp-json\/wp\/v2\/users\/5"}],"version-history":[{"count":17,"href":"https:\/\/ehrbarsaal.at\/en\/wp-json\/wp\/v2\/konzerte\/2291\/revisions"}],"predecessor-version":[{"id":3659,"href":"https:\/\/ehrbarsaal.at\/en\/wp-json\/wp\/v2\/konzerte\/2291\/revisions\/3659"}],"wp:featuredmedia":[{"embeddable":true,"href":"https:\/\/ehrbarsaal.at\/en\/wp-json\/wp\/v2\/media\/3030"}],"wp:attachment":[{"href":"https:\/\/ehrbarsaal.at\/en\/wp-json\/wp\/v2\/media?parent=2291"}],"wp:term":[{"taxonomy":"category","embeddable":true,"href":"https:\/\/ehrbarsaal.at\/en\/wp-json\/wp\/v2\/categories?post=2291"},{"taxonomy":"post_tag","embeddable":true,"href":"https:\/\/ehrbarsaal.at\/en\/wp-json\/wp\/v2\/tags?post=2291"}],"curies":[{"name":"wp","href":"https:\/\/api.w.org\/{rel}","templated":true}]}}