{"id":2270,"date":"2023-08-12T06:04:57","date_gmt":"2023-08-12T06:04:57","guid":{"rendered":"https:\/\/ehrbarsaal.at\/?post_type=konzerte&#038;p=2270"},"modified":"2025-01-27T14:11:34","modified_gmt":"2025-01-27T14:11:34","slug":"kammerorchester-lyra-wien","status":"publish","type":"konzerte","link":"https:\/\/ehrbarsaal.at\/en\/konzerte\/kammerorchester-lyra-wien\/","title":{"rendered":"Kammerorchester Lyra Wien"},"content":{"rendered":"<div class=\"shariff shariff-align-flex-end shariff-widget-align-flex-end\" data-services=\"facebook\" data-url=\"https%3A%2F%2Fehrbarsaal.at%2Fen%2Fkonzerte%2Fkammerorchester-lyra-wien%2F\" data-timestamp=\"1737987094\" data-backendurl=\"https:\/\/ehrbarsaal.at\/en\/wp-json\/shariff\/v1\/share_counts?\"><div class=\"ShariffHeadline\">Share event<\/div><ul class=\"shariff-buttons theme-round orientation-horizontal buttonsize-medium\"><li class=\"shariff-button twitter\" style=\"background-color:#595959;border-radius:10%\"><a href=\"https:\/\/twitter.com\/share?url=https%3A%2F%2Fehrbarsaal.at%2Fen%2Fkonzerte%2Fkammerorchester-lyra-wien%2F&text=Kammerorchester%20Lyra%20Wien\" title=\"Share at X\" aria-label=\"Share at X\" role=\"button\" rel=\"noopener nofollow\" class=\"shariff-link\" style=\";border-radius:10%; background-color:#ffffff; color:#fff\" target=\"_blank\"><span class=\"shariff-icon\" style=\"\"><svg width=\"32px\" height=\"20px\" xmlns=\"http:\/\/www.w3.org\/2000\/svg\" viewbox=\"0 0 24 24\"><path fill=\"#000\" d=\"M14.258 10.152L23.176 0h-2.113l-7.747 8.813L7.133 0H0l9.352 13.328L0 23.973h2.113l8.176-9.309 6.531 9.309h7.133zm-2.895 3.293l-.949-1.328L2.875 1.56h3.246l6.086 8.523.945 1.328 7.91 11.078h-3.246zm0 0\"\/><\/svg><\/span><\/a><\/li><li class=\"shariff-button facebook\" style=\"background-color:#4273c8;border-radius:10%\"><a href=\"https:\/\/www.facebook.com\/sharer\/sharer.php?u=https%3A%2F%2Fehrbarsaal.at%2Fen%2Fkonzerte%2Fkammerorchester-lyra-wien%2F\" title=\"Share on Facebook\" aria-label=\"Share on Facebook\" role=\"button\" rel=\"nofollow\" class=\"shariff-link\" style=\";border-radius:10%; background-color:#ffffff; color:#fff\" target=\"_blank\"><span class=\"shariff-icon\" style=\"\"><svg width=\"32px\" height=\"20px\" xmlns=\"http:\/\/www.w3.org\/2000\/svg\" viewbox=\"0 0 18 32\"><path fill=\"#3b5998\" d=\"M17.1 0.2v4.7h-2.8q-1.5 0-2.1 0.6t-0.5 1.9v3.4h5.2l-0.7 5.3h-4.5v13.6h-5.5v-13.6h-4.5v-5.3h4.5v-3.9q0-3.3 1.9-5.2t5-1.8q2.6 0 4.1 0.2z\"\/><\/svg><\/span><\/a><\/li><li class=\"shariff-button mailto\" style=\"background-color:#a8a8a8;border-radius:10%\"><a href=\"mailto:?body=https%3A%2F%2Fehrbarsaal.at%2Fen%2Fkonzerte%2Fkammerorchester-lyra-wien%2F&subject=Kammerorchester%20Lyra%20Wien\" title=\"Send by e-mail\" aria-label=\"Send by e-mail\" role=\"button\" rel=\"noopener nofollow\" class=\"shariff-link\" style=\";border-radius:10%; background-color:#ffffff; color:#fff\"><span class=\"shariff-icon\" style=\"\"><svg width=\"32px\" height=\"20px\" xmlns=\"http:\/\/www.w3.org\/2000\/svg\" viewbox=\"0 0 32 32\"><path fill=\"#999\" d=\"M32 12.7v14.2q0 1.2-0.8 2t-2 0.9h-26.3q-1.2 0-2-0.9t-0.8-2v-14.2q0.8 0.9 1.8 1.6 6.5 4.4 8.9 6.1 1 0.8 1.6 1.2t1.7 0.9 2 0.4h0.1q0.9 0 2-0.4t1.7-0.9 1.6-1.2q3-2.2 8.9-6.1 1-0.7 1.8-1.6zM32 7.4q0 1.4-0.9 2.7t-2.2 2.2q-6.7 4.7-8.4 5.8-0.2 0.1-0.7 0.5t-1 0.7-0.9 0.6-1.1 0.5-0.9 0.2h-0.1q-0.4 0-0.9-0.2t-1.1-0.5-0.9-0.6-1-0.7-0.7-0.5q-1.6-1.1-4.7-3.2t-3.6-2.6q-1.1-0.7-2.1-2t-1-2.5q0-1.4 0.7-2.3t2.1-0.9h26.3q1.2 0 2 0.8t0.9 2z\"\/><\/svg><\/span><\/a><\/li><li class=\"shariff-button whatsapp\" style=\"background-color:#5cbe4a;border-radius:10%\"><a href=\"https:\/\/api.whatsapp.com\/send?text=https%3A%2F%2Fehrbarsaal.at%2Fen%2Fkonzerte%2Fkammerorchester-lyra-wien%2F%20Kammerorchester%20Lyra%20Wien\" title=\"Share on Whatsapp\" aria-label=\"Share on Whatsapp\" role=\"button\" rel=\"noopener nofollow\" class=\"shariff-link\" style=\";border-radius:10%; background-color:#ffffff; color:#fff\" target=\"_blank\"><span class=\"shariff-icon\" style=\"\"><svg width=\"32px\" height=\"20px\" xmlns=\"http:\/\/www.w3.org\/2000\/svg\" viewbox=\"0 0 32 32\"><path fill=\"#34af23\" d=\"M17.6 17.4q0.2 0 1.7 0.8t1.6 0.9q0 0.1 0 0.3 0 0.6-0.3 1.4-0.3 0.7-1.3 1.2t-1.8 0.5q-1 0-3.4-1.1-1.7-0.8-3-2.1t-2.6-3.3q-1.3-1.9-1.3-3.5v-0.1q0.1-1.6 1.3-2.8 0.4-0.4 0.9-0.4 0.1 0 0.3 0t0.3 0q0.3 0 0.5 0.1t0.3 0.5q0.1 0.4 0.6 1.6t0.4 1.3q0 0.4-0.6 1t-0.6 0.8q0 0.1 0.1 0.3 0.6 1.3 1.8 2.4 1 0.9 2.7 1.8 0.2 0.1 0.4 0.1 0.3 0 1-0.9t0.9-0.9zM14 26.9q2.3 0 4.3-0.9t3.6-2.4 2.4-3.6 0.9-4.3-0.9-4.3-2.4-3.6-3.6-2.4-4.3-0.9-4.3 0.9-3.6 2.4-2.4 3.6-0.9 4.3q0 3.6 2.1 6.6l-1.4 4.2 4.3-1.4q2.8 1.9 6.2 1.9zM14 2.2q2.7 0 5.2 1.1t4.3 2.9 2.9 4.3 1.1 5.2-1.1 5.2-2.9 4.3-4.3 2.9-5.2 1.1q-3.5 0-6.5-1.7l-7.4 2.4 2.4-7.2q-1.9-3.2-1.9-6.9 0-2.7 1.1-5.2t2.9-4.3 4.3-2.9 5.2-1.1z\"\/><\/svg><\/span><\/a><\/li><\/ul><\/div>","protected":false},"excerpt":{"rendered":"","protected":false},"author":5,"featured_media":2564,"template":"","categories":[],"tags":[],"class_list":["post-2270","konzerte","type-konzerte","status-publish","has-post-thumbnail","hentry"],"acf":{"subtitel":"Junge Meister:innen - Gro\u00dfe Komponist:innen   ","datum":"20231013","uhrzeit":"19:00 Uhr","ort":"Ehrbar Saal","konzertinfo":"DIRIGENT Nicolas Radulescu\r\n\r\nSOLIST:INNEN\u00a0<span style=\"font-weight: 400;\">au\u00dfergew\u00f6hnlich begabte Studierende der Universit\u00e4t f\u00fcr Musik und Darstellende Kunst Wien I mdw<\/span>\r\n\r\nORCHESTER Kammerorchester Lyra Wien\r\n\r\n&nbsp;\r\n<h6>WERKE<\/h6>\r\n<p style=\"font-weight: 400;\">am vielf\u00e4ltigen Programm stehen Werke gro\u00dfer internationaler Komponisten. Lebendig, virtuos und ohne Starall\u00fcren interpretiert.<\/p>\r\n&nbsp;\r\n\r\n<strong>DAS KAMMERORCHESTER LYRA WIEN<\/strong>, \u201eKLW\u201d, unter dem Dirigat und k\u00fcnstlerischer Leitung von Nicolas Radulescu, besteht aus 32 akademischen Musiker:innen. Es steht in enger Kooperation mit der Universit\u00e4t f\u00fcr Musik und Darstellende Kunst Wien\/mdw.\r\n\r\n&nbsp;\r\n\r\nAnalog der Statuten f\u00f6rdert das \u201eKLW\u201c au\u00dfergew\u00f6hnlich begabte Studierende, verschafft ihnen die M\u00f6glichkeit Konzerte mit und ohne Orchester zu spielen, begleitet sie durch ihr Studium und viele von ihnen sind bereits in Orchestern wie den Wiener Philharmonikern, der Staatsoper, den Tonk\u00fcnstler:innen, aber auch in internationalen Klangk\u00f6rpern anzutreffen. Andere sind bereits als eigenst\u00e4ndige Solist:innen unterwegs.\r\n\r\n&nbsp;\r\n\r\n<strong>ES IST SPANNEND ZU SEHEN, <\/strong>wie sich au\u00dfergew\u00f6hnlich begabte Studierende von Konzert zu Konzert zu international anerkannten Solist:innen entwickeln. Das \u201eKLW\u201c f\u00f6rdert deren Werdegang durch Konzerte mit und ohne Orchester \u2013 in Kooperation mit der mdw.\r\n\r\n&nbsp;\r\n\r\n&nbsp;\r\n\r\n&nbsp;\r\n\r\nTICKETS\u00a0<a href=\"http:\/\/www.kammerorchester.at\">Ihre Tickets beim KLW<\/a>\r\n\r\n&nbsp;\r\n\r\n&nbsp;\r\n\r\nFOTO @Sylvia Murczek","tickets_link":"","abendkassa":false,"freier_eintritt":false,"teaserbild_fur_liste":"","abgesagt":false,"ausverkauft":false,"mitwirkende":"","layoutnew":false,"veranstalter":"","werke-2":"","werke":"","tickets_text":"&nbsp;\r\n\r\n&nbsp;"},"yoast_head":"<!-- This site is optimized with the Yoast SEO Premium plugin v26.9 (Yoast SEO v26.9) - https:\/\/yoast.com\/product\/yoast-seo-premium-wordpress\/ -->\n<title>Kammerorchester Lyra Wien - Ehrbar Saal<\/title>\n<meta name=\"robots\" content=\"index, follow, max-snippet:-1, max-image-preview:large, max-video-preview:-1\" \/>\n<link rel=\"canonical\" href=\"https:\/\/ehrbarsaal.at\/en\/konzerte\/kammerorchester-lyra-wien\/\" \/>\n<meta property=\"og:locale\" content=\"en_GB\" \/>\n<meta property=\"og:type\" content=\"article\" \/>\n<meta property=\"og:title\" content=\"Kammerorchester Lyra Wien\" \/>\n<meta property=\"og:url\" content=\"https:\/\/ehrbarsaal.at\/en\/konzerte\/kammerorchester-lyra-wien\/\" \/>\n<meta property=\"og:site_name\" content=\"Ehrbar Saal\" \/>\n<meta property=\"article:publisher\" content=\"https:\/\/www.facebook.com\/EhrbarSaalWien\/\" \/>\n<meta property=\"article:modified_time\" content=\"2025-01-27T14:11:34+00:00\" \/>\n<meta property=\"og:image\" content=\"https:\/\/ehrbarsaal.at\/wp-content\/uploads\/2023\/08\/PastedGraphic-5.png\" \/>\n\t<meta property=\"og:image:width\" content=\"908\" \/>\n\t<meta property=\"og:image:height\" content=\"604\" \/>\n\t<meta property=\"og:image:type\" content=\"image\/png\" \/>\n<meta name=\"twitter:card\" content=\"summary_large_image\" \/>\n<script type=\"application\/ld+json\" class=\"yoast-schema-graph\">{\"@context\":\"https:\/\/schema.org\",\"@graph\":[{\"@type\":\"WebPage\",\"@id\":\"https:\/\/ehrbarsaal.at\/konzerte\/kammerorchester-lyra-wien\/\",\"url\":\"https:\/\/ehrbarsaal.at\/konzerte\/kammerorchester-lyra-wien\/\",\"name\":\"Kammerorchester Lyra Wien - Ehrbar Saal\",\"isPartOf\":{\"@id\":\"https:\/\/ehrbarsaal.at\/#website\"},\"primaryImageOfPage\":{\"@id\":\"https:\/\/ehrbarsaal.at\/konzerte\/kammerorchester-lyra-wien\/#primaryimage\"},\"image\":{\"@id\":\"https:\/\/ehrbarsaal.at\/konzerte\/kammerorchester-lyra-wien\/#primaryimage\"},\"thumbnailUrl\":\"https:\/\/ehrbarsaal.at\/wp-content\/uploads\/2023\/08\/PastedGraphic-5.png\",\"datePublished\":\"2023-08-12T06:04:57+00:00\",\"dateModified\":\"2025-01-27T14:11:34+00:00\",\"breadcrumb\":{\"@id\":\"https:\/\/ehrbarsaal.at\/konzerte\/kammerorchester-lyra-wien\/#breadcrumb\"},\"inLanguage\":\"en-GB\",\"potentialAction\":[{\"@type\":\"ReadAction\",\"target\":[\"https:\/\/ehrbarsaal.at\/konzerte\/kammerorchester-lyra-wien\/\"]}]},{\"@type\":\"ImageObject\",\"inLanguage\":\"en-GB\",\"@id\":\"https:\/\/ehrbarsaal.at\/konzerte\/kammerorchester-lyra-wien\/#primaryimage\",\"url\":\"https:\/\/ehrbarsaal.at\/wp-content\/uploads\/2023\/08\/PastedGraphic-5.png\",\"contentUrl\":\"https:\/\/ehrbarsaal.at\/wp-content\/uploads\/2023\/08\/PastedGraphic-5.png\",\"width\":908,\"height\":604},{\"@type\":\"BreadcrumbList\",\"@id\":\"https:\/\/ehrbarsaal.at\/konzerte\/kammerorchester-lyra-wien\/#breadcrumb\",\"itemListElement\":[{\"@type\":\"ListItem\",\"position\":1,\"name\":\"Startseite\",\"item\":\"https:\/\/ehrbarsaal.at\/\"},{\"@type\":\"ListItem\",\"position\":2,\"name\":\"Konzerte\",\"item\":\"https:\/\/ehrbarsaal.at\/konzert-archiv\/\"},{\"@type\":\"ListItem\",\"position\":3,\"name\":\"Kammerorchester Lyra Wien\"}]},{\"@type\":\"WebSite\",\"@id\":\"https:\/\/ehrbarsaal.at\/#website\",\"url\":\"https:\/\/ehrbarsaal.at\/\",\"name\":\"Ehrbar Saal\",\"description\":\"Willkommen beim Ehrbar Saal!\",\"publisher\":{\"@id\":\"https:\/\/ehrbarsaal.at\/#organization\"},\"potentialAction\":[{\"@type\":\"SearchAction\",\"target\":{\"@type\":\"EntryPoint\",\"urlTemplate\":\"https:\/\/ehrbarsaal.at\/?s={search_term_string}\"},\"query-input\":{\"@type\":\"PropertyValueSpecification\",\"valueRequired\":true,\"valueName\":\"search_term_string\"}}],\"inLanguage\":\"en-GB\"},{\"@type\":\"Organization\",\"@id\":\"https:\/\/ehrbarsaal.at\/#organization\",\"name\":\"Ehrbar Saal\",\"url\":\"https:\/\/ehrbarsaal.at\/\",\"logo\":{\"@type\":\"ImageObject\",\"inLanguage\":\"en-GB\",\"@id\":\"https:\/\/ehrbarsaal.at\/#\/schema\/logo\/image\/\",\"url\":\"https:\/\/ehrbarsaal.at\/wp-content\/uploads\/2023\/08\/Ehrbar_Logo.svg\",\"contentUrl\":\"https:\/\/ehrbarsaal.at\/wp-content\/uploads\/2023\/08\/Ehrbar_Logo.svg\",\"width\":\"1024\",\"height\":\"1024\",\"caption\":\"Ehrbar Saal\"},\"image\":{\"@id\":\"https:\/\/ehrbarsaal.at\/#\/schema\/logo\/image\/\"},\"sameAs\":[\"https:\/\/www.facebook.com\/EhrbarSaalWien\/\",\"https:\/\/www.instagram.com\/ehrbarsaal.wien\/\"]}]}<\/script>\n<!-- \/ Yoast SEO Premium plugin. -->","yoast_head_json":{"title":"Kammerorchester Lyra Wien - Ehrbar Saal","robots":{"index":"index","follow":"follow","max-snippet":"max-snippet:-1","max-image-preview":"max-image-preview:large","max-video-preview":"max-video-preview:-1"},"canonical":"https:\/\/ehrbarsaal.at\/en\/konzerte\/kammerorchester-lyra-wien\/","og_locale":"en_GB","og_type":"article","og_title":"Kammerorchester Lyra Wien","og_url":"https:\/\/ehrbarsaal.at\/en\/konzerte\/kammerorchester-lyra-wien\/","og_site_name":"Ehrbar Saal","article_publisher":"https:\/\/www.facebook.com\/EhrbarSaalWien\/","article_modified_time":"2025-01-27T14:11:34+00:00","og_image":[{"width":908,"height":604,"url":"https:\/\/ehrbarsaal.at\/wp-content\/uploads\/2023\/08\/PastedGraphic-5.png","type":"image\/png"}],"twitter_card":"summary_large_image","schema":{"@context":"https:\/\/schema.org","@graph":[{"@type":"WebPage","@id":"https:\/\/ehrbarsaal.at\/konzerte\/kammerorchester-lyra-wien\/","url":"https:\/\/ehrbarsaal.at\/konzerte\/kammerorchester-lyra-wien\/","name":"Kammerorchester Lyra Wien - Ehrbar Saal","isPartOf":{"@id":"https:\/\/ehrbarsaal.at\/#website"},"primaryImageOfPage":{"@id":"https:\/\/ehrbarsaal.at\/konzerte\/kammerorchester-lyra-wien\/#primaryimage"},"image":{"@id":"https:\/\/ehrbarsaal.at\/konzerte\/kammerorchester-lyra-wien\/#primaryimage"},"thumbnailUrl":"https:\/\/ehrbarsaal.at\/wp-content\/uploads\/2023\/08\/PastedGraphic-5.png","datePublished":"2023-08-12T06:04:57+00:00","dateModified":"2025-01-27T14:11:34+00:00","breadcrumb":{"@id":"https:\/\/ehrbarsaal.at\/konzerte\/kammerorchester-lyra-wien\/#breadcrumb"},"inLanguage":"en-GB","potentialAction":[{"@type":"ReadAction","target":["https:\/\/ehrbarsaal.at\/konzerte\/kammerorchester-lyra-wien\/"]}]},{"@type":"ImageObject","inLanguage":"en-GB","@id":"https:\/\/ehrbarsaal.at\/konzerte\/kammerorchester-lyra-wien\/#primaryimage","url":"https:\/\/ehrbarsaal.at\/wp-content\/uploads\/2023\/08\/PastedGraphic-5.png","contentUrl":"https:\/\/ehrbarsaal.at\/wp-content\/uploads\/2023\/08\/PastedGraphic-5.png","width":908,"height":604},{"@type":"BreadcrumbList","@id":"https:\/\/ehrbarsaal.at\/konzerte\/kammerorchester-lyra-wien\/#breadcrumb","itemListElement":[{"@type":"ListItem","position":1,"name":"Startseite","item":"https:\/\/ehrbarsaal.at\/"},{"@type":"ListItem","position":2,"name":"Konzerte","item":"https:\/\/ehrbarsaal.at\/konzert-archiv\/"},{"@type":"ListItem","position":3,"name":"Kammerorchester Lyra Wien"}]},{"@type":"WebSite","@id":"https:\/\/ehrbarsaal.at\/#website","url":"https:\/\/ehrbarsaal.at\/","name":"Ehrbar Saal","description":"Willkommen beim Ehrbar Saal!","publisher":{"@id":"https:\/\/ehrbarsaal.at\/#organization"},"potentialAction":[{"@type":"SearchAction","target":{"@type":"EntryPoint","urlTemplate":"https:\/\/ehrbarsaal.at\/?s={search_term_string}"},"query-input":{"@type":"PropertyValueSpecification","valueRequired":true,"valueName":"search_term_string"}}],"inLanguage":"en-GB"},{"@type":"Organization","@id":"https:\/\/ehrbarsaal.at\/#organization","name":"Ehrbar Saal","url":"https:\/\/ehrbarsaal.at\/","logo":{"@type":"ImageObject","inLanguage":"en-GB","@id":"https:\/\/ehrbarsaal.at\/#\/schema\/logo\/image\/","url":"https:\/\/ehrbarsaal.at\/wp-content\/uploads\/2023\/08\/Ehrbar_Logo.svg","contentUrl":"https:\/\/ehrbarsaal.at\/wp-content\/uploads\/2023\/08\/Ehrbar_Logo.svg","width":"1024","height":"1024","caption":"Ehrbar Saal"},"image":{"@id":"https:\/\/ehrbarsaal.at\/#\/schema\/logo\/image\/"},"sameAs":["https:\/\/www.facebook.com\/EhrbarSaalWien\/","https:\/\/www.instagram.com\/ehrbarsaal.wien\/"]}]}},"_links":{"self":[{"href":"https:\/\/ehrbarsaal.at\/en\/wp-json\/wp\/v2\/konzerte\/2270","targetHints":{"allow":["GET"]}}],"collection":[{"href":"https:\/\/ehrbarsaal.at\/en\/wp-json\/wp\/v2\/konzerte"}],"about":[{"href":"https:\/\/ehrbarsaal.at\/en\/wp-json\/wp\/v2\/types\/konzerte"}],"author":[{"embeddable":true,"href":"https:\/\/ehrbarsaal.at\/en\/wp-json\/wp\/v2\/users\/5"}],"version-history":[{"count":12,"href":"https:\/\/ehrbarsaal.at\/en\/wp-json\/wp\/v2\/konzerte\/2270\/revisions"}],"predecessor-version":[{"id":7646,"href":"https:\/\/ehrbarsaal.at\/en\/wp-json\/wp\/v2\/konzerte\/2270\/revisions\/7646"}],"wp:featuredmedia":[{"embeddable":true,"href":"https:\/\/ehrbarsaal.at\/en\/wp-json\/wp\/v2\/media\/2564"}],"wp:attachment":[{"href":"https:\/\/ehrbarsaal.at\/en\/wp-json\/wp\/v2\/media?parent=2270"}],"wp:term":[{"taxonomy":"category","embeddable":true,"href":"https:\/\/ehrbarsaal.at\/en\/wp-json\/wp\/v2\/categories?post=2270"},{"taxonomy":"post_tag","embeddable":true,"href":"https:\/\/ehrbarsaal.at\/en\/wp-json\/wp\/v2\/tags?post=2270"}],"curies":[{"name":"wp","href":"https:\/\/api.w.org\/{rel}","templated":true}]}}