{"id":13431,"date":"2026-04-23T12:08:45","date_gmt":"2026-04-23T11:08:45","guid":{"rendered":"https:\/\/ehrbarsaal.at\/?post_type=konzerte&#038;p=13431"},"modified":"2026-04-27T13:42:01","modified_gmt":"2026-04-27T12:42:01","slug":"akiko-nakajima-freundschaftskonzert","status":"publish","type":"konzerte","link":"https:\/\/ehrbarsaal.at\/en\/konzerte\/akiko-nakajima-freundschaftskonzert\/","title":{"rendered":"Akiko Nakajima \u2013 Freundschaftskonzert"},"content":{"rendered":"<div class=\"shariff shariff-align-flex-end shariff-widget-align-flex-end\" data-services=\"facebook\" data-url=\"https%3A%2F%2Fehrbarsaal.at%2Fen%2Fkonzerte%2Fakiko-nakajima-freundschaftskonzert%2F\" data-timestamp=\"1777297321\" data-backendurl=\"https:\/\/ehrbarsaal.at\/en\/wp-json\/shariff\/v1\/share_counts?\"><div class=\"ShariffHeadline\">Share event<\/div><ul class=\"shariff-buttons theme-round orientation-horizontal buttonsize-medium\"><li class=\"shariff-button twitter\" style=\"background-color:#595959;border-radius:10%\"><a href=\"https:\/\/twitter.com\/share?url=https%3A%2F%2Fehrbarsaal.at%2Fen%2Fkonzerte%2Fakiko-nakajima-freundschaftskonzert%2F&text=Akiko%20Nakajima%20%E2%80%93%20Freundschaftskonzert\" title=\"Share at X\" aria-label=\"Share at X\" role=\"button\" rel=\"noopener nofollow\" class=\"shariff-link\" style=\";border-radius:10%; background-color:#ffffff; color:#fff\" target=\"_blank\"><span class=\"shariff-icon\" style=\"\"><svg width=\"32px\" height=\"20px\" xmlns=\"http:\/\/www.w3.org\/2000\/svg\" viewbox=\"0 0 24 24\"><path fill=\"#000\" d=\"M14.258 10.152L23.176 0h-2.113l-7.747 8.813L7.133 0H0l9.352 13.328L0 23.973h2.113l8.176-9.309 6.531 9.309h7.133zm-2.895 3.293l-.949-1.328L2.875 1.56h3.246l6.086 8.523.945 1.328 7.91 11.078h-3.246zm0 0\"\/><\/svg><\/span><\/a><\/li><li class=\"shariff-button facebook\" style=\"background-color:#4273c8;border-radius:10%\"><a href=\"https:\/\/www.facebook.com\/sharer\/sharer.php?u=https%3A%2F%2Fehrbarsaal.at%2Fen%2Fkonzerte%2Fakiko-nakajima-freundschaftskonzert%2F\" title=\"Share on Facebook\" aria-label=\"Share on Facebook\" role=\"button\" rel=\"nofollow\" class=\"shariff-link\" style=\";border-radius:10%; background-color:#ffffff; color:#fff\" target=\"_blank\"><span class=\"shariff-icon\" style=\"\"><svg width=\"32px\" height=\"20px\" xmlns=\"http:\/\/www.w3.org\/2000\/svg\" viewbox=\"0 0 18 32\"><path fill=\"#3b5998\" d=\"M17.1 0.2v4.7h-2.8q-1.5 0-2.1 0.6t-0.5 1.9v3.4h5.2l-0.7 5.3h-4.5v13.6h-5.5v-13.6h-4.5v-5.3h4.5v-3.9q0-3.3 1.9-5.2t5-1.8q2.6 0 4.1 0.2z\"\/><\/svg><\/span><\/a><\/li><li class=\"shariff-button mailto\" style=\"background-color:#a8a8a8;border-radius:10%\"><a href=\"mailto:?body=https%3A%2F%2Fehrbarsaal.at%2Fen%2Fkonzerte%2Fakiko-nakajima-freundschaftskonzert%2F&subject=Akiko%20Nakajima%20%E2%80%93%20Freundschaftskonzert\" title=\"Send by e-mail\" aria-label=\"Send by e-mail\" role=\"button\" rel=\"noopener nofollow\" class=\"shariff-link\" style=\";border-radius:10%; background-color:#ffffff; color:#fff\"><span class=\"shariff-icon\" style=\"\"><svg width=\"32px\" height=\"20px\" xmlns=\"http:\/\/www.w3.org\/2000\/svg\" viewbox=\"0 0 32 32\"><path fill=\"#999\" d=\"M32 12.7v14.2q0 1.2-0.8 2t-2 0.9h-26.3q-1.2 0-2-0.9t-0.8-2v-14.2q0.8 0.9 1.8 1.6 6.5 4.4 8.9 6.1 1 0.8 1.6 1.2t1.7 0.9 2 0.4h0.1q0.9 0 2-0.4t1.7-0.9 1.6-1.2q3-2.2 8.9-6.1 1-0.7 1.8-1.6zM32 7.4q0 1.4-0.9 2.7t-2.2 2.2q-6.7 4.7-8.4 5.8-0.2 0.1-0.7 0.5t-1 0.7-0.9 0.6-1.1 0.5-0.9 0.2h-0.1q-0.4 0-0.9-0.2t-1.1-0.5-0.9-0.6-1-0.7-0.7-0.5q-1.6-1.1-4.7-3.2t-3.6-2.6q-1.1-0.7-2.1-2t-1-2.5q0-1.4 0.7-2.3t2.1-0.9h26.3q1.2 0 2 0.8t0.9 2z\"\/><\/svg><\/span><\/a><\/li><li class=\"shariff-button whatsapp\" style=\"background-color:#5cbe4a;border-radius:10%\"><a href=\"https:\/\/api.whatsapp.com\/send?text=https%3A%2F%2Fehrbarsaal.at%2Fen%2Fkonzerte%2Fakiko-nakajima-freundschaftskonzert%2F%20Akiko%20Nakajima%20%E2%80%93%20Freundschaftskonzert\" title=\"Share on Whatsapp\" aria-label=\"Share on Whatsapp\" role=\"button\" rel=\"noopener nofollow\" class=\"shariff-link\" style=\";border-radius:10%; background-color:#ffffff; color:#fff\" target=\"_blank\"><span class=\"shariff-icon\" style=\"\"><svg width=\"32px\" height=\"20px\" xmlns=\"http:\/\/www.w3.org\/2000\/svg\" viewbox=\"0 0 32 32\"><path fill=\"#34af23\" d=\"M17.6 17.4q0.2 0 1.7 0.8t1.6 0.9q0 0.1 0 0.3 0 0.6-0.3 1.4-0.3 0.7-1.3 1.2t-1.8 0.5q-1 0-3.4-1.1-1.7-0.8-3-2.1t-2.6-3.3q-1.3-1.9-1.3-3.5v-0.1q0.1-1.6 1.3-2.8 0.4-0.4 0.9-0.4 0.1 0 0.3 0t0.3 0q0.3 0 0.5 0.1t0.3 0.5q0.1 0.4 0.6 1.6t0.4 1.3q0 0.4-0.6 1t-0.6 0.8q0 0.1 0.1 0.3 0.6 1.3 1.8 2.4 1 0.9 2.7 1.8 0.2 0.1 0.4 0.1 0.3 0 1-0.9t0.9-0.9zM14 26.9q2.3 0 4.3-0.9t3.6-2.4 2.4-3.6 0.9-4.3-0.9-4.3-2.4-3.6-3.6-2.4-4.3-0.9-4.3 0.9-3.6 2.4-2.4 3.6-0.9 4.3q0 3.6 2.1 6.6l-1.4 4.2 4.3-1.4q2.8 1.9 6.2 1.9zM14 2.2q2.7 0 5.2 1.1t4.3 2.9 2.9 4.3 1.1 5.2-1.1 5.2-2.9 4.3-4.3 2.9-5.2 1.1q-3.5 0-6.5-1.7l-7.4 2.4 2.4-7.2q-1.9-3.2-1.9-6.9 0-2.7 1.1-5.2t2.9-4.3 4.3-2.9 5.2-1.1z\"\/><\/svg><\/span><\/a><\/li><\/ul><\/div>","protected":false},"excerpt":{"rendered":"","protected":false},"author":11,"featured_media":13442,"template":"","categories":[],"tags":[],"class_list":["post-13431","konzerte","type-konzerte","status-publish","has-post-thumbnail","hentry"],"acf":{"subtitel":"35 Jahre Stimme, Leidenschaft und k\u00fcnstlerische Vielfalt","datum":"20261129","uhrzeit":"18:30 Uhr","ort":"Ehrbar Saal","konzertinfo":"<p class=\"kuenstlername\">\r\nAkiko Nakajima <span class=\"kuenstlerfunktion\">Sopran<br \/><\/span>\r\nMasaaki Saito <span class=\"kuenstlerfunktion\">Klavier<br \/><\/span>\r\nTomoya Nakai <span class=\"kuenstlerfunktion\">25-saitige Koto<br \/><\/span>\r\nKS Linda Watson <span class=\"kuenstlerfunktion\">Sopran<br \/><\/span>\r\nGan-ya Ben-gur Akselrod <span class=\"kuenstlerfunktion\">Sopran<br \/><\/span>\r\nPrevin Mitchell Moore <span class=\"kuenstlerfunktion\">Tenor<br \/><\/span>\r\nStephen J. Chaundy <span class=\"kuenstlerfunktion\">Tenor<br \/><\/span>\r\nYuko Gulda <span class=\"kuenstlerfunktion\">Pianistin<br \/><\/span>\r\nWolfgang Dosch <span class=\"kuenstlerfunktion\">Regie<br \/><\/span>\r\n<span style=\"text-transform:none;\">TOMAKI TRIO \u2013 Studierende und Alumni der Klasse von Prof. Akiko Nakajima<\/span>\r\n<\/p>\r\n \r\n<p class=\"programmtitel\">Programm-Vorschau<\/p>\r\n            <p class=\"programm-kuenstler\">Deutsche Lieder (Akiko Nakajima, Masaaki Saito)<\/p>\r\n            <p class=\"programm-komponistin\">Franz Liszt<\/p>\r\n            <p class=\"stuecktitel\">Was Liebe sei (Charlotte von Hagn)<\/p>\r\n            <p class=\"stuecktitel\">Es muss ein Wunderbares sein (Oscar von Redwitz)<\/p>\r\n\r\n            <p class=\"programm-komponistin\">Johannes Brahms<\/p>\r\n            <p class=\"stuecktitel\">Nicht mehr zu dir zu gehen, Op. 32 Nr. 2 (Georg Friedrich Daumer)<\/p>\r\n            <p class=\"stuecktitel\">Wehe, so willst du mich wieder, Op. 32 Nr. 5 (August von Platen)<\/p>\r\n            <p class=\"stuecktitel\">Wie bist du, meine K\u00f6nigin, Op. 32 Nr. 9 (Georg Friedrich Daumer)<\/p>\r\n\r\n            <p class=\"programm-kuenstler\">Japanische Lieder (Tomaki Trio)<\/p>\r\n            <p class=\"stuecktitel\">Sakura, Sakura (Volkslied)<\/p>\r\n            <p class=\"programm-komponistin\">K\u014dichi Kishi<\/p>\r\n            <p class=\"stuecktitel\">Die M\u00f6we (Kishi K\u014dichi)<\/p>\r\n            <p class=\"stuecktitel\">Die rote Haarnadel (Kishi K\u014dichi)<\/p>\r\n\r\n         <p class=\"programm-kuenstler\">25-saitige Koto (Tomoya Nakai, Masaaki Saito)<\/p>\r\n            <p class=\"stuecktitel\">My Favorite Things aus &bdquo;The Sound of Music&ldquo; (Oscar Hammerstein II)<\/p>\r\n            <p class=\"stuecktitel\">Crimson Flame<\/p>\r\n            <p class=\"stuecktitel\">Cs\u00e1rd\u00e1s<\/p>\r\n\r\n         <p class=\"programm-kuenstler\">Tomaki Trio<\/p>\r\n            <p class=\"programm-komponistin\">Francesco Paolo Tosti<\/p>\r\n            <p class=\"stuecktitel\">Good Bye (Addio!) (George J. Whyte-Melville)<\/p>\r\n\r\n            <p class=\"pause\">\u2013 Pause \u2013<\/p>\r\n\r\n            <p class=\"programm-kuenstler\">Musikalische Highlights aus Operette und Musical<\/p>\r\n<p class=\"programm-komponistin\">Leonard Bernstein<\/p>\r\n            <p class=\"stuecktitel\">A Little Bit in Love aus &bdquo;Wonderful Town&ldquo; (Betty Comden\/Adolph Green)<\/p>\r\n            \r\n            <p class=\"programm-komponistin\">Elton John<\/p>\r\n            <p class=\"stuecktitel\">Can You Feel the Love Tonight aus &bdquo;The Lion King&ldquo; (Tim Rice)<\/p>\r\n            \r\n            <p class=\"programm-komponistin\">Victor Herbert<\/p>\r\n            <p class=\"stuecktitel\">Art Is Calling for Me aus &bdquo;The Enchantress&ldquo; (Harry B. Smith)<\/p>\r\n            \r\n            <p class=\"programm-komponistin\">Stephen Sondheim<\/p>\r\n            <p class=\"stuecktitel\">Ladies Who Lunch aus &bdquo;Take Me to the World&ldquo; (Stephen Sondheim)<\/p>\r\n            \r\n            <p class=\"programm-komponistin\">ABBA<\/p>\r\n            <p class=\"stuecktitel\">Thank You for the Music (Benny Andersson\/Bj\u00f6rn Ulvaeus)<\/p>\r\n\r\n            <p class=\"text\">Anl\u00e4sslich ihres 35-j\u00e4hrigen B\u00fchnenjubil\u00e4ums l\u00e4dt die Sopranistin Akiko Nakajima zu einem besonderen Freundschaftskonzert, das ganz im Zeichen k\u00fcnstlerischer Verbundenheit und gelebter Internationalit\u00e4t steht. K\u00fcnstler:innen unterschiedlicher Generationen aus \u00d6sterreich, Japan und dem Wiener Musikleben gestalten gemeinsam einen Abend von au\u00dfergew\u00f6hnlicher stilistischer Vielfalt und feiner musikalischer Nuancierung.<\/p>\r\n            <p class=\"text\">Im Mittelpunkt steht das Tomaki Trio mit Tomoya Nakai (25-saitige Koto) und Masaaki Saito (Klavier), das europ\u00e4ische Liedkunst und japanische Klangtraditionen in einen sensiblen, poetischen Dialog f\u00fchrt. Zu den Mitwirkenden z\u00e4hlen herausragende Pers\u00f6nlichkeiten wie Linda Watson, Gan-ya Ben-gur Akselrod und Previn Mitchell Moore. Die in Wien lebende Pianistin Yuko Gulda bereichert das Programm mit einer eigenen Komposition. Beitr\u00e4ge von Studierenden und Alumni sowie die szenische Mitwirkung von Wolfgang Dosch verleihen dem Konzert eine lebendige, generationen\u00fcbergreifende Ausdruckskraft.<\/p>\r\n            <p class=\"text\">Akiko Nakajima, Preistr\u00e4gerin der Australian Singing Competition, war langj\u00e4hriges Ensemblemitglied der Wiener Volksoper und arbeitete mit Dirigenten wie Herbert Blomstedt, Seiji Ozawa und Zubin Mehta zusammen. Heute ist sie Professorin an der Musik und Kunst Privatuniversit\u00e4t der Stadt Wien (MUK) sowie k\u00fcnstlerische Leiterin internationaler Projekte, die Europa und Japan auf inspirierende Weise verbinden.<\/p>\r\n\r\n<p class=\"veranstalter\">Veranstaltet von der <i>\u00d6sterreichisch-Japanischen Gesellschaft<\/i>. Tickets und Informationen unter <a href=\"https:\/\/events.eventjet.at\/e\/35-jahre-stimme-leidenschaft-und-kuenstlerische-vielfalt-akiko-nakajima-freundschaftskonzert\/\" target=\"_blank\">eventjet.at (Link)<\/a> und an der Abendkasse (ausschlie\u00dflich Barzahlung).<\/p>","tickets_link":{"title":"","url":"https:\/\/events.eventjet.at\/e\/35-jahre-stimme-leidenschaft-und-kuenstlerische-vielfalt-akiko-nakajima-freundschaftskonzert\/","target":""},"abendkassa":true,"freier_eintritt":false,"teaserbild_fur_liste":13444,"abgesagt":false,"ausverkauft":false,"mitwirkende":"","layoutnew":false,"veranstalter":"","werke-2":"","werke":"","tickets_text":""},"yoast_head":"<!-- This site is optimized with the Yoast SEO Premium plugin v26.9 (Yoast SEO v26.9) - https:\/\/yoast.com\/product\/yoast-seo-premium-wordpress\/ -->\n<title>Akiko Nakajima \u2013 Freundschaftskonzert - Ehrbar Saal<\/title>\n<meta name=\"robots\" content=\"index, follow, max-snippet:-1, max-image-preview:large, max-video-preview:-1\" \/>\n<link rel=\"canonical\" href=\"https:\/\/ehrbarsaal.at\/en\/konzerte\/akiko-nakajima-freundschaftskonzert\/\" \/>\n<meta property=\"og:locale\" content=\"en_GB\" \/>\n<meta property=\"og:type\" content=\"article\" \/>\n<meta property=\"og:title\" content=\"Akiko Nakajima \u2013 Freundschaftskonzert\" \/>\n<meta property=\"og:url\" content=\"https:\/\/ehrbarsaal.at\/en\/konzerte\/akiko-nakajima-freundschaftskonzert\/\" \/>\n<meta property=\"og:site_name\" content=\"Ehrbar Saal\" \/>\n<meta property=\"article:publisher\" content=\"https:\/\/www.facebook.com\/EhrbarSaalWien\/\" \/>\n<meta property=\"article:modified_time\" content=\"2026-04-27T12:42:01+00:00\" \/>\n<meta property=\"og:image\" content=\"https:\/\/ehrbarsaal.at\/wp-content\/uploads\/2026\/04\/Akiko-Nakajima-Freunde-c-diverse-1080.jpg\" \/>\n\t<meta property=\"og:image:width\" content=\"1080\" \/>\n\t<meta property=\"og:image:height\" content=\"764\" \/>\n\t<meta property=\"og:image:type\" content=\"image\/jpeg\" \/>\n<meta name=\"twitter:card\" content=\"summary_large_image\" \/>\n<meta name=\"twitter:label1\" content=\"Estimated reading time\" \/>\n\t<meta name=\"twitter:data1\" content=\"3 minutes\" \/>\n<script type=\"application\/ld+json\" class=\"yoast-schema-graph\">{\"@context\":\"https:\/\/schema.org\",\"@graph\":[{\"@type\":\"WebPage\",\"@id\":\"https:\/\/ehrbarsaal.at\/konzerte\/akiko-nakajima-freundschaftskonzert\/\",\"url\":\"https:\/\/ehrbarsaal.at\/konzerte\/akiko-nakajima-freundschaftskonzert\/\",\"name\":\"Akiko Nakajima \u2013 Freundschaftskonzert - Ehrbar Saal\",\"isPartOf\":{\"@id\":\"https:\/\/ehrbarsaal.at\/#website\"},\"primaryImageOfPage\":{\"@id\":\"https:\/\/ehrbarsaal.at\/konzerte\/akiko-nakajima-freundschaftskonzert\/#primaryimage\"},\"image\":{\"@id\":\"https:\/\/ehrbarsaal.at\/konzerte\/akiko-nakajima-freundschaftskonzert\/#primaryimage\"},\"thumbnailUrl\":\"https:\/\/ehrbarsaal.at\/wp-content\/uploads\/2026\/04\/Akiko-Nakajima-Freunde-c-diverse-1080.jpg\",\"datePublished\":\"2026-04-23T11:08:45+00:00\",\"dateModified\":\"2026-04-27T12:42:01+00:00\",\"breadcrumb\":{\"@id\":\"https:\/\/ehrbarsaal.at\/konzerte\/akiko-nakajima-freundschaftskonzert\/#breadcrumb\"},\"inLanguage\":\"en-GB\",\"potentialAction\":[{\"@type\":\"ReadAction\",\"target\":[\"https:\/\/ehrbarsaal.at\/konzerte\/akiko-nakajima-freundschaftskonzert\/\"]}]},{\"@type\":\"ImageObject\",\"inLanguage\":\"en-GB\",\"@id\":\"https:\/\/ehrbarsaal.at\/konzerte\/akiko-nakajima-freundschaftskonzert\/#primaryimage\",\"url\":\"https:\/\/ehrbarsaal.at\/wp-content\/uploads\/2026\/04\/Akiko-Nakajima-Freunde-c-diverse-1080.jpg\",\"contentUrl\":\"https:\/\/ehrbarsaal.at\/wp-content\/uploads\/2026\/04\/Akiko-Nakajima-Freunde-c-diverse-1080.jpg\",\"width\":1080,\"height\":764,\"caption\":\"V.l.o.n.r.u.: Akiko Nakajima (c) Johannes Ifkovits, Masaaki Saito (c) privat, Previn Moor (c) Martin Hauser, Linda Watson (c) privat, Stephen J. Chaundy (c) Fabian Chaundy, Gan-Ya Ben-Gur (c) Stefan Panfili, Tomoya Nakai (c) tomoyanakai.com, Yuko Gulda (c) privat\"},{\"@type\":\"BreadcrumbList\",\"@id\":\"https:\/\/ehrbarsaal.at\/konzerte\/akiko-nakajima-freundschaftskonzert\/#breadcrumb\",\"itemListElement\":[{\"@type\":\"ListItem\",\"position\":1,\"name\":\"Startseite\",\"item\":\"https:\/\/ehrbarsaal.at\/\"},{\"@type\":\"ListItem\",\"position\":2,\"name\":\"Konzerte\",\"item\":\"https:\/\/ehrbarsaal.at\/konzert-archiv\/\"},{\"@type\":\"ListItem\",\"position\":3,\"name\":\"Akiko Nakajima \u2013 Freundschaftskonzert\"}]},{\"@type\":\"WebSite\",\"@id\":\"https:\/\/ehrbarsaal.at\/#website\",\"url\":\"https:\/\/ehrbarsaal.at\/\",\"name\":\"Ehrbar Saal\",\"description\":\"Willkommen beim Ehrbar Saal!\",\"publisher\":{\"@id\":\"https:\/\/ehrbarsaal.at\/#organization\"},\"potentialAction\":[{\"@type\":\"SearchAction\",\"target\":{\"@type\":\"EntryPoint\",\"urlTemplate\":\"https:\/\/ehrbarsaal.at\/?s={search_term_string}\"},\"query-input\":{\"@type\":\"PropertyValueSpecification\",\"valueRequired\":true,\"valueName\":\"search_term_string\"}}],\"inLanguage\":\"en-GB\"},{\"@type\":\"Organization\",\"@id\":\"https:\/\/ehrbarsaal.at\/#organization\",\"name\":\"Ehrbar Saal\",\"url\":\"https:\/\/ehrbarsaal.at\/\",\"logo\":{\"@type\":\"ImageObject\",\"inLanguage\":\"en-GB\",\"@id\":\"https:\/\/ehrbarsaal.at\/#\/schema\/logo\/image\/\",\"url\":\"https:\/\/ehrbarsaal.at\/wp-content\/uploads\/2023\/08\/Ehrbar_Logo.svg\",\"contentUrl\":\"https:\/\/ehrbarsaal.at\/wp-content\/uploads\/2023\/08\/Ehrbar_Logo.svg\",\"width\":\"1024\",\"height\":\"1024\",\"caption\":\"Ehrbar Saal\"},\"image\":{\"@id\":\"https:\/\/ehrbarsaal.at\/#\/schema\/logo\/image\/\"},\"sameAs\":[\"https:\/\/www.facebook.com\/EhrbarSaalWien\/\",\"https:\/\/www.instagram.com\/ehrbarsaal.wien\/\"]}]}<\/script>\n<!-- \/ Yoast SEO Premium plugin. -->","yoast_head_json":{"title":"Akiko Nakajima \u2013 Freundschaftskonzert - Ehrbar Saal","robots":{"index":"index","follow":"follow","max-snippet":"max-snippet:-1","max-image-preview":"max-image-preview:large","max-video-preview":"max-video-preview:-1"},"canonical":"https:\/\/ehrbarsaal.at\/en\/konzerte\/akiko-nakajima-freundschaftskonzert\/","og_locale":"en_GB","og_type":"article","og_title":"Akiko Nakajima \u2013 Freundschaftskonzert","og_url":"https:\/\/ehrbarsaal.at\/en\/konzerte\/akiko-nakajima-freundschaftskonzert\/","og_site_name":"Ehrbar Saal","article_publisher":"https:\/\/www.facebook.com\/EhrbarSaalWien\/","article_modified_time":"2026-04-27T12:42:01+00:00","og_image":[{"width":1080,"height":764,"url":"https:\/\/ehrbarsaal.at\/wp-content\/uploads\/2026\/04\/Akiko-Nakajima-Freunde-c-diverse-1080.jpg","type":"image\/jpeg"}],"twitter_card":"summary_large_image","twitter_misc":{"Estimated reading time":"3 minutes"},"schema":{"@context":"https:\/\/schema.org","@graph":[{"@type":"WebPage","@id":"https:\/\/ehrbarsaal.at\/konzerte\/akiko-nakajima-freundschaftskonzert\/","url":"https:\/\/ehrbarsaal.at\/konzerte\/akiko-nakajima-freundschaftskonzert\/","name":"Akiko Nakajima \u2013 Freundschaftskonzert - Ehrbar Saal","isPartOf":{"@id":"https:\/\/ehrbarsaal.at\/#website"},"primaryImageOfPage":{"@id":"https:\/\/ehrbarsaal.at\/konzerte\/akiko-nakajima-freundschaftskonzert\/#primaryimage"},"image":{"@id":"https:\/\/ehrbarsaal.at\/konzerte\/akiko-nakajima-freundschaftskonzert\/#primaryimage"},"thumbnailUrl":"https:\/\/ehrbarsaal.at\/wp-content\/uploads\/2026\/04\/Akiko-Nakajima-Freunde-c-diverse-1080.jpg","datePublished":"2026-04-23T11:08:45+00:00","dateModified":"2026-04-27T12:42:01+00:00","breadcrumb":{"@id":"https:\/\/ehrbarsaal.at\/konzerte\/akiko-nakajima-freundschaftskonzert\/#breadcrumb"},"inLanguage":"en-GB","potentialAction":[{"@type":"ReadAction","target":["https:\/\/ehrbarsaal.at\/konzerte\/akiko-nakajima-freundschaftskonzert\/"]}]},{"@type":"ImageObject","inLanguage":"en-GB","@id":"https:\/\/ehrbarsaal.at\/konzerte\/akiko-nakajima-freundschaftskonzert\/#primaryimage","url":"https:\/\/ehrbarsaal.at\/wp-content\/uploads\/2026\/04\/Akiko-Nakajima-Freunde-c-diverse-1080.jpg","contentUrl":"https:\/\/ehrbarsaal.at\/wp-content\/uploads\/2026\/04\/Akiko-Nakajima-Freunde-c-diverse-1080.jpg","width":1080,"height":764,"caption":"V.l.o.n.r.u.: Akiko Nakajima (c) Johannes Ifkovits, Masaaki Saito (c) privat, Previn Moor (c) Martin Hauser, Linda Watson (c) privat, Stephen J. Chaundy (c) Fabian Chaundy, Gan-Ya Ben-Gur (c) Stefan Panfili, Tomoya Nakai (c) tomoyanakai.com, Yuko Gulda (c) privat"},{"@type":"BreadcrumbList","@id":"https:\/\/ehrbarsaal.at\/konzerte\/akiko-nakajima-freundschaftskonzert\/#breadcrumb","itemListElement":[{"@type":"ListItem","position":1,"name":"Startseite","item":"https:\/\/ehrbarsaal.at\/"},{"@type":"ListItem","position":2,"name":"Konzerte","item":"https:\/\/ehrbarsaal.at\/konzert-archiv\/"},{"@type":"ListItem","position":3,"name":"Akiko Nakajima \u2013 Freundschaftskonzert"}]},{"@type":"WebSite","@id":"https:\/\/ehrbarsaal.at\/#website","url":"https:\/\/ehrbarsaal.at\/","name":"Ehrbar Saal","description":"Willkommen beim Ehrbar Saal!","publisher":{"@id":"https:\/\/ehrbarsaal.at\/#organization"},"potentialAction":[{"@type":"SearchAction","target":{"@type":"EntryPoint","urlTemplate":"https:\/\/ehrbarsaal.at\/?s={search_term_string}"},"query-input":{"@type":"PropertyValueSpecification","valueRequired":true,"valueName":"search_term_string"}}],"inLanguage":"en-GB"},{"@type":"Organization","@id":"https:\/\/ehrbarsaal.at\/#organization","name":"Ehrbar Saal","url":"https:\/\/ehrbarsaal.at\/","logo":{"@type":"ImageObject","inLanguage":"en-GB","@id":"https:\/\/ehrbarsaal.at\/#\/schema\/logo\/image\/","url":"https:\/\/ehrbarsaal.at\/wp-content\/uploads\/2023\/08\/Ehrbar_Logo.svg","contentUrl":"https:\/\/ehrbarsaal.at\/wp-content\/uploads\/2023\/08\/Ehrbar_Logo.svg","width":"1024","height":"1024","caption":"Ehrbar Saal"},"image":{"@id":"https:\/\/ehrbarsaal.at\/#\/schema\/logo\/image\/"},"sameAs":["https:\/\/www.facebook.com\/EhrbarSaalWien\/","https:\/\/www.instagram.com\/ehrbarsaal.wien\/"]}]}},"_links":{"self":[{"href":"https:\/\/ehrbarsaal.at\/en\/wp-json\/wp\/v2\/konzerte\/13431","targetHints":{"allow":["GET"]}}],"collection":[{"href":"https:\/\/ehrbarsaal.at\/en\/wp-json\/wp\/v2\/konzerte"}],"about":[{"href":"https:\/\/ehrbarsaal.at\/en\/wp-json\/wp\/v2\/types\/konzerte"}],"author":[{"embeddable":true,"href":"https:\/\/ehrbarsaal.at\/en\/wp-json\/wp\/v2\/users\/11"}],"version-history":[{"count":7,"href":"https:\/\/ehrbarsaal.at\/en\/wp-json\/wp\/v2\/konzerte\/13431\/revisions"}],"predecessor-version":[{"id":13503,"href":"https:\/\/ehrbarsaal.at\/en\/wp-json\/wp\/v2\/konzerte\/13431\/revisions\/13503"}],"wp:featuredmedia":[{"embeddable":true,"href":"https:\/\/ehrbarsaal.at\/en\/wp-json\/wp\/v2\/media\/13442"}],"wp:attachment":[{"href":"https:\/\/ehrbarsaal.at\/en\/wp-json\/wp\/v2\/media?parent=13431"}],"wp:term":[{"taxonomy":"category","embeddable":true,"href":"https:\/\/ehrbarsaal.at\/en\/wp-json\/wp\/v2\/categories?post=13431"},{"taxonomy":"post_tag","embeddable":true,"href":"https:\/\/ehrbarsaal.at\/en\/wp-json\/wp\/v2\/tags?post=13431"}],"curies":[{"name":"wp","href":"https:\/\/api.w.org\/{rel}","templated":true}]}}