{"id":12523,"date":"2026-02-09T11:56:11","date_gmt":"2026-02-09T11:56:11","guid":{"rendered":"https:\/\/ehrbarsaal.at\/?post_type=konzerte&#038;p=12523"},"modified":"2026-04-30T15:13:34","modified_gmt":"2026-04-30T14:13:34","slug":"concentus21-wolfgang-amadeus-mozart","status":"publish","type":"konzerte","link":"https:\/\/ehrbarsaal.at\/en\/konzerte\/concentus21-wolfgang-amadeus-mozart\/","title":{"rendered":"Wolfgang Amadeus Mozart &#038; <br\/>Napol\u00e9on Henri Reber"},"content":{"rendered":"<div class=\"shariff shariff-align-flex-end shariff-widget-align-flex-end\" data-services=\"facebook\" data-url=\"https%3A%2F%2Fehrbarsaal.at%2Fen%2Fkonzerte%2Fconcentus21-wolfgang-amadeus-mozart%2F\" data-timestamp=\"1777562014\" data-backendurl=\"https:\/\/ehrbarsaal.at\/en\/wp-json\/shariff\/v1\/share_counts?\"><div class=\"ShariffHeadline\">Share event<\/div><ul class=\"shariff-buttons theme-round orientation-horizontal buttonsize-medium\"><li class=\"shariff-button twitter\" style=\"background-color:#595959;border-radius:10%\"><a href=\"https:\/\/twitter.com\/share?url=https%3A%2F%2Fehrbarsaal.at%2Fen%2Fkonzerte%2Fconcentus21-wolfgang-amadeus-mozart%2F&text=Wolfgang%20Amadeus%20Mozart%20%26%20Napol%C3%A9on%20Henri%20Reber\" title=\"Share at X\" aria-label=\"Share at X\" role=\"button\" rel=\"noopener nofollow\" class=\"shariff-link\" style=\";border-radius:10%; background-color:#ffffff; color:#fff\" target=\"_blank\"><span class=\"shariff-icon\" style=\"\"><svg width=\"32px\" height=\"20px\" xmlns=\"http:\/\/www.w3.org\/2000\/svg\" viewbox=\"0 0 24 24\"><path fill=\"#000\" d=\"M14.258 10.152L23.176 0h-2.113l-7.747 8.813L7.133 0H0l9.352 13.328L0 23.973h2.113l8.176-9.309 6.531 9.309h7.133zm-2.895 3.293l-.949-1.328L2.875 1.56h3.246l6.086 8.523.945 1.328 7.91 11.078h-3.246zm0 0\"\/><\/svg><\/span><\/a><\/li><li class=\"shariff-button facebook\" style=\"background-color:#4273c8;border-radius:10%\"><a href=\"https:\/\/www.facebook.com\/sharer\/sharer.php?u=https%3A%2F%2Fehrbarsaal.at%2Fen%2Fkonzerte%2Fconcentus21-wolfgang-amadeus-mozart%2F\" title=\"Share on Facebook\" aria-label=\"Share on Facebook\" role=\"button\" rel=\"nofollow\" class=\"shariff-link\" style=\";border-radius:10%; background-color:#ffffff; color:#fff\" target=\"_blank\"><span class=\"shariff-icon\" style=\"\"><svg width=\"32px\" height=\"20px\" xmlns=\"http:\/\/www.w3.org\/2000\/svg\" viewbox=\"0 0 18 32\"><path fill=\"#3b5998\" d=\"M17.1 0.2v4.7h-2.8q-1.5 0-2.1 0.6t-0.5 1.9v3.4h5.2l-0.7 5.3h-4.5v13.6h-5.5v-13.6h-4.5v-5.3h4.5v-3.9q0-3.3 1.9-5.2t5-1.8q2.6 0 4.1 0.2z\"\/><\/svg><\/span><\/a><\/li><li class=\"shariff-button mailto\" style=\"background-color:#a8a8a8;border-radius:10%\"><a href=\"mailto:?body=https%3A%2F%2Fehrbarsaal.at%2Fen%2Fkonzerte%2Fconcentus21-wolfgang-amadeus-mozart%2F&subject=Wolfgang%20Amadeus%20Mozart%20%26%20Napol%C3%A9on%20Henri%20Reber\" title=\"Send by e-mail\" aria-label=\"Send by e-mail\" role=\"button\" rel=\"noopener nofollow\" class=\"shariff-link\" style=\";border-radius:10%; background-color:#ffffff; color:#fff\"><span class=\"shariff-icon\" style=\"\"><svg width=\"32px\" height=\"20px\" xmlns=\"http:\/\/www.w3.org\/2000\/svg\" viewbox=\"0 0 32 32\"><path fill=\"#999\" d=\"M32 12.7v14.2q0 1.2-0.8 2t-2 0.9h-26.3q-1.2 0-2-0.9t-0.8-2v-14.2q0.8 0.9 1.8 1.6 6.5 4.4 8.9 6.1 1 0.8 1.6 1.2t1.7 0.9 2 0.4h0.1q0.9 0 2-0.4t1.7-0.9 1.6-1.2q3-2.2 8.9-6.1 1-0.7 1.8-1.6zM32 7.4q0 1.4-0.9 2.7t-2.2 2.2q-6.7 4.7-8.4 5.8-0.2 0.1-0.7 0.5t-1 0.7-0.9 0.6-1.1 0.5-0.9 0.2h-0.1q-0.4 0-0.9-0.2t-1.1-0.5-0.9-0.6-1-0.7-0.7-0.5q-1.6-1.1-4.7-3.2t-3.6-2.6q-1.1-0.7-2.1-2t-1-2.5q0-1.4 0.7-2.3t2.1-0.9h26.3q1.2 0 2 0.8t0.9 2z\"\/><\/svg><\/span><\/a><\/li><li class=\"shariff-button whatsapp\" style=\"background-color:#5cbe4a;border-radius:10%\"><a href=\"https:\/\/api.whatsapp.com\/send?text=https%3A%2F%2Fehrbarsaal.at%2Fen%2Fkonzerte%2Fconcentus21-wolfgang-amadeus-mozart%2F%20Wolfgang%20Amadeus%20Mozart%20%26%20Napol%C3%A9on%20Henri%20Reber\" title=\"Share on Whatsapp\" aria-label=\"Share on Whatsapp\" role=\"button\" rel=\"noopener nofollow\" class=\"shariff-link\" style=\";border-radius:10%; background-color:#ffffff; color:#fff\" target=\"_blank\"><span class=\"shariff-icon\" style=\"\"><svg width=\"32px\" height=\"20px\" xmlns=\"http:\/\/www.w3.org\/2000\/svg\" viewbox=\"0 0 32 32\"><path fill=\"#34af23\" d=\"M17.6 17.4q0.2 0 1.7 0.8t1.6 0.9q0 0.1 0 0.3 0 0.6-0.3 1.4-0.3 0.7-1.3 1.2t-1.8 0.5q-1 0-3.4-1.1-1.7-0.8-3-2.1t-2.6-3.3q-1.3-1.9-1.3-3.5v-0.1q0.1-1.6 1.3-2.8 0.4-0.4 0.9-0.4 0.1 0 0.3 0t0.3 0q0.3 0 0.5 0.1t0.3 0.5q0.1 0.4 0.6 1.6t0.4 1.3q0 0.4-0.6 1t-0.6 0.8q0 0.1 0.1 0.3 0.6 1.3 1.8 2.4 1 0.9 2.7 1.8 0.2 0.1 0.4 0.1 0.3 0 1-0.9t0.9-0.9zM14 26.9q2.3 0 4.3-0.9t3.6-2.4 2.4-3.6 0.9-4.3-0.9-4.3-2.4-3.6-3.6-2.4-4.3-0.9-4.3 0.9-3.6 2.4-2.4 3.6-0.9 4.3q0 3.6 2.1 6.6l-1.4 4.2 4.3-1.4q2.8 1.9 6.2 1.9zM14 2.2q2.7 0 5.2 1.1t4.3 2.9 2.9 4.3 1.1 5.2-1.1 5.2-2.9 4.3-4.3 2.9-5.2 1.1q-3.5 0-6.5-1.7l-7.4 2.4 2.4-7.2q-1.9-3.2-1.9-6.9 0-2.7 1.1-5.2t2.9-4.3 4.3-2.9 5.2-1.1z\"\/><\/svg><\/span><\/a><\/li><\/ul><\/div>","protected":false},"excerpt":{"rendered":"","protected":false},"author":11,"featured_media":12698,"template":"","categories":[],"tags":[],"class_list":["post-12523","konzerte","type-konzerte","status-publish","has-post-thumbnail","hentry"],"acf":{"subtitel":"Orchesterverein Concentus<sup><span style=\"font-weight:700;\">21<\/span><\/sup>","datum":"20261128","uhrzeit":"19:00 Uhr","ort":"Ehrbar Saal","konzertinfo":"<p class=\"kuenstlername\">\r\nHerbert Krenn <span class=\"kuenstlerfunktion\">Dirigent<\/span><br\/>\r\nMagda Jalikop <span class=\"kuenstlerfunktion\">Klavier<\/span><br\/>\r\nconcentus<sup><span style=\"font-weight:700;\">21<\/span><\/sup> <span class=\"kuenstlerfunktion\">Orchester<\/span><br\/>\r\n<\/p>\r\n\r\n<p class=\"programmtitel\">Programm<\/p>\r\n<p class=\"programm-komponistin\">Wolfgang Amadeus Mozart<\/p>\r\n<p class=\"stuecktitel\">Klavierkonzert Nr.&nbsp;17 in G-Dur, KV&nbsp;453<\/p>\r\n<p class=\"stueckabschnitt\">I. Allegro<\/p>\r\n<p class=\"stueckabschnitt\">II. Andante<\/p>\r\n<p class=\"stueckabschnitt\">III. Allegretto, Presto<\/p>\r\n\r\n<p class=\"stuecktitel\">Symphonie Nr.&nbsp;40 in g-moll, KV&nbsp;550<\/p>\r\n<p class=\"stueckabschnitt\">I. Molto allegro<\/p>\r\n<p class=\"stueckabschnitt\">II. Andante<\/p>\r\n<p class=\"stueckabschnitt\">III. Menuetto. Allegretto<\/p>\r\n<p class=\"stueckabschnitt\">IV. Allegro assai<\/p>\r\n\r\n<!--\r\n<p class=\"programm-komponistin\">Napol\u00e9on Henri Reber<\/p>\r\n<p class=\"stuecktitel\">Symphonie Nr.&nbsp;4 in G-Dur, Op.&nbsp;33<\/p>\r\n<p class=\"stueckabschnitt\">I. Allegro<\/p>\r\n<p class=\"stueckabschnitt\">II. Andante sostenuto<\/p>\r\n<p class=\"stueckabschnitt\">III. Scherzo. Allegro<\/p>\r\n<p class=\"stueckabschnitt\">IV. Final. Allegro<\/p>\r\n-->\r\n\r\n<p class=\"text\">\r\nDas 17.&nbsp;Klavierkonzert Wolfgang Amadeus Mozarts entstand im Jahr 1784 in Wien. Mozart schrieb es wie das 14.&nbsp;Klavierkonzert f\u00fcr seine Sch\u00fclerin Barbara Ployer. Das Konzert ist technisch ebenso anspruchsvoll wie seine Vorg\u00e4nger. Die Symphonie Nr. 40 in g-moll geh\u00f6rt zu Mozarts bekanntesten Werken und zeichnet sich durch ihre leidenschaftliche, dramatische Stimmung und den unverwechselbaren melancholischen Charakter aus.<!--Zum Konzept des Orchestervereins geh\u00f6rt es, auch wenig bekannte Werke zu aufzuf\u00fchren: Eieses Mal ist es Napo\u00e8on Henri Rebers Symphonie Nr.&nbsp;4 in G-Dur, Op.&nbsp;33, die er 1858 komponiert hat.--> <br\/>\r\n&nbsp;<br\/>\r\nDie Solistin <span style=\"font-weight:500;\">Magda Jalikop<\/span> begann im Alter von sieben Jahren mit dem Klavierunterricht an einer Musikschule in \u017dilina (Slowakei). Erste Orchestererfahrungen sammelte sie in den Jahren 1995\u20131999 beim dortigen Kinderorchester. Nach der Matura im Jahr 1999 wurde sie zum Klavierstudium am Konservatorium in \u017dilina angenommen. Seit 2022 Mitglied im Orchester <i>Concentus<sup><span style=\"font-weight:500;\">21<\/span><\/sup><\/i>, wo sie sonst zweite Violine spielt, gab sie im J\u00e4nner 2025 ihr erstes Solokonzert mit dem <i>Konzert in D-Dur f\u00fcr Klavier und Orchester<\/i> von Joseph Haydn.<br\/>\r\n&nbsp;<br\/>\r\nDer <span style=\"font-weight:500;\"><i>Orchesterverein Concentus<sup><span style=\"font-weight:700;\">21<\/span><\/sup><\/i><\/span> (gegr.&nbsp;2004) ist ein traditionelles Amateur-Orchester in Wien. Im Repertoire aus Klassik, Romantik und wienerischer Unterhaltungsmusik sind auch unbekannte und au\u00dfergew\u00f6hnliche Werke. Der k\u00fcnstlerische Leiter Herbert Krenn steht f\u00fcr die \u201eWiener Tradition\u201c des Musikmachens, die er auch im 21.&nbsp;Jahrhundert weitergeben m\u00f6chte.\r\n<\/p>\r\n\r\n\r\n<p class=\"veranstalter\">Veranstaltet vom <i>Orchesterverein Concentus<sup>21<\/sup><\/i>. Der Kartenvorverkauf startet im September 2026, ab diesem Zeitpunkt gibt es Preisinformationen und Vorverkaufstickets \u00fcber <a href=\"https:\/\/www.concentus21.at\/shop\/\" target=\"_blank\">www.concentus21.at\/shop (Link)<\/a>. Genauere Informationen bei Bedarf unter <a href=\"mailto:info@concentus21.at\">info@concentus21.at<\/a>. Abendkasse: ausschlie\u00dflich Barzahlung.<\/p>","tickets_link":{"title":"","url":"https:\/\/ehrbarsaal.at\/konzerte\/wolfgang-amadeus-mozart","target":""},"abendkassa":true,"freier_eintritt":false,"teaserbild_fur_liste":12720,"abgesagt":false,"ausverkauft":false,"mitwirkende":"","layoutnew":false,"veranstalter":"","werke-2":"","werke":"","tickets_text":""},"yoast_head":"<!-- This site is optimized with the Yoast SEO Premium plugin v26.9 (Yoast SEO v26.9) - https:\/\/yoast.com\/product\/yoast-seo-premium-wordpress\/ -->\n<title>Wolfgang Amadeus Mozart &amp; Napol\u00e9on Henri Reber - Ehrbar Saal<\/title>\n<meta name=\"description\" content=\"Der Orchesterverein Concentus21 spielt am 28. November 2026 (19:00 Uhr) im Wiener Ehrbar Saal (M\u00fchlgasse 30).\" \/>\n<meta name=\"robots\" content=\"index, follow, max-snippet:-1, max-image-preview:large, max-video-preview:-1\" \/>\n<link rel=\"canonical\" href=\"https:\/\/ehrbarsaal.at\/en\/konzerte\/concentus21-wolfgang-amadeus-mozart\/\" \/>\n<meta property=\"og:locale\" content=\"en_GB\" \/>\n<meta property=\"og:type\" content=\"article\" \/>\n<meta property=\"og:title\" content=\"Wolfgang Amadeus Mozart &amp; Napol\u00e9on Henri Reber\" \/>\n<meta property=\"og:description\" content=\"Der Orchesterverein Concentus21 spielt am 28. November 2026 (19:00 Uhr) im Wiener Ehrbar Saal (M\u00fchlgasse 30).\" \/>\n<meta property=\"og:url\" content=\"https:\/\/ehrbarsaal.at\/en\/konzerte\/concentus21-wolfgang-amadeus-mozart\/\" \/>\n<meta property=\"og:site_name\" content=\"Ehrbar Saal\" \/>\n<meta property=\"article:publisher\" content=\"https:\/\/www.facebook.com\/EhrbarSaalWien\/\" \/>\n<meta property=\"article:modified_time\" content=\"2026-04-30T14:13:34+00:00\" \/>\n<meta property=\"og:image\" content=\"https:\/\/ehrbarsaal.at\/wp-content\/uploads\/2026\/02\/Orchester-Concentus21-c-Elisabeth-Werner-1080.jpg\" \/>\n\t<meta property=\"og:image:width\" content=\"1080\" \/>\n\t<meta property=\"og:image:height\" content=\"571\" \/>\n\t<meta property=\"og:image:type\" content=\"image\/jpeg\" \/>\n<meta name=\"twitter:card\" content=\"summary_large_image\" \/>\n<meta name=\"twitter:label1\" content=\"Estimated reading time\" \/>\n\t<meta name=\"twitter:data1\" content=\"2 minutes\" \/>\n<script type=\"application\/ld+json\" class=\"yoast-schema-graph\">{\"@context\":\"https:\/\/schema.org\",\"@graph\":[{\"@type\":\"WebPage\",\"@id\":\"https:\/\/ehrbarsaal.at\/konzerte\/concentus21-wolfgang-amadeus-mozart\/\",\"url\":\"https:\/\/ehrbarsaal.at\/konzerte\/concentus21-wolfgang-amadeus-mozart\/\",\"name\":\"Wolfgang Amadeus Mozart & Napol\u00e9on Henri Reber - Ehrbar Saal\",\"isPartOf\":{\"@id\":\"https:\/\/ehrbarsaal.at\/#website\"},\"primaryImageOfPage\":{\"@id\":\"https:\/\/ehrbarsaal.at\/konzerte\/concentus21-wolfgang-amadeus-mozart\/#primaryimage\"},\"image\":{\"@id\":\"https:\/\/ehrbarsaal.at\/konzerte\/concentus21-wolfgang-amadeus-mozart\/#primaryimage\"},\"thumbnailUrl\":\"https:\/\/ehrbarsaal.at\/wp-content\/uploads\/2026\/02\/Orchester-Concentus21-c-Elisabeth-Werner-1080.jpg\",\"datePublished\":\"2026-02-09T11:56:11+00:00\",\"dateModified\":\"2026-04-30T14:13:34+00:00\",\"description\":\"Der Orchesterverein Concentus21 spielt am 28. November 2026 (19:00 Uhr) im Wiener Ehrbar Saal (M\u00fchlgasse 30).\",\"breadcrumb\":{\"@id\":\"https:\/\/ehrbarsaal.at\/konzerte\/concentus21-wolfgang-amadeus-mozart\/#breadcrumb\"},\"inLanguage\":\"en-GB\",\"potentialAction\":[{\"@type\":\"ReadAction\",\"target\":[\"https:\/\/ehrbarsaal.at\/konzerte\/concentus21-wolfgang-amadeus-mozart\/\"]}]},{\"@type\":\"ImageObject\",\"inLanguage\":\"en-GB\",\"@id\":\"https:\/\/ehrbarsaal.at\/konzerte\/concentus21-wolfgang-amadeus-mozart\/#primaryimage\",\"url\":\"https:\/\/ehrbarsaal.at\/wp-content\/uploads\/2026\/02\/Orchester-Concentus21-c-Elisabeth-Werner-1080.jpg\",\"contentUrl\":\"https:\/\/ehrbarsaal.at\/wp-content\/uploads\/2026\/02\/Orchester-Concentus21-c-Elisabeth-Werner-1080.jpg\",\"width\":1080,\"height\":571,\"caption\":\"Orchester Concentus21 (c) Elisabeth Werner\"},{\"@type\":\"BreadcrumbList\",\"@id\":\"https:\/\/ehrbarsaal.at\/konzerte\/concentus21-wolfgang-amadeus-mozart\/#breadcrumb\",\"itemListElement\":[{\"@type\":\"ListItem\",\"position\":1,\"name\":\"Startseite\",\"item\":\"https:\/\/ehrbarsaal.at\/\"},{\"@type\":\"ListItem\",\"position\":2,\"name\":\"Konzerte\",\"item\":\"https:\/\/ehrbarsaal.at\/konzert-archiv\/\"},{\"@type\":\"ListItem\",\"position\":3,\"name\":\"Wolfgang Amadeus Mozart &#038; Napol\u00e9on Henri Reber\"}]},{\"@type\":\"WebSite\",\"@id\":\"https:\/\/ehrbarsaal.at\/#website\",\"url\":\"https:\/\/ehrbarsaal.at\/\",\"name\":\"Ehrbar Saal\",\"description\":\"Willkommen beim Ehrbar Saal!\",\"publisher\":{\"@id\":\"https:\/\/ehrbarsaal.at\/#organization\"},\"potentialAction\":[{\"@type\":\"SearchAction\",\"target\":{\"@type\":\"EntryPoint\",\"urlTemplate\":\"https:\/\/ehrbarsaal.at\/?s={search_term_string}\"},\"query-input\":{\"@type\":\"PropertyValueSpecification\",\"valueRequired\":true,\"valueName\":\"search_term_string\"}}],\"inLanguage\":\"en-GB\"},{\"@type\":\"Organization\",\"@id\":\"https:\/\/ehrbarsaal.at\/#organization\",\"name\":\"Ehrbar Saal\",\"url\":\"https:\/\/ehrbarsaal.at\/\",\"logo\":{\"@type\":\"ImageObject\",\"inLanguage\":\"en-GB\",\"@id\":\"https:\/\/ehrbarsaal.at\/#\/schema\/logo\/image\/\",\"url\":\"https:\/\/ehrbarsaal.at\/wp-content\/uploads\/2023\/08\/Ehrbar_Logo.svg\",\"contentUrl\":\"https:\/\/ehrbarsaal.at\/wp-content\/uploads\/2023\/08\/Ehrbar_Logo.svg\",\"width\":\"1024\",\"height\":\"1024\",\"caption\":\"Ehrbar Saal\"},\"image\":{\"@id\":\"https:\/\/ehrbarsaal.at\/#\/schema\/logo\/image\/\"},\"sameAs\":[\"https:\/\/www.facebook.com\/EhrbarSaalWien\/\",\"https:\/\/www.instagram.com\/ehrbarsaal.wien\/\"]}]}<\/script>\n<!-- \/ Yoast SEO Premium plugin. -->","yoast_head_json":{"title":"Wolfgang Amadeus Mozart & Napol\u00e9on Henri Reber - Ehrbar Saal","description":"Der Orchesterverein Concentus21 spielt am 28. November 2026 (19:00 Uhr) im Wiener Ehrbar Saal (M\u00fchlgasse 30).","robots":{"index":"index","follow":"follow","max-snippet":"max-snippet:-1","max-image-preview":"max-image-preview:large","max-video-preview":"max-video-preview:-1"},"canonical":"https:\/\/ehrbarsaal.at\/en\/konzerte\/concentus21-wolfgang-amadeus-mozart\/","og_locale":"en_GB","og_type":"article","og_title":"Wolfgang Amadeus Mozart & Napol\u00e9on Henri Reber","og_description":"Der Orchesterverein Concentus21 spielt am 28. November 2026 (19:00 Uhr) im Wiener Ehrbar Saal (M\u00fchlgasse 30).","og_url":"https:\/\/ehrbarsaal.at\/en\/konzerte\/concentus21-wolfgang-amadeus-mozart\/","og_site_name":"Ehrbar Saal","article_publisher":"https:\/\/www.facebook.com\/EhrbarSaalWien\/","article_modified_time":"2026-04-30T14:13:34+00:00","og_image":[{"width":1080,"height":571,"url":"https:\/\/ehrbarsaal.at\/wp-content\/uploads\/2026\/02\/Orchester-Concentus21-c-Elisabeth-Werner-1080.jpg","type":"image\/jpeg"}],"twitter_card":"summary_large_image","twitter_misc":{"Estimated reading time":"2 minutes"},"schema":{"@context":"https:\/\/schema.org","@graph":[{"@type":"WebPage","@id":"https:\/\/ehrbarsaal.at\/konzerte\/concentus21-wolfgang-amadeus-mozart\/","url":"https:\/\/ehrbarsaal.at\/konzerte\/concentus21-wolfgang-amadeus-mozart\/","name":"Wolfgang Amadeus Mozart & Napol\u00e9on Henri Reber - Ehrbar Saal","isPartOf":{"@id":"https:\/\/ehrbarsaal.at\/#website"},"primaryImageOfPage":{"@id":"https:\/\/ehrbarsaal.at\/konzerte\/concentus21-wolfgang-amadeus-mozart\/#primaryimage"},"image":{"@id":"https:\/\/ehrbarsaal.at\/konzerte\/concentus21-wolfgang-amadeus-mozart\/#primaryimage"},"thumbnailUrl":"https:\/\/ehrbarsaal.at\/wp-content\/uploads\/2026\/02\/Orchester-Concentus21-c-Elisabeth-Werner-1080.jpg","datePublished":"2026-02-09T11:56:11+00:00","dateModified":"2026-04-30T14:13:34+00:00","description":"Der Orchesterverein Concentus21 spielt am 28. November 2026 (19:00 Uhr) im Wiener Ehrbar Saal (M\u00fchlgasse 30).","breadcrumb":{"@id":"https:\/\/ehrbarsaal.at\/konzerte\/concentus21-wolfgang-amadeus-mozart\/#breadcrumb"},"inLanguage":"en-GB","potentialAction":[{"@type":"ReadAction","target":["https:\/\/ehrbarsaal.at\/konzerte\/concentus21-wolfgang-amadeus-mozart\/"]}]},{"@type":"ImageObject","inLanguage":"en-GB","@id":"https:\/\/ehrbarsaal.at\/konzerte\/concentus21-wolfgang-amadeus-mozart\/#primaryimage","url":"https:\/\/ehrbarsaal.at\/wp-content\/uploads\/2026\/02\/Orchester-Concentus21-c-Elisabeth-Werner-1080.jpg","contentUrl":"https:\/\/ehrbarsaal.at\/wp-content\/uploads\/2026\/02\/Orchester-Concentus21-c-Elisabeth-Werner-1080.jpg","width":1080,"height":571,"caption":"Orchester Concentus21 (c) Elisabeth Werner"},{"@type":"BreadcrumbList","@id":"https:\/\/ehrbarsaal.at\/konzerte\/concentus21-wolfgang-amadeus-mozart\/#breadcrumb","itemListElement":[{"@type":"ListItem","position":1,"name":"Startseite","item":"https:\/\/ehrbarsaal.at\/"},{"@type":"ListItem","position":2,"name":"Konzerte","item":"https:\/\/ehrbarsaal.at\/konzert-archiv\/"},{"@type":"ListItem","position":3,"name":"Wolfgang Amadeus Mozart &#038; Napol\u00e9on Henri Reber"}]},{"@type":"WebSite","@id":"https:\/\/ehrbarsaal.at\/#website","url":"https:\/\/ehrbarsaal.at\/","name":"Ehrbar Saal","description":"Willkommen beim Ehrbar Saal!","publisher":{"@id":"https:\/\/ehrbarsaal.at\/#organization"},"potentialAction":[{"@type":"SearchAction","target":{"@type":"EntryPoint","urlTemplate":"https:\/\/ehrbarsaal.at\/?s={search_term_string}"},"query-input":{"@type":"PropertyValueSpecification","valueRequired":true,"valueName":"search_term_string"}}],"inLanguage":"en-GB"},{"@type":"Organization","@id":"https:\/\/ehrbarsaal.at\/#organization","name":"Ehrbar Saal","url":"https:\/\/ehrbarsaal.at\/","logo":{"@type":"ImageObject","inLanguage":"en-GB","@id":"https:\/\/ehrbarsaal.at\/#\/schema\/logo\/image\/","url":"https:\/\/ehrbarsaal.at\/wp-content\/uploads\/2023\/08\/Ehrbar_Logo.svg","contentUrl":"https:\/\/ehrbarsaal.at\/wp-content\/uploads\/2023\/08\/Ehrbar_Logo.svg","width":"1024","height":"1024","caption":"Ehrbar Saal"},"image":{"@id":"https:\/\/ehrbarsaal.at\/#\/schema\/logo\/image\/"},"sameAs":["https:\/\/www.facebook.com\/EhrbarSaalWien\/","https:\/\/www.instagram.com\/ehrbarsaal.wien\/"]}]}},"_links":{"self":[{"href":"https:\/\/ehrbarsaal.at\/en\/wp-json\/wp\/v2\/konzerte\/12523","targetHints":{"allow":["GET"]}}],"collection":[{"href":"https:\/\/ehrbarsaal.at\/en\/wp-json\/wp\/v2\/konzerte"}],"about":[{"href":"https:\/\/ehrbarsaal.at\/en\/wp-json\/wp\/v2\/types\/konzerte"}],"author":[{"embeddable":true,"href":"https:\/\/ehrbarsaal.at\/en\/wp-json\/wp\/v2\/users\/11"}],"version-history":[{"count":10,"href":"https:\/\/ehrbarsaal.at\/en\/wp-json\/wp\/v2\/konzerte\/12523\/revisions"}],"predecessor-version":[{"id":13568,"href":"https:\/\/ehrbarsaal.at\/en\/wp-json\/wp\/v2\/konzerte\/12523\/revisions\/13568"}],"wp:featuredmedia":[{"embeddable":true,"href":"https:\/\/ehrbarsaal.at\/en\/wp-json\/wp\/v2\/media\/12698"}],"wp:attachment":[{"href":"https:\/\/ehrbarsaal.at\/en\/wp-json\/wp\/v2\/media?parent=12523"}],"wp:term":[{"taxonomy":"category","embeddable":true,"href":"https:\/\/ehrbarsaal.at\/en\/wp-json\/wp\/v2\/categories?post=12523"},{"taxonomy":"post_tag","embeddable":true,"href":"https:\/\/ehrbarsaal.at\/en\/wp-json\/wp\/v2\/tags?post=12523"}],"curies":[{"name":"wp","href":"https:\/\/api.w.org\/{rel}","templated":true}]}}