{"id":12130,"date":"2026-01-14T14:45:17","date_gmt":"2026-01-14T14:45:17","guid":{"rendered":"https:\/\/ehrbarsaal.at\/?post_type=konzerte&#038;p=12130"},"modified":"2026-06-18T15:17:34","modified_gmt":"2026-06-18T14:17:34","slug":"richard-wagner-konservatorium-die-wiener-operette","status":"publish","type":"konzerte","link":"https:\/\/ehrbarsaal.at\/en\/konzerte\/richard-wagner-konservatorium-die-wiener-operette\/","title":{"rendered":"Die Wiener Operette"},"content":{"rendered":"<div class=\"shariff shariff-align-left shariff-widget-align-left\" data-services=\"facebook\" data-url=\"https:\/\/ehrbarsaal.at\/en\/konzerte\/richard-wagner-konservatorium-die-wiener-operette\/\" data-timestamp=\"1781795854\" data-backendurl=\"https:\/\/ehrbarsaal.at\/en\/wp-json\/shariff\/v1\/share_counts?\"><div class=\"ShariffHeadline\">Share event<\/div><ul class=\"shariff-buttons theme-round orientation-horizontal buttonsize-medium\"><li class=\"shariff-button twitter\" style=\"background-color:#595959;border-radius:10%\"><a href=\"https:\/\/twitter.com\/share?url=https%3A%2F%2Fehrbarsaal.at%2Fen%2Fkonzerte%2Frichard-wagner-konservatorium-die-wiener-operette%2F&text=Die%20Wiener%20Operette\" title=\"Share at X\" aria-label=\"Share at X\" role=\"button\" rel=\"noopener nofollow\" class=\"shariff-link\" style=\";border-radius:10%; background-color:#ffffff; color:#fff\" target=\"_blank\"><span class=\"shariff-icon\" style=\"\"><svg width=\"32px\" height=\"20px\" xmlns=\"http:\/\/www.w3.org\/2000\/svg\" viewbox=\"0 0 24 24\"><path fill=\"#000\" d=\"M14.258 10.152L23.176 0h-2.113l-7.747 8.813L7.133 0H0l9.352 13.328L0 23.973h2.113l8.176-9.309 6.531 9.309h7.133zm-2.895 3.293l-.949-1.328L2.875 1.56h3.246l6.086 8.523.945 1.328 7.91 11.078h-3.246zm0 0\"\/><\/svg><\/span><\/a><\/li><li class=\"shariff-button facebook\" style=\"background-color:#4273c8;border-radius:10%\"><a href=\"https:\/\/www.facebook.com\/sharer\/sharer.php?u=https%3A%2F%2Fehrbarsaal.at%2Fen%2Fkonzerte%2Frichard-wagner-konservatorium-die-wiener-operette%2F\" title=\"Share on Facebook\" aria-label=\"Share on Facebook\" role=\"button\" rel=\"nofollow\" class=\"shariff-link\" style=\";border-radius:10%; background-color:#ffffff; color:#fff\" target=\"_blank\"><span class=\"shariff-icon\" style=\"\"><svg width=\"32px\" height=\"20px\" xmlns=\"http:\/\/www.w3.org\/2000\/svg\" viewbox=\"0 0 18 32\"><path fill=\"#3b5998\" d=\"M17.1 0.2v4.7h-2.8q-1.5 0-2.1 0.6t-0.5 1.9v3.4h5.2l-0.7 5.3h-4.5v13.6h-5.5v-13.6h-4.5v-5.3h4.5v-3.9q0-3.3 1.9-5.2t5-1.8q2.6 0 4.1 0.2z\"\/><\/svg><\/span><\/a><\/li><li class=\"shariff-button mailto\" style=\"background-color:#a8a8a8;border-radius:10%\"><a href=\"mailto:?body=https%3A%2F%2Fehrbarsaal.at%2Fen%2Fkonzerte%2Frichard-wagner-konservatorium-die-wiener-operette%2F&subject=Die%20Wiener%20Operette\" title=\"Send by e-mail\" aria-label=\"Send by e-mail\" role=\"button\" rel=\"noopener nofollow\" class=\"shariff-link\" style=\";border-radius:10%; background-color:#ffffff; color:#fff\"><span class=\"shariff-icon\" style=\"\"><svg width=\"32px\" height=\"20px\" xmlns=\"http:\/\/www.w3.org\/2000\/svg\" viewbox=\"0 0 32 32\"><path fill=\"#999\" d=\"M32 12.7v14.2q0 1.2-0.8 2t-2 0.9h-26.3q-1.2 0-2-0.9t-0.8-2v-14.2q0.8 0.9 1.8 1.6 6.5 4.4 8.9 6.1 1 0.8 1.6 1.2t1.7 0.9 2 0.4h0.1q0.9 0 2-0.4t1.7-0.9 1.6-1.2q3-2.2 8.9-6.1 1-0.7 1.8-1.6zM32 7.4q0 1.4-0.9 2.7t-2.2 2.2q-6.7 4.7-8.4 5.8-0.2 0.1-0.7 0.5t-1 0.7-0.9 0.6-1.1 0.5-0.9 0.2h-0.1q-0.4 0-0.9-0.2t-1.1-0.5-0.9-0.6-1-0.7-0.7-0.5q-1.6-1.1-4.7-3.2t-3.6-2.6q-1.1-0.7-2.1-2t-1-2.5q0-1.4 0.7-2.3t2.1-0.9h26.3q1.2 0 2 0.8t0.9 2z\"\/><\/svg><\/span><\/a><\/li><li class=\"shariff-button whatsapp\" style=\"background-color:#5cbe4a;border-radius:10%\"><a href=\"https:\/\/api.whatsapp.com\/send?text=https%3A%2F%2Fehrbarsaal.at%2Fen%2Fkonzerte%2Frichard-wagner-konservatorium-die-wiener-operette%2F%20Die%20Wiener%20Operette\" title=\"Share on Whatsapp\" aria-label=\"Share on Whatsapp\" role=\"button\" rel=\"noopener nofollow\" class=\"shariff-link\" style=\";border-radius:10%; background-color:#ffffff; color:#fff\" target=\"_blank\"><span class=\"shariff-icon\" style=\"\"><svg width=\"32px\" height=\"20px\" xmlns=\"http:\/\/www.w3.org\/2000\/svg\" viewbox=\"0 0 32 32\"><path fill=\"#34af23\" d=\"M17.6 17.4q0.2 0 1.7 0.8t1.6 0.9q0 0.1 0 0.3 0 0.6-0.3 1.4-0.3 0.7-1.3 1.2t-1.8 0.5q-1 0-3.4-1.1-1.7-0.8-3-2.1t-2.6-3.3q-1.3-1.9-1.3-3.5v-0.1q0.1-1.6 1.3-2.8 0.4-0.4 0.9-0.4 0.1 0 0.3 0t0.3 0q0.3 0 0.5 0.1t0.3 0.5q0.1 0.4 0.6 1.6t0.4 1.3q0 0.4-0.6 1t-0.6 0.8q0 0.1 0.1 0.3 0.6 1.3 1.8 2.4 1 0.9 2.7 1.8 0.2 0.1 0.4 0.1 0.3 0 1-0.9t0.9-0.9zM14 26.9q2.3 0 4.3-0.9t3.6-2.4 2.4-3.6 0.9-4.3-0.9-4.3-2.4-3.6-3.6-2.4-4.3-0.9-4.3 0.9-3.6 2.4-2.4 3.6-0.9 4.3q0 3.6 2.1 6.6l-1.4 4.2 4.3-1.4q2.8 1.9 6.2 1.9zM14 2.2q2.7 0 5.2 1.1t4.3 2.9 2.9 4.3 1.1 5.2-1.1 5.2-2.9 4.3-4.3 2.9-5.2 1.1q-3.5 0-6.5-1.7l-7.4 2.4 2.4-7.2q-1.9-3.2-1.9-6.9 0-2.7 1.1-5.2t2.9-4.3 4.3-2.9 5.2-1.1z\"\/><\/svg><\/span><\/a><\/li><\/ul><\/div>","protected":false},"excerpt":{"rendered":"","protected":false},"author":11,"featured_media":12201,"template":"","categories":[],"tags":[],"class_list":["post-12130","konzerte","type-konzerte","status-publish","has-post-thumbnail","hentry"],"acf":{"subtitel":"Richard Wagner Konservatorium Wien","datum":"20260619","uhrzeit":"19:00 Uhr","ort":"Ehrbar Saal","konzertinfo":"<p class=\"aenderungshinweis\">Achtung: Das Konzert wurde leider vom Veranstalter abgesagt.<\/p>\r\n\r\n<p class=\"kuenstlername\"><span class=\"kuenstlerfunktion\">Dirigenten, Solisten, Chor und Orchester des Richard Wagner Konservatoriums Wien unter der Leitung von<br \/><\/span>Prof. Christian Schulz | Prof. Robert Papocsi<\/p>\r\n<p class=\"text\">Eine musikalische Reise durch die k\u00fcnstlerischen Utopien der Donaumonarchie, ein spannender Querschnitt durch die facettenreiche Welt der sogenannten \u201eWiener Operette\u201c: Im Mittelpunkt dieses Abends steht nicht nur die Musik, sondern auch die kulturelle Diversit\u00e4t, die der Vielv\u00f6lkerstaat hervorgebracht hat. Besonders die Rolle der Kronl\u00e4nder \u2013 und besonders Ungarns \u2013 wird in dieser musikalischen Darbietung beleuchtet und gew\u00fcrdigt. Der Einfluss und die Inspiration der Regionen haben den Klang und die Ausdruckskraft der Wiener Operette ma\u00dfgeblich gepr\u00e4gt.<\/p>\r\n<p class=\"text\">Die Donaumonarchie war mehr als ein politisches Konstrukt \u2013 sie war ein fruchtbarer Boden f\u00fcr k\u00fcnstlerische Visionen und Tr\u00e4ume, die weit \u00fcber die Grenzen der Musik hinausreichen. Vieles davon blieb bislang au\u00dferhalb der Musikwelt unerf\u00fcllt. Mit diesem Konzert sollen diese verborgenen utopischen Ideen der ewigen Br\u00fcderlichkeit und Schwesternschaft aufleben und gemeinsam mit dem Publikum getr\u00e4umt werden.<\/p>\r\n<p class=\"veranstalter\">Veranstaltet vom <a href=\"https:\/\/www.richard-wagner-konservatorium.at\" target=\"_blank\">Richard Wagner Konservatorium Wien<\/a>.\r\nFreier Eintritt: freie Platzwahl, Reservierung nicht m\u00f6glich.\r\n<\/p>","tickets_link":"","abendkassa":false,"freier_eintritt":true,"teaserbild_fur_liste":12204,"abgesagt":true,"ausverkauft":false,"mitwirkende":"","layoutnew":false,"veranstalter":"","werke-2":"","werke":"","tickets_text":""},"yoast_head":"<!-- This site is optimized with the Yoast SEO Premium plugin v28.3 (Yoast SEO v28.3) - https:\/\/yoast.com\/product\/yoast-seo-premium-wordpress\/ -->\n<title>Die Wiener Operette - Ehrbar Saal<\/title>\n<meta name=\"robots\" content=\"index, follow, max-snippet:-1, max-image-preview:large, max-video-preview:-1\" \/>\n<link rel=\"canonical\" href=\"https:\/\/ehrbarsaal.at\/en\/konzerte\/richard-wagner-konservatorium-die-wiener-operette\/\" \/>\n<meta property=\"og:locale\" content=\"en_GB\" \/>\n<meta property=\"og:type\" content=\"article\" \/>\n<meta property=\"og:title\" content=\"Die Wiener Operette\" \/>\n<meta property=\"og:url\" content=\"https:\/\/ehrbarsaal.at\/en\/konzerte\/richard-wagner-konservatorium-die-wiener-operette\/\" \/>\n<meta property=\"og:site_name\" content=\"Ehrbar Saal\" \/>\n<meta property=\"article:publisher\" content=\"https:\/\/www.facebook.com\/EhrbarSaalWien\/\" \/>\n<meta property=\"article:modified_time\" content=\"2026-06-18T14:17:34+00:00\" \/>\n<meta property=\"og:image\" content=\"https:\/\/ehrbarsaal.at\/wp-content\/uploads\/2026\/01\/Richard-Wagner-Konservatorium-Die-Fledermaus-c-Jasmin-Sadeghi.jpg\" \/>\n\t<meta property=\"og:image:width\" content=\"1080\" \/>\n\t<meta property=\"og:image:height\" content=\"611\" \/>\n\t<meta property=\"og:image:type\" content=\"image\/jpeg\" \/>\n<meta name=\"twitter:card\" content=\"summary_large_image\" \/>\n<meta name=\"twitter:label1\" content=\"Estimated reading time\" \/>\n\t<meta name=\"twitter:data1\" content=\"2 minutes\" \/>\n<script type=\"application\/ld+json\" class=\"yoast-schema-graph\">{\"@context\":\"https:\\\/\\\/schema.org\",\"@graph\":[{\"@type\":\"WebPage\",\"@id\":\"https:\\\/\\\/ehrbarsaal.at\\\/konzerte\\\/richard-wagner-konservatorium-die-wiener-operette\\\/\",\"url\":\"https:\\\/\\\/ehrbarsaal.at\\\/konzerte\\\/richard-wagner-konservatorium-die-wiener-operette\\\/\",\"name\":\"Die Wiener Operette - Ehrbar Saal\",\"isPartOf\":{\"@id\":\"https:\\\/\\\/ehrbarsaal.at\\\/#website\"},\"primaryImageOfPage\":{\"@id\":\"https:\\\/\\\/ehrbarsaal.at\\\/konzerte\\\/richard-wagner-konservatorium-die-wiener-operette\\\/#primaryimage\"},\"image\":{\"@id\":\"https:\\\/\\\/ehrbarsaal.at\\\/konzerte\\\/richard-wagner-konservatorium-die-wiener-operette\\\/#primaryimage\"},\"thumbnailUrl\":\"https:\\\/\\\/ehrbarsaal.at\\\/wp-content\\\/uploads\\\/2026\\\/01\\\/Richard-Wagner-Konservatorium-Die-Fledermaus-c-Jasmin-Sadeghi.jpg\",\"datePublished\":\"2026-01-14T14:45:17+00:00\",\"dateModified\":\"2026-06-18T14:17:34+00:00\",\"breadcrumb\":{\"@id\":\"https:\\\/\\\/ehrbarsaal.at\\\/konzerte\\\/richard-wagner-konservatorium-die-wiener-operette\\\/#breadcrumb\"},\"inLanguage\":\"en-GB\",\"potentialAction\":[{\"@type\":\"ReadAction\",\"target\":[\"https:\\\/\\\/ehrbarsaal.at\\\/konzerte\\\/richard-wagner-konservatorium-die-wiener-operette\\\/\"]}]},{\"@type\":\"ImageObject\",\"inLanguage\":\"en-GB\",\"@id\":\"https:\\\/\\\/ehrbarsaal.at\\\/konzerte\\\/richard-wagner-konservatorium-die-wiener-operette\\\/#primaryimage\",\"url\":\"https:\\\/\\\/ehrbarsaal.at\\\/wp-content\\\/uploads\\\/2026\\\/01\\\/Richard-Wagner-Konservatorium-Die-Fledermaus-c-Jasmin-Sadeghi.jpg\",\"contentUrl\":\"https:\\\/\\\/ehrbarsaal.at\\\/wp-content\\\/uploads\\\/2026\\\/01\\\/Richard-Wagner-Konservatorium-Die-Fledermaus-c-Jasmin-Sadeghi.jpg\",\"width\":1080,\"height\":611,\"caption\":\"Richard Wagner Konservatorium Die Fledermaus (c) Jasmin Sadeghi\"},{\"@type\":\"BreadcrumbList\",\"@id\":\"https:\\\/\\\/ehrbarsaal.at\\\/konzerte\\\/richard-wagner-konservatorium-die-wiener-operette\\\/#breadcrumb\",\"itemListElement\":[{\"@type\":\"ListItem\",\"position\":1,\"name\":\"Startseite\",\"item\":\"https:\\\/\\\/ehrbarsaal.at\\\/\"},{\"@type\":\"ListItem\",\"position\":2,\"name\":\"Konzerte\",\"item\":\"https:\\\/\\\/ehrbarsaal.at\\\/konzert-archiv\\\/\"},{\"@type\":\"ListItem\",\"position\":3,\"name\":\"Die Wiener Operette\"}]},{\"@type\":\"WebSite\",\"@id\":\"https:\\\/\\\/ehrbarsaal.at\\\/#website\",\"url\":\"https:\\\/\\\/ehrbarsaal.at\\\/\",\"name\":\"Ehrbar Saal\",\"description\":\"Willkommen beim Ehrbar Saal!\",\"publisher\":{\"@id\":\"https:\\\/\\\/ehrbarsaal.at\\\/#organization\"},\"potentialAction\":[{\"@type\":\"SearchAction\",\"target\":{\"@type\":\"EntryPoint\",\"urlTemplate\":\"https:\\\/\\\/ehrbarsaal.at\\\/?s={search_term_string}\"},\"query-input\":{\"@type\":\"PropertyValueSpecification\",\"valueRequired\":true,\"valueName\":\"search_term_string\"}}],\"inLanguage\":\"en-GB\"},{\"@type\":\"Organization\",\"@id\":\"https:\\\/\\\/ehrbarsaal.at\\\/#organization\",\"name\":\"Ehrbar Saal\",\"url\":\"https:\\\/\\\/ehrbarsaal.at\\\/\",\"logo\":{\"@type\":\"ImageObject\",\"inLanguage\":\"en-GB\",\"@id\":\"https:\\\/\\\/ehrbarsaal.at\\\/#\\\/schema\\\/logo\\\/image\\\/\",\"url\":\"https:\\\/\\\/ehrbarsaal.at\\\/wp-content\\\/uploads\\\/2023\\\/08\\\/Ehrbar_Logo.svg\",\"contentUrl\":\"https:\\\/\\\/ehrbarsaal.at\\\/wp-content\\\/uploads\\\/2023\\\/08\\\/Ehrbar_Logo.svg\",\"width\":\"1024\",\"height\":\"1024\",\"caption\":\"Ehrbar Saal\"},\"image\":{\"@id\":\"https:\\\/\\\/ehrbarsaal.at\\\/#\\\/schema\\\/logo\\\/image\\\/\"},\"sameAs\":[\"https:\\\/\\\/www.facebook.com\\\/EhrbarSaalWien\\\/\",\"https:\\\/\\\/www.instagram.com\\\/ehrbarsaal.wien\\\/\"]}]}<\/script>\n<!-- \/ Yoast SEO Premium plugin. -->","yoast_head_json":{"title":"Die Wiener Operette - Ehrbar Saal","robots":{"index":"index","follow":"follow","max-snippet":"max-snippet:-1","max-image-preview":"max-image-preview:large","max-video-preview":"max-video-preview:-1"},"canonical":"https:\/\/ehrbarsaal.at\/en\/konzerte\/richard-wagner-konservatorium-die-wiener-operette\/","og_locale":"en_GB","og_type":"article","og_title":"Die Wiener Operette","og_url":"https:\/\/ehrbarsaal.at\/en\/konzerte\/richard-wagner-konservatorium-die-wiener-operette\/","og_site_name":"Ehrbar Saal","article_publisher":"https:\/\/www.facebook.com\/EhrbarSaalWien\/","article_modified_time":"2026-06-18T14:17:34+00:00","og_image":[{"width":1080,"height":611,"url":"https:\/\/ehrbarsaal.at\/wp-content\/uploads\/2026\/01\/Richard-Wagner-Konservatorium-Die-Fledermaus-c-Jasmin-Sadeghi.jpg","type":"image\/jpeg"}],"twitter_card":"summary_large_image","twitter_misc":{"Estimated reading time":"2 minutes"},"schema":{"@context":"https:\/\/schema.org","@graph":[{"@type":"WebPage","@id":"https:\/\/ehrbarsaal.at\/konzerte\/richard-wagner-konservatorium-die-wiener-operette\/","url":"https:\/\/ehrbarsaal.at\/konzerte\/richard-wagner-konservatorium-die-wiener-operette\/","name":"Die Wiener Operette - Ehrbar Saal","isPartOf":{"@id":"https:\/\/ehrbarsaal.at\/#website"},"primaryImageOfPage":{"@id":"https:\/\/ehrbarsaal.at\/konzerte\/richard-wagner-konservatorium-die-wiener-operette\/#primaryimage"},"image":{"@id":"https:\/\/ehrbarsaal.at\/konzerte\/richard-wagner-konservatorium-die-wiener-operette\/#primaryimage"},"thumbnailUrl":"https:\/\/ehrbarsaal.at\/wp-content\/uploads\/2026\/01\/Richard-Wagner-Konservatorium-Die-Fledermaus-c-Jasmin-Sadeghi.jpg","datePublished":"2026-01-14T14:45:17+00:00","dateModified":"2026-06-18T14:17:34+00:00","breadcrumb":{"@id":"https:\/\/ehrbarsaal.at\/konzerte\/richard-wagner-konservatorium-die-wiener-operette\/#breadcrumb"},"inLanguage":"en-GB","potentialAction":[{"@type":"ReadAction","target":["https:\/\/ehrbarsaal.at\/konzerte\/richard-wagner-konservatorium-die-wiener-operette\/"]}]},{"@type":"ImageObject","inLanguage":"en-GB","@id":"https:\/\/ehrbarsaal.at\/konzerte\/richard-wagner-konservatorium-die-wiener-operette\/#primaryimage","url":"https:\/\/ehrbarsaal.at\/wp-content\/uploads\/2026\/01\/Richard-Wagner-Konservatorium-Die-Fledermaus-c-Jasmin-Sadeghi.jpg","contentUrl":"https:\/\/ehrbarsaal.at\/wp-content\/uploads\/2026\/01\/Richard-Wagner-Konservatorium-Die-Fledermaus-c-Jasmin-Sadeghi.jpg","width":1080,"height":611,"caption":"Richard Wagner Konservatorium Die Fledermaus (c) Jasmin Sadeghi"},{"@type":"BreadcrumbList","@id":"https:\/\/ehrbarsaal.at\/konzerte\/richard-wagner-konservatorium-die-wiener-operette\/#breadcrumb","itemListElement":[{"@type":"ListItem","position":1,"name":"Startseite","item":"https:\/\/ehrbarsaal.at\/"},{"@type":"ListItem","position":2,"name":"Konzerte","item":"https:\/\/ehrbarsaal.at\/konzert-archiv\/"},{"@type":"ListItem","position":3,"name":"Die Wiener Operette"}]},{"@type":"WebSite","@id":"https:\/\/ehrbarsaal.at\/#website","url":"https:\/\/ehrbarsaal.at\/","name":"Ehrbar Saal","description":"Willkommen beim Ehrbar Saal!","publisher":{"@id":"https:\/\/ehrbarsaal.at\/#organization"},"potentialAction":[{"@type":"SearchAction","target":{"@type":"EntryPoint","urlTemplate":"https:\/\/ehrbarsaal.at\/?s={search_term_string}"},"query-input":{"@type":"PropertyValueSpecification","valueRequired":true,"valueName":"search_term_string"}}],"inLanguage":"en-GB"},{"@type":"Organization","@id":"https:\/\/ehrbarsaal.at\/#organization","name":"Ehrbar Saal","url":"https:\/\/ehrbarsaal.at\/","logo":{"@type":"ImageObject","inLanguage":"en-GB","@id":"https:\/\/ehrbarsaal.at\/#\/schema\/logo\/image\/","url":"https:\/\/ehrbarsaal.at\/wp-content\/uploads\/2023\/08\/Ehrbar_Logo.svg","contentUrl":"https:\/\/ehrbarsaal.at\/wp-content\/uploads\/2023\/08\/Ehrbar_Logo.svg","width":"1024","height":"1024","caption":"Ehrbar Saal"},"image":{"@id":"https:\/\/ehrbarsaal.at\/#\/schema\/logo\/image\/"},"sameAs":["https:\/\/www.facebook.com\/EhrbarSaalWien\/","https:\/\/www.instagram.com\/ehrbarsaal.wien\/"]}]}},"_links":{"self":[{"href":"https:\/\/ehrbarsaal.at\/en\/wp-json\/wp\/v2\/konzerte\/12130","targetHints":{"allow":["GET"]}}],"collection":[{"href":"https:\/\/ehrbarsaal.at\/en\/wp-json\/wp\/v2\/konzerte"}],"about":[{"href":"https:\/\/ehrbarsaal.at\/en\/wp-json\/wp\/v2\/types\/konzerte"}],"author":[{"embeddable":true,"href":"https:\/\/ehrbarsaal.at\/en\/wp-json\/wp\/v2\/users\/11"}],"version-history":[{"count":12,"href":"https:\/\/ehrbarsaal.at\/en\/wp-json\/wp\/v2\/konzerte\/12130\/revisions"}],"predecessor-version":[{"id":14288,"href":"https:\/\/ehrbarsaal.at\/en\/wp-json\/wp\/v2\/konzerte\/12130\/revisions\/14288"}],"wp:featuredmedia":[{"embeddable":true,"href":"https:\/\/ehrbarsaal.at\/en\/wp-json\/wp\/v2\/media\/12201"}],"wp:attachment":[{"href":"https:\/\/ehrbarsaal.at\/en\/wp-json\/wp\/v2\/media?parent=12130"}],"wp:term":[{"taxonomy":"category","embeddable":true,"href":"https:\/\/ehrbarsaal.at\/en\/wp-json\/wp\/v2\/categories?post=12130"},{"taxonomy":"post_tag","embeddable":true,"href":"https:\/\/ehrbarsaal.at\/en\/wp-json\/wp\/v2\/tags?post=12130"}],"curies":[{"name":"wp","href":"https:\/\/api.w.org\/{rel}","templated":true}]}}