{"id":11095,"date":"2025-10-02T13:22:31","date_gmt":"2025-10-02T13:22:31","guid":{"rendered":"https:\/\/ehrbarsaal.at\/?post_type=konzerte&#038;p=11095"},"modified":"2025-10-09T12:39:32","modified_gmt":"2025-10-09T12:39:32","slug":"sarkis-nazarov-und-daniil-andreev","status":"publish","type":"konzerte","link":"https:\/\/ehrbarsaal.at\/en\/konzerte\/sarkis-nazarov-und-daniil-andreev\/","title":{"rendered":"Sarkis Nazarov &amp; <span style=\"white-space:nowrap;\">Daniil Andreev<\/span>"},"content":{"rendered":"<div class=\"shariff shariff-align-flex-end shariff-widget-align-flex-end\" data-services=\"facebook\" data-url=\"https%3A%2F%2Fehrbarsaal.at%2Fen%2Fkonzerte%2Fsarkis-nazarov-und-daniil-andreev%2F\" data-timestamp=\"1760013572\" data-backendurl=\"https:\/\/ehrbarsaal.at\/en\/wp-json\/shariff\/v1\/share_counts?\"><div class=\"ShariffHeadline\">Share event<\/div><ul class=\"shariff-buttons theme-round orientation-horizontal buttonsize-medium\"><li class=\"shariff-button twitter\" style=\"background-color:#595959;border-radius:10%\"><a href=\"https:\/\/twitter.com\/share?url=https%3A%2F%2Fehrbarsaal.at%2Fen%2Fkonzerte%2Fsarkis-nazarov-und-daniil-andreev%2F&text=Sarkis%20Nazarov%20%26%20Daniil%20Andreev\" title=\"Share at X\" aria-label=\"Share at X\" role=\"button\" rel=\"noopener nofollow\" class=\"shariff-link\" style=\";border-radius:10%; background-color:#ffffff; color:#fff\" target=\"_blank\"><span class=\"shariff-icon\" style=\"\"><svg width=\"32px\" height=\"20px\" xmlns=\"http:\/\/www.w3.org\/2000\/svg\" viewbox=\"0 0 24 24\"><path fill=\"#000\" d=\"M14.258 10.152L23.176 0h-2.113l-7.747 8.813L7.133 0H0l9.352 13.328L0 23.973h2.113l8.176-9.309 6.531 9.309h7.133zm-2.895 3.293l-.949-1.328L2.875 1.56h3.246l6.086 8.523.945 1.328 7.91 11.078h-3.246zm0 0\"\/><\/svg><\/span><\/a><\/li><li class=\"shariff-button facebook\" style=\"background-color:#4273c8;border-radius:10%\"><a href=\"https:\/\/www.facebook.com\/sharer\/sharer.php?u=https%3A%2F%2Fehrbarsaal.at%2Fen%2Fkonzerte%2Fsarkis-nazarov-und-daniil-andreev%2F\" title=\"Share on Facebook\" aria-label=\"Share on Facebook\" role=\"button\" rel=\"nofollow\" class=\"shariff-link\" style=\";border-radius:10%; background-color:#ffffff; color:#fff\" target=\"_blank\"><span class=\"shariff-icon\" style=\"\"><svg width=\"32px\" height=\"20px\" xmlns=\"http:\/\/www.w3.org\/2000\/svg\" viewbox=\"0 0 18 32\"><path fill=\"#3b5998\" d=\"M17.1 0.2v4.7h-2.8q-1.5 0-2.1 0.6t-0.5 1.9v3.4h5.2l-0.7 5.3h-4.5v13.6h-5.5v-13.6h-4.5v-5.3h4.5v-3.9q0-3.3 1.9-5.2t5-1.8q2.6 0 4.1 0.2z\"\/><\/svg><\/span><\/a><\/li><li class=\"shariff-button mailto\" style=\"background-color:#a8a8a8;border-radius:10%\"><a href=\"mailto:?body=https%3A%2F%2Fehrbarsaal.at%2Fen%2Fkonzerte%2Fsarkis-nazarov-und-daniil-andreev%2F&subject=Sarkis%20Nazarov%20%26%20Daniil%20Andreev\" title=\"Send by e-mail\" aria-label=\"Send by e-mail\" role=\"button\" rel=\"noopener nofollow\" class=\"shariff-link\" style=\";border-radius:10%; background-color:#ffffff; color:#fff\"><span class=\"shariff-icon\" style=\"\"><svg width=\"32px\" height=\"20px\" xmlns=\"http:\/\/www.w3.org\/2000\/svg\" viewbox=\"0 0 32 32\"><path fill=\"#999\" d=\"M32 12.7v14.2q0 1.2-0.8 2t-2 0.9h-26.3q-1.2 0-2-0.9t-0.8-2v-14.2q0.8 0.9 1.8 1.6 6.5 4.4 8.9 6.1 1 0.8 1.6 1.2t1.7 0.9 2 0.4h0.1q0.9 0 2-0.4t1.7-0.9 1.6-1.2q3-2.2 8.9-6.1 1-0.7 1.8-1.6zM32 7.4q0 1.4-0.9 2.7t-2.2 2.2q-6.7 4.7-8.4 5.8-0.2 0.1-0.7 0.5t-1 0.7-0.9 0.6-1.1 0.5-0.9 0.2h-0.1q-0.4 0-0.9-0.2t-1.1-0.5-0.9-0.6-1-0.7-0.7-0.5q-1.6-1.1-4.7-3.2t-3.6-2.6q-1.1-0.7-2.1-2t-1-2.5q0-1.4 0.7-2.3t2.1-0.9h26.3q1.2 0 2 0.8t0.9 2z\"\/><\/svg><\/span><\/a><\/li><li class=\"shariff-button whatsapp\" style=\"background-color:#5cbe4a;border-radius:10%\"><a href=\"https:\/\/api.whatsapp.com\/send?text=https%3A%2F%2Fehrbarsaal.at%2Fen%2Fkonzerte%2Fsarkis-nazarov-und-daniil-andreev%2F%20Sarkis%20Nazarov%20%26%20Daniil%20Andreev\" title=\"Share on Whatsapp\" aria-label=\"Share on Whatsapp\" role=\"button\" rel=\"noopener nofollow\" class=\"shariff-link\" style=\";border-radius:10%; background-color:#ffffff; color:#fff\" target=\"_blank\"><span class=\"shariff-icon\" style=\"\"><svg width=\"32px\" height=\"20px\" xmlns=\"http:\/\/www.w3.org\/2000\/svg\" viewbox=\"0 0 32 32\"><path fill=\"#34af23\" d=\"M17.6 17.4q0.2 0 1.7 0.8t1.6 0.9q0 0.1 0 0.3 0 0.6-0.3 1.4-0.3 0.7-1.3 1.2t-1.8 0.5q-1 0-3.4-1.1-1.7-0.8-3-2.1t-2.6-3.3q-1.3-1.9-1.3-3.5v-0.1q0.1-1.6 1.3-2.8 0.4-0.4 0.9-0.4 0.1 0 0.3 0t0.3 0q0.3 0 0.5 0.1t0.3 0.5q0.1 0.4 0.6 1.6t0.4 1.3q0 0.4-0.6 1t-0.6 0.8q0 0.1 0.1 0.3 0.6 1.3 1.8 2.4 1 0.9 2.7 1.8 0.2 0.1 0.4 0.1 0.3 0 1-0.9t0.9-0.9zM14 26.9q2.3 0 4.3-0.9t3.6-2.4 2.4-3.6 0.9-4.3-0.9-4.3-2.4-3.6-3.6-2.4-4.3-0.9-4.3 0.9-3.6 2.4-2.4 3.6-0.9 4.3q0 3.6 2.1 6.6l-1.4 4.2 4.3-1.4q2.8 1.9 6.2 1.9zM14 2.2q2.7 0 5.2 1.1t4.3 2.9 2.9 4.3 1.1 5.2-1.1 5.2-2.9 4.3-4.3 2.9-5.2 1.1q-3.5 0-6.5-1.7l-7.4 2.4 2.4-7.2q-1.9-3.2-1.9-6.9 0-2.7 1.1-5.2t2.9-4.3 4.3-2.9 5.2-1.1z\"\/><\/svg><\/span><\/a><\/li><\/ul><\/div>","protected":false},"excerpt":{"rendered":"","protected":false},"author":11,"featured_media":11125,"template":"","categories":[],"tags":[],"class_list":["post-11095","konzerte","type-konzerte","status-publish","has-post-thumbnail","hentry"],"acf":{"subtitel":"Esperus Concerts","datum":"20260509","uhrzeit":"19:30 Uhr","ort":"<span style=\"white-space: nowrap;\">Kleiner Ehrbar Saal<\/span>","konzertinfo":"<p class=\"kuenstlername\">\r\n            Sarkis Nazarov \r\n            <span class=\"kuenstlerfunktion\">\r\n                Violine\r\n                <br\/>\r\n            <\/span>\r\n            Daniil AndrEev\r\n            <span class=\"kuenstlerfunktion\"> Klavier<\/span>\r\n        <\/p>\r\n        <p class=\"programmtitel\">Programm<\/p>\r\n        <p class=\"stueckabschnitt\">Werke von<\/p>\r\n        <p class=\"programm-komponistin\">Francis Poulenc | Dmitri Schostakowitsch | Eug\u00e8ne Ysa\u00ffe | <\/p>\r\n        <p class=\"programm-komponistin\">Igor Strawinsky | Sergei Prokofjew<\/p>\r\n        <p class=\"zitat\">\u201eZwei feinste und aufregende Musiker\u201c<\/p>\r\n        <p class=\"text\">\r\n            Sarkis Nazarov wurde 1994 in Sankt Petersburg, Russland, geboren. Im Alter von 6&#160;Jahren begann er seine T\u00e4tigkeit als Geiger und schloss 2013 sein Studium an der \r\n            <span class=\"buch-konzert-titel\">Zentralen Musikschule<\/span>\r\n             und 2018 am \r\n            <span class=\"buch-konzert-titel\">Moskauer Staatlichen Konservatorium<\/span>\r\n             ab. Im Laufe seines Studiums wurde er 2008 Solist der \r\n            <span class=\"buch-konzert-titel\">Staatlichen Philharmonie Sankt Petersburg<\/span>\r\n            . Seit 2019 setzt Sarkis Nazarov seinen Weg als Musiker und Geiger unter dem Patronat von Louise Chisson und Tamara Atschba fort und studiert derzeit in der Klasse von Louise Chisson in Wien. Er sammelte Erfahrungen durch die Teilnahme an internationalen Musikfestivals, Meisterkursen, Wettbewerben und trat auch in mehreren Konzerts\u00e4len in Russland, Finnland, Polen, Deutschland, \u00d6sterreich, Italien und den USA auf.\r\n        <\/p>\r\n        <p class=\"text\">\r\n            Daniil Andreev ist ein junger Pianist aus der Ukraine, Gewinner vieler nationaler und internationaler Wettbewerbe, unter anderem des \r\n            <span class=\"buch-konzert-titel\">12. Internationalen Vladimir Horowitz Wettbewerb f\u00fcr junge Pianisten<\/span>\r\n            , des \r\n            <span class=\"buch-konzert-titel\">9. Internationalen Klavierwettbewerbs Mailand<\/span>\r\n             und des \r\n            <span class=\"buch-konzert-titel\">Internationalen Chopin-Klavierwettbewerbs (Hartford, CT)<\/span>\r\n            . Mit zw\u00f6lf gab Daniil sein erstes Solokonzert mit Unterst\u00fctzung Pr\u00e4sidentschaft der Ukraine. Seitdem tritt er auf Festivals und bei Wohlt\u00e4tigkeitsveranstaltungen auf, spielt in Philharmonien, im Fernsehen und im Radio. Er besuchte Meisterkurse und Unterricht bei au\u00dfergew\u00f6hnlichen Lehrern: Pavel Kachnov, Rena Shereshevskaya, Milana Chernyavskaya, Jonathan Benichou. Im April 2022 besuchte er Meisterkurse bei Rena Shereshevskaya in Paris und trat in das Konservatorium ein, wo er ein Jahr lang studierte. Daniil tr\u00e4umte jedoch immer noch davon, in Wien zu studieren und wurde 2023 Teilnehmer eines speziellen Programms f\u00fcr Ukrainer an der \r\n            <span class=\"buch-konzert-titel\">Universit\u00e4t f\u00fcr Musik und darstellende Kunst Wien<\/span>\r\n            , und 2024 schrieb er sich am \r\n            <span class=\"buch-konzert-titel\">Franz-Schubert-Konservatorium<\/span>\r\n             in Wien in der Klasse von Professorin Tamara Atschba ein.\r\n        <\/p>\r\n\r\n<p class=\"veranstalter\">\r\nVeranstaltet von <i>Esperus Concerts<\/i>. Tickets: \u20ac&nbsp;15,\u2013&nbsp;(regul\u00e4r), \u20ac&nbsp;10,\u2013&nbsp;(Gruppen ab 10&nbsp;Personen\/pro Person) und \u20ac&nbsp;5,\u2013&nbsp;(Studierende) an der Abendkasse (ausschlie\u00dflich Barzahlung) und im Vorverkauf <span style=\"white-space:nowrap;\">\u00fcber <a href=\"https:\/\/buy.stripe.com\/5kQbJ054LfdnefF3Cwf3a09\" target=\"_blank\">Stripe (Link)<\/a><\/span>.\r\n<\/p>","tickets_link":{"title":"","url":"https:\/\/buy.stripe.com\/5kQbJ054LfdnefF3Cwf3a09","target":"_blank"},"abendkassa":true,"freier_eintritt":false,"teaserbild_fur_liste":11126,"abgesagt":false,"ausverkauft":false,"mitwirkende":"","layoutnew":false,"veranstalter":"","werke-2":"","werke":"","tickets_text":""},"yoast_head":"<!-- This site is optimized with the Yoast SEO Premium plugin v26.9 (Yoast SEO v26.9) - https:\/\/yoast.com\/product\/yoast-seo-premium-wordpress\/ -->\n<title>Sarkis Nazarov &amp; Daniil Andreev - Ehrbar Saal<\/title>\n<meta name=\"robots\" content=\"index, follow, max-snippet:-1, max-image-preview:large, max-video-preview:-1\" \/>\n<link rel=\"canonical\" href=\"https:\/\/ehrbarsaal.at\/en\/konzerte\/sarkis-nazarov-und-daniil-andreev\/\" \/>\n<meta property=\"og:locale\" content=\"en_GB\" \/>\n<meta property=\"og:type\" content=\"article\" \/>\n<meta property=\"og:title\" content=\"Sarkis Nazarov &amp; Daniil Andreev\" \/>\n<meta property=\"og:url\" content=\"https:\/\/ehrbarsaal.at\/en\/konzerte\/sarkis-nazarov-und-daniil-andreev\/\" \/>\n<meta property=\"og:site_name\" content=\"Ehrbar Saal\" \/>\n<meta property=\"article:publisher\" content=\"https:\/\/www.facebook.com\/EhrbarSaalWien\/\" \/>\n<meta property=\"article:modified_time\" content=\"2025-10-09T12:39:32+00:00\" \/>\n<meta property=\"og:image\" content=\"https:\/\/ehrbarsaal.at\/wp-content\/uploads\/2025\/10\/Sarkis-Nazarov-c-Nguyen-Thai-Dung-Daniil-Andreev-c-Esperus-Art-Fund-1080x.jpg\" \/>\n\t<meta property=\"og:image:width\" content=\"1080\" \/>\n\t<meta property=\"og:image:height\" content=\"651\" \/>\n\t<meta property=\"og:image:type\" content=\"image\/jpeg\" \/>\n<meta name=\"twitter:card\" content=\"summary_large_image\" \/>\n<script type=\"application\/ld+json\" class=\"yoast-schema-graph\">{\"@context\":\"https:\/\/schema.org\",\"@graph\":[{\"@type\":\"WebPage\",\"@id\":\"https:\/\/ehrbarsaal.at\/konzerte\/sarkis-nazarov-und-daniil-andreev\/\",\"url\":\"https:\/\/ehrbarsaal.at\/konzerte\/sarkis-nazarov-und-daniil-andreev\/\",\"name\":\"Sarkis Nazarov & Daniil Andreev - Ehrbar Saal\",\"isPartOf\":{\"@id\":\"https:\/\/ehrbarsaal.at\/#website\"},\"primaryImageOfPage\":{\"@id\":\"https:\/\/ehrbarsaal.at\/konzerte\/sarkis-nazarov-und-daniil-andreev\/#primaryimage\"},\"image\":{\"@id\":\"https:\/\/ehrbarsaal.at\/konzerte\/sarkis-nazarov-und-daniil-andreev\/#primaryimage\"},\"thumbnailUrl\":\"https:\/\/ehrbarsaal.at\/wp-content\/uploads\/2025\/10\/Sarkis-Nazarov-c-Nguyen-Thai-Dung-Daniil-Andreev-c-Esperus-Art-Fund-1080x.jpg\",\"datePublished\":\"2025-10-02T13:22:31+00:00\",\"dateModified\":\"2025-10-09T12:39:32+00:00\",\"breadcrumb\":{\"@id\":\"https:\/\/ehrbarsaal.at\/konzerte\/sarkis-nazarov-und-daniil-andreev\/#breadcrumb\"},\"inLanguage\":\"en-GB\",\"potentialAction\":[{\"@type\":\"ReadAction\",\"target\":[\"https:\/\/ehrbarsaal.at\/konzerte\/sarkis-nazarov-und-daniil-andreev\/\"]}]},{\"@type\":\"ImageObject\",\"inLanguage\":\"en-GB\",\"@id\":\"https:\/\/ehrbarsaal.at\/konzerte\/sarkis-nazarov-und-daniil-andreev\/#primaryimage\",\"url\":\"https:\/\/ehrbarsaal.at\/wp-content\/uploads\/2025\/10\/Sarkis-Nazarov-c-Nguyen-Thai-Dung-Daniil-Andreev-c-Esperus-Art-Fund-1080x.jpg\",\"contentUrl\":\"https:\/\/ehrbarsaal.at\/wp-content\/uploads\/2025\/10\/Sarkis-Nazarov-c-Nguyen-Thai-Dung-Daniil-Andreev-c-Esperus-Art-Fund-1080x.jpg\",\"width\":1080,\"height\":651,\"caption\":\"Sarkis Nazarov (c) Nguyen Thai-Dung & Daniil Andreev (c) Esperus Art Fund\"},{\"@type\":\"BreadcrumbList\",\"@id\":\"https:\/\/ehrbarsaal.at\/konzerte\/sarkis-nazarov-und-daniil-andreev\/#breadcrumb\",\"itemListElement\":[{\"@type\":\"ListItem\",\"position\":1,\"name\":\"Startseite\",\"item\":\"https:\/\/ehrbarsaal.at\/\"},{\"@type\":\"ListItem\",\"position\":2,\"name\":\"Konzerte\",\"item\":\"https:\/\/ehrbarsaal.at\/konzert-archiv\/\"},{\"@type\":\"ListItem\",\"position\":3,\"name\":\"Sarkis Nazarov &#038; Daniil Andreev\"}]},{\"@type\":\"WebSite\",\"@id\":\"https:\/\/ehrbarsaal.at\/#website\",\"url\":\"https:\/\/ehrbarsaal.at\/\",\"name\":\"Ehrbar Saal\",\"description\":\"Willkommen beim Ehrbar Saal!\",\"publisher\":{\"@id\":\"https:\/\/ehrbarsaal.at\/#organization\"},\"potentialAction\":[{\"@type\":\"SearchAction\",\"target\":{\"@type\":\"EntryPoint\",\"urlTemplate\":\"https:\/\/ehrbarsaal.at\/?s={search_term_string}\"},\"query-input\":{\"@type\":\"PropertyValueSpecification\",\"valueRequired\":true,\"valueName\":\"search_term_string\"}}],\"inLanguage\":\"en-GB\"},{\"@type\":\"Organization\",\"@id\":\"https:\/\/ehrbarsaal.at\/#organization\",\"name\":\"Ehrbar Saal\",\"url\":\"https:\/\/ehrbarsaal.at\/\",\"logo\":{\"@type\":\"ImageObject\",\"inLanguage\":\"en-GB\",\"@id\":\"https:\/\/ehrbarsaal.at\/#\/schema\/logo\/image\/\",\"url\":\"https:\/\/ehrbarsaal.at\/wp-content\/uploads\/2023\/08\/Ehrbar_Logo.svg\",\"contentUrl\":\"https:\/\/ehrbarsaal.at\/wp-content\/uploads\/2023\/08\/Ehrbar_Logo.svg\",\"width\":\"1024\",\"height\":\"1024\",\"caption\":\"Ehrbar Saal\"},\"image\":{\"@id\":\"https:\/\/ehrbarsaal.at\/#\/schema\/logo\/image\/\"},\"sameAs\":[\"https:\/\/www.facebook.com\/EhrbarSaalWien\/\",\"https:\/\/www.instagram.com\/ehrbarsaal.wien\/\"]}]}<\/script>\n<!-- \/ Yoast SEO Premium plugin. -->","yoast_head_json":{"title":"Sarkis Nazarov & Daniil Andreev - Ehrbar Saal","robots":{"index":"index","follow":"follow","max-snippet":"max-snippet:-1","max-image-preview":"max-image-preview:large","max-video-preview":"max-video-preview:-1"},"canonical":"https:\/\/ehrbarsaal.at\/en\/konzerte\/sarkis-nazarov-und-daniil-andreev\/","og_locale":"en_GB","og_type":"article","og_title":"Sarkis Nazarov & Daniil Andreev","og_url":"https:\/\/ehrbarsaal.at\/en\/konzerte\/sarkis-nazarov-und-daniil-andreev\/","og_site_name":"Ehrbar Saal","article_publisher":"https:\/\/www.facebook.com\/EhrbarSaalWien\/","article_modified_time":"2025-10-09T12:39:32+00:00","og_image":[{"width":1080,"height":651,"url":"https:\/\/ehrbarsaal.at\/wp-content\/uploads\/2025\/10\/Sarkis-Nazarov-c-Nguyen-Thai-Dung-Daniil-Andreev-c-Esperus-Art-Fund-1080x.jpg","type":"image\/jpeg"}],"twitter_card":"summary_large_image","schema":{"@context":"https:\/\/schema.org","@graph":[{"@type":"WebPage","@id":"https:\/\/ehrbarsaal.at\/konzerte\/sarkis-nazarov-und-daniil-andreev\/","url":"https:\/\/ehrbarsaal.at\/konzerte\/sarkis-nazarov-und-daniil-andreev\/","name":"Sarkis Nazarov & Daniil Andreev - Ehrbar Saal","isPartOf":{"@id":"https:\/\/ehrbarsaal.at\/#website"},"primaryImageOfPage":{"@id":"https:\/\/ehrbarsaal.at\/konzerte\/sarkis-nazarov-und-daniil-andreev\/#primaryimage"},"image":{"@id":"https:\/\/ehrbarsaal.at\/konzerte\/sarkis-nazarov-und-daniil-andreev\/#primaryimage"},"thumbnailUrl":"https:\/\/ehrbarsaal.at\/wp-content\/uploads\/2025\/10\/Sarkis-Nazarov-c-Nguyen-Thai-Dung-Daniil-Andreev-c-Esperus-Art-Fund-1080x.jpg","datePublished":"2025-10-02T13:22:31+00:00","dateModified":"2025-10-09T12:39:32+00:00","breadcrumb":{"@id":"https:\/\/ehrbarsaal.at\/konzerte\/sarkis-nazarov-und-daniil-andreev\/#breadcrumb"},"inLanguage":"en-GB","potentialAction":[{"@type":"ReadAction","target":["https:\/\/ehrbarsaal.at\/konzerte\/sarkis-nazarov-und-daniil-andreev\/"]}]},{"@type":"ImageObject","inLanguage":"en-GB","@id":"https:\/\/ehrbarsaal.at\/konzerte\/sarkis-nazarov-und-daniil-andreev\/#primaryimage","url":"https:\/\/ehrbarsaal.at\/wp-content\/uploads\/2025\/10\/Sarkis-Nazarov-c-Nguyen-Thai-Dung-Daniil-Andreev-c-Esperus-Art-Fund-1080x.jpg","contentUrl":"https:\/\/ehrbarsaal.at\/wp-content\/uploads\/2025\/10\/Sarkis-Nazarov-c-Nguyen-Thai-Dung-Daniil-Andreev-c-Esperus-Art-Fund-1080x.jpg","width":1080,"height":651,"caption":"Sarkis Nazarov (c) Nguyen Thai-Dung & Daniil Andreev (c) Esperus Art Fund"},{"@type":"BreadcrumbList","@id":"https:\/\/ehrbarsaal.at\/konzerte\/sarkis-nazarov-und-daniil-andreev\/#breadcrumb","itemListElement":[{"@type":"ListItem","position":1,"name":"Startseite","item":"https:\/\/ehrbarsaal.at\/"},{"@type":"ListItem","position":2,"name":"Konzerte","item":"https:\/\/ehrbarsaal.at\/konzert-archiv\/"},{"@type":"ListItem","position":3,"name":"Sarkis Nazarov &#038; Daniil Andreev"}]},{"@type":"WebSite","@id":"https:\/\/ehrbarsaal.at\/#website","url":"https:\/\/ehrbarsaal.at\/","name":"Ehrbar Saal","description":"Willkommen beim Ehrbar Saal!","publisher":{"@id":"https:\/\/ehrbarsaal.at\/#organization"},"potentialAction":[{"@type":"SearchAction","target":{"@type":"EntryPoint","urlTemplate":"https:\/\/ehrbarsaal.at\/?s={search_term_string}"},"query-input":{"@type":"PropertyValueSpecification","valueRequired":true,"valueName":"search_term_string"}}],"inLanguage":"en-GB"},{"@type":"Organization","@id":"https:\/\/ehrbarsaal.at\/#organization","name":"Ehrbar Saal","url":"https:\/\/ehrbarsaal.at\/","logo":{"@type":"ImageObject","inLanguage":"en-GB","@id":"https:\/\/ehrbarsaal.at\/#\/schema\/logo\/image\/","url":"https:\/\/ehrbarsaal.at\/wp-content\/uploads\/2023\/08\/Ehrbar_Logo.svg","contentUrl":"https:\/\/ehrbarsaal.at\/wp-content\/uploads\/2023\/08\/Ehrbar_Logo.svg","width":"1024","height":"1024","caption":"Ehrbar Saal"},"image":{"@id":"https:\/\/ehrbarsaal.at\/#\/schema\/logo\/image\/"},"sameAs":["https:\/\/www.facebook.com\/EhrbarSaalWien\/","https:\/\/www.instagram.com\/ehrbarsaal.wien\/"]}]}},"_links":{"self":[{"href":"https:\/\/ehrbarsaal.at\/en\/wp-json\/wp\/v2\/konzerte\/11095","targetHints":{"allow":["GET"]}}],"collection":[{"href":"https:\/\/ehrbarsaal.at\/en\/wp-json\/wp\/v2\/konzerte"}],"about":[{"href":"https:\/\/ehrbarsaal.at\/en\/wp-json\/wp\/v2\/types\/konzerte"}],"author":[{"embeddable":true,"href":"https:\/\/ehrbarsaal.at\/en\/wp-json\/wp\/v2\/users\/11"}],"version-history":[{"count":6,"href":"https:\/\/ehrbarsaal.at\/en\/wp-json\/wp\/v2\/konzerte\/11095\/revisions"}],"predecessor-version":[{"id":11160,"href":"https:\/\/ehrbarsaal.at\/en\/wp-json\/wp\/v2\/konzerte\/11095\/revisions\/11160"}],"wp:featuredmedia":[{"embeddable":true,"href":"https:\/\/ehrbarsaal.at\/en\/wp-json\/wp\/v2\/media\/11125"}],"wp:attachment":[{"href":"https:\/\/ehrbarsaal.at\/en\/wp-json\/wp\/v2\/media?parent=11095"}],"wp:term":[{"taxonomy":"category","embeddable":true,"href":"https:\/\/ehrbarsaal.at\/en\/wp-json\/wp\/v2\/categories?post=11095"},{"taxonomy":"post_tag","embeddable":true,"href":"https:\/\/ehrbarsaal.at\/en\/wp-json\/wp\/v2\/tags?post=11095"}],"curies":[{"name":"wp","href":"https:\/\/api.w.org\/{rel}","templated":true}]}}