{"id":10270,"date":"2025-07-23T11:21:13","date_gmt":"2025-07-23T11:21:13","guid":{"rendered":"https:\/\/ehrbarsaal.at\/?post_type=konzerte&#038;p=10270"},"modified":"2026-01-16T17:50:26","modified_gmt":"2026-01-16T17:50:26","slug":"ulsan-rose-choir","status":"publish","type":"konzerte","link":"https:\/\/ehrbarsaal.at\/en\/konzerte\/ulsan-rose-choir\/","title":{"rendered":"ULSAN ROSE CHOIR"},"content":{"rendered":"<div class=\"shariff shariff-align-flex-end shariff-widget-align-flex-end\" data-services=\"facebook\" data-url=\"https%3A%2F%2Fehrbarsaal.at%2Fen%2Fkonzerte%2Fulsan-rose-choir%2F\" data-timestamp=\"1768585826\" data-backendurl=\"https:\/\/ehrbarsaal.at\/en\/wp-json\/shariff\/v1\/share_counts?\"><div class=\"ShariffHeadline\">Share event<\/div><ul class=\"shariff-buttons theme-round orientation-horizontal buttonsize-medium\"><li class=\"shariff-button twitter\" style=\"background-color:#595959;border-radius:10%\"><a href=\"https:\/\/twitter.com\/share?url=https%3A%2F%2Fehrbarsaal.at%2Fen%2Fkonzerte%2Fulsan-rose-choir%2F&text=ULSAN%20ROSE%20CHOIR\" title=\"Share at X\" aria-label=\"Share at X\" role=\"button\" rel=\"noopener nofollow\" class=\"shariff-link\" style=\";border-radius:10%; background-color:#ffffff; color:#fff\" target=\"_blank\"><span class=\"shariff-icon\" style=\"\"><svg width=\"32px\" height=\"20px\" xmlns=\"http:\/\/www.w3.org\/2000\/svg\" viewbox=\"0 0 24 24\"><path fill=\"#000\" d=\"M14.258 10.152L23.176 0h-2.113l-7.747 8.813L7.133 0H0l9.352 13.328L0 23.973h2.113l8.176-9.309 6.531 9.309h7.133zm-2.895 3.293l-.949-1.328L2.875 1.56h3.246l6.086 8.523.945 1.328 7.91 11.078h-3.246zm0 0\"\/><\/svg><\/span><\/a><\/li><li class=\"shariff-button facebook\" style=\"background-color:#4273c8;border-radius:10%\"><a href=\"https:\/\/www.facebook.com\/sharer\/sharer.php?u=https%3A%2F%2Fehrbarsaal.at%2Fen%2Fkonzerte%2Fulsan-rose-choir%2F\" title=\"Share on Facebook\" aria-label=\"Share on Facebook\" role=\"button\" rel=\"nofollow\" class=\"shariff-link\" style=\";border-radius:10%; background-color:#ffffff; color:#fff\" target=\"_blank\"><span class=\"shariff-icon\" style=\"\"><svg width=\"32px\" height=\"20px\" xmlns=\"http:\/\/www.w3.org\/2000\/svg\" viewbox=\"0 0 18 32\"><path fill=\"#3b5998\" d=\"M17.1 0.2v4.7h-2.8q-1.5 0-2.1 0.6t-0.5 1.9v3.4h5.2l-0.7 5.3h-4.5v13.6h-5.5v-13.6h-4.5v-5.3h4.5v-3.9q0-3.3 1.9-5.2t5-1.8q2.6 0 4.1 0.2z\"\/><\/svg><\/span><\/a><\/li><li class=\"shariff-button mailto\" style=\"background-color:#a8a8a8;border-radius:10%\"><a href=\"mailto:?body=https%3A%2F%2Fehrbarsaal.at%2Fen%2Fkonzerte%2Fulsan-rose-choir%2F&subject=ULSAN%20ROSE%20CHOIR\" title=\"Send by e-mail\" aria-label=\"Send by e-mail\" role=\"button\" rel=\"noopener nofollow\" class=\"shariff-link\" style=\";border-radius:10%; background-color:#ffffff; color:#fff\"><span class=\"shariff-icon\" style=\"\"><svg width=\"32px\" height=\"20px\" xmlns=\"http:\/\/www.w3.org\/2000\/svg\" viewbox=\"0 0 32 32\"><path fill=\"#999\" d=\"M32 12.7v14.2q0 1.2-0.8 2t-2 0.9h-26.3q-1.2 0-2-0.9t-0.8-2v-14.2q0.8 0.9 1.8 1.6 6.5 4.4 8.9 6.1 1 0.8 1.6 1.2t1.7 0.9 2 0.4h0.1q0.9 0 2-0.4t1.7-0.9 1.6-1.2q3-2.2 8.9-6.1 1-0.7 1.8-1.6zM32 7.4q0 1.4-0.9 2.7t-2.2 2.2q-6.7 4.7-8.4 5.8-0.2 0.1-0.7 0.5t-1 0.7-0.9 0.6-1.1 0.5-0.9 0.2h-0.1q-0.4 0-0.9-0.2t-1.1-0.5-0.9-0.6-1-0.7-0.7-0.5q-1.6-1.1-4.7-3.2t-3.6-2.6q-1.1-0.7-2.1-2t-1-2.5q0-1.4 0.7-2.3t2.1-0.9h26.3q1.2 0 2 0.8t0.9 2z\"\/><\/svg><\/span><\/a><\/li><li class=\"shariff-button whatsapp\" style=\"background-color:#5cbe4a;border-radius:10%\"><a href=\"https:\/\/api.whatsapp.com\/send?text=https%3A%2F%2Fehrbarsaal.at%2Fen%2Fkonzerte%2Fulsan-rose-choir%2F%20ULSAN%20ROSE%20CHOIR\" title=\"Share on Whatsapp\" aria-label=\"Share on Whatsapp\" role=\"button\" rel=\"noopener nofollow\" class=\"shariff-link\" style=\";border-radius:10%; background-color:#ffffff; color:#fff\" target=\"_blank\"><span class=\"shariff-icon\" style=\"\"><svg width=\"32px\" height=\"20px\" xmlns=\"http:\/\/www.w3.org\/2000\/svg\" viewbox=\"0 0 32 32\"><path fill=\"#34af23\" d=\"M17.6 17.4q0.2 0 1.7 0.8t1.6 0.9q0 0.1 0 0.3 0 0.6-0.3 1.4-0.3 0.7-1.3 1.2t-1.8 0.5q-1 0-3.4-1.1-1.7-0.8-3-2.1t-2.6-3.3q-1.3-1.9-1.3-3.5v-0.1q0.1-1.6 1.3-2.8 0.4-0.4 0.9-0.4 0.1 0 0.3 0t0.3 0q0.3 0 0.5 0.1t0.3 0.5q0.1 0.4 0.6 1.6t0.4 1.3q0 0.4-0.6 1t-0.6 0.8q0 0.1 0.1 0.3 0.6 1.3 1.8 2.4 1 0.9 2.7 1.8 0.2 0.1 0.4 0.1 0.3 0 1-0.9t0.9-0.9zM14 26.9q2.3 0 4.3-0.9t3.6-2.4 2.4-3.6 0.9-4.3-0.9-4.3-2.4-3.6-3.6-2.4-4.3-0.9-4.3 0.9-3.6 2.4-2.4 3.6-0.9 4.3q0 3.6 2.1 6.6l-1.4 4.2 4.3-1.4q2.8 1.9 6.2 1.9zM14 2.2q2.7 0 5.2 1.1t4.3 2.9 2.9 4.3 1.1 5.2-1.1 5.2-2.9 4.3-4.3 2.9-5.2 1.1q-3.5 0-6.5-1.7l-7.4 2.4 2.4-7.2q-1.9-3.2-1.9-6.9 0-2.7 1.1-5.2t2.9-4.3 4.3-2.9 5.2-1.1z\"\/><\/svg><\/span><\/a><\/li><\/ul><\/div>","protected":false},"excerpt":{"rendered":"","protected":false},"author":11,"featured_media":11906,"template":"","categories":[],"tags":[],"class_list":["post-10270","konzerte","type-konzerte","status-publish","has-post-thumbnail","hentry"],"acf":{"subtitel":"Voices from Korea \u2013 Benefizkonzert f\u00fcr <i>Caritas&nbsp;&&nbsp;Du<\/i>","datum":"20260119","uhrzeit":"19:00 Uhr","ort":"Ehrbar Saal","konzertinfo":"<p class=\"kuenstlername\">Rose Choir Ulsan <span class=\"kuenstlerfunktion\">Chor<\/span><br\/>\r\nSunhwa JUN <span class=\"kuenstlerfunktion\">Dirigentin und Sopran<\/span><br\/>\r\nYusom Min <span class=\"kuenstlerfunktion\">Klavier<\/span><br\/>\r\nHyunae Kim <span class=\"kuenstlerfunktion\">Sopran<\/span><br\/>\r\nHyokun Park <span class=\"kuenstlerfunktion\">Tenor<\/span><br\/>\r\nYein Cho <span class=\"kuenstlerfunktion\">Viola<\/span><br\/>\r\n<\/p>\r\n\r\n<!--\r\n<p class=\"programmtitel\">Programm<\/p>\r\n<p class=\"stuecktitel\">Das genaue Programm wird noch bekanntgegeben. Geplant sind traditionelle koreanische Chorkompositionen sowie internationale Volkslied-Medleys.<\/p>\r\n-->\r\n\r\n<p class=\"text\">\r\nDer <em>Rose Choir<\/em> wurde am 10. Mai 2018 gegr\u00fcndet.<br\/>\r\nDer Name \u201eRose\u201c stammt von der Schulblume der <em>Hyundae Cheongun Highschool<\/em> in Ulsan, auf die die Mitglieder stolz zur\u00fcckblicken. Der Chor besteht aus 43 Alumni dieser Schule, die sich jeden Donnerstag zu gemeinsamen Proben treffen.<br\/>\r\nMit Liebe zur Musik und dem Ziel, durch Chorgesang Harmonie und Einheit zu erreichen, tritt der Rose Choir regelm\u00e4\u00dfig bei lokalen und nationalen Veranstaltungen auf \u2013 darunter das <em>KBS Olymp Chor Festival<\/em> und das <em>Haeoreum Chor Festival<\/em>.<br\/>\r\nDer Chor f\u00f6rdert nicht nur musikalisches Wachstum, sondern engagiert sich auch aktiv im sozialen Bereich und in der kulturellen Weiterentwicklung der Region.\r\n<\/p>\r\n\r\n<details class=\"text\">\r\n<summary><strong>Biografien<\/strong><\/summary>\r\n&nbsp;<br\/>\r\n<strong>Sunhwa Jun \u2013 Dirigentin<\/strong><br\/>\r\nSie absolvierte ihr Masterstudium im Fach Gesang an der <i>Yeungnam University<\/i> und befindet sich derzeit im Doktoratsstudium f\u00fcr Orchester- und Chorleitung. Nach dem Studium war sie als Gesangscoach sowie als Dozentin f\u00fcr Orchester- und Chorleitung t\u00e4tig und sammelte dabei umfassende p\u00e4dagogische Erfahrung. Heute wirkt sie in verschiedenen Opern- und Konzertproduktionen mit. Derzeit ist sie Professorin f\u00fcr Gesang an der <i>University of Ulsan<\/i> und Direktorin der <i>Hyundai Contemporary Opera<\/i>, wo sie die k\u00fcnstlerische Entwicklung des Ensembles pr\u00e4gt und neue Projekte initiiert.<br\/>\r\n&nbsp;<br\/>\r\n<strong>Hyunae Kim \u2013 Sopran<\/strong><br\/>\r\nDie Sopranistin Hyunae Kim wurde an der <i>Seoul National Universit\u00e4t<\/i> im Fach Gesang als Jahrgangsbeste aufgenommen und schloss ihr Studium ebendort mit Auszeichnung ab. Ihre weiterf\u00fchrende k\u00fcnstlerische Ausbildung setzte sie an der <i>Hochschule f\u00fcr Musik Hanns Eisler Berlin<\/i> fort. Sie war in der musikalischen Weiterbildung t\u00e4tig und moderierte beim <i>Busan MBC Radio<\/i> eine klassische Musiksendung (\u201eKim Hyunaes Jukebox\u201c). Derzeit ist sie Musikdirektorin der <i>Ulsan Hyundai Opera Company<\/i> und gestaltet dort ma\u00dfgeblich die k\u00fcnstlerische Linie.<br\/>\r\n&nbsp;<br\/>\r\n<strong>Yusom Min \u2013 Klavier<\/strong><br\/>\r\nDie Pianistin Yusom Min absolvierte ihr Studium an der <i>Kyungsung Universit\u00e4t in Busan<\/i> sowie in Deutschland an der <i>Musikakademie Kassel<\/i>, wo sie mit Auszeichnung abschloss. Sie ist sowohl in Deutschland als auch in Korea regelm\u00e4\u00dfig konzertant t\u00e4tig, mit besonderem Schwerpunkt auf Kammermusik und Liedbegleitung. Derzeit wirkt sie als Korrepetitorin und Lehrbeauftragte an der <i>Ulsan Universit\u00e4t<\/i>.<br\/>\r\n&nbsp;<br\/>\r\n<strong>Hyokun Park \u2013 Tenor<\/strong><br\/>\r\nDer s\u00fcdkoreanische Tenor Hyokun Park studierte Gesang an der <i>Hanyang Universit\u00e4t<\/i> bei Prof. Locky Chung und setzt sein Studium an der <i>Universit\u00e4t f\u00fcr Musik und darstellende Kunst Wien (MDW)<\/i> bei Prof. J\u00f6rg Schneider fort. Er ist Preistr\u00e4ger der <i>Korean German Lied Competition<\/i> (1. Preis) und gilt als vielversprechender junger Tenor mit klarer und ausdrucksvoller Stimme.<br\/>\r\n&nbsp;<br\/>\r\n<strong>Yein Cho \u2013 Viola<\/strong><br\/>\r\nSie wurde 1991 in Ulsan (S\u00fcdkorea) geboren. Nach dem Abschluss an der <i>Universit\u00e4t Ulsan<\/i> im Jahr 2014 begann sie 2015 ihr Studium an der <i>Musikhochschule M\u00fcnster<\/i>. Dort absolvierte sie auch das Masterstudium. Seit 2018 ist sie als Orchestermusikerin in verschiedenen deutschen Orchestern t\u00e4tig, unter anderem beim <i>Staatsorchester Rheinische Philharmonie<\/i> und in N\u00fcrnberg. Derzeit (2026) ist sie im Orchester des <i>Staatstheaters Mainz<\/i> t\u00e4tig.\r\n<\/details>\r\n\r\n\r\n<p class=\"veranstalter\">Veranstaltet vom Ulsan Rose Choir (\uc6b8\uc0b0\ub85c\uc988\ud569\ucc3d\ub2e8) mit Unterst\u00fctzung von <i>Hyundai Chung High School<\/i> und <i>Trevier<\/i> in Zusammenarbeit mit <i>Caritas&nbsp;&&nbsp;Du<\/i>. Freier Eintritt \u2013 freiwillige Spende erbeten. Der Erl\u00f6s des Konzerts wird an <i>Caritas<\/i> gespendet.<\/p>\r\n\r\n","tickets_link":"","abendkassa":false,"freier_eintritt":false,"teaserbild_fur_liste":11907,"abgesagt":false,"ausverkauft":false,"mitwirkende":"","layoutnew":false,"veranstalter":"","werke-2":"","werke":"","tickets_text":""},"yoast_head":"<!-- This site is optimized with the Yoast SEO Premium plugin v26.9 (Yoast SEO v26.9) - https:\/\/yoast.com\/product\/yoast-seo-premium-wordpress\/ -->\n<title>ULSAN ROSE CHOIR - Ehrbar Saal<\/title>\n<meta name=\"robots\" content=\"index, follow, max-snippet:-1, max-image-preview:large, max-video-preview:-1\" \/>\n<link rel=\"canonical\" href=\"https:\/\/ehrbarsaal.at\/en\/konzerte\/ulsan-rose-choir\/\" \/>\n<meta property=\"og:locale\" content=\"en_GB\" \/>\n<meta property=\"og:type\" content=\"article\" \/>\n<meta property=\"og:title\" content=\"ULSAN ROSE CHOIR\" \/>\n<meta property=\"og:url\" content=\"https:\/\/ehrbarsaal.at\/en\/konzerte\/ulsan-rose-choir\/\" \/>\n<meta property=\"og:site_name\" content=\"Ehrbar Saal\" \/>\n<meta property=\"article:publisher\" content=\"https:\/\/www.facebook.com\/EhrbarSaalWien\/\" \/>\n<meta property=\"article:modified_time\" content=\"2026-01-16T17:50:26+00:00\" \/>\n<meta property=\"og:image\" content=\"https:\/\/ehrbarsaal.at\/wp-content\/uploads\/2025\/07\/Ulsan-Rose-Choir.jpg\" \/>\n\t<meta property=\"og:image:width\" content=\"1080\" \/>\n\t<meta property=\"og:image:height\" content=\"719\" \/>\n\t<meta property=\"og:image:type\" content=\"image\/jpeg\" \/>\n<meta name=\"twitter:card\" content=\"summary_large_image\" \/>\n<meta name=\"twitter:label1\" content=\"Estimated reading time\" \/>\n\t<meta name=\"twitter:data1\" content=\"3 minutes\" \/>\n<script type=\"application\/ld+json\" class=\"yoast-schema-graph\">{\"@context\":\"https:\/\/schema.org\",\"@graph\":[{\"@type\":\"WebPage\",\"@id\":\"https:\/\/ehrbarsaal.at\/konzerte\/ulsan-rose-choir\/\",\"url\":\"https:\/\/ehrbarsaal.at\/konzerte\/ulsan-rose-choir\/\",\"name\":\"ULSAN ROSE CHOIR - Ehrbar Saal\",\"isPartOf\":{\"@id\":\"https:\/\/ehrbarsaal.at\/#website\"},\"primaryImageOfPage\":{\"@id\":\"https:\/\/ehrbarsaal.at\/konzerte\/ulsan-rose-choir\/#primaryimage\"},\"image\":{\"@id\":\"https:\/\/ehrbarsaal.at\/konzerte\/ulsan-rose-choir\/#primaryimage\"},\"thumbnailUrl\":\"https:\/\/ehrbarsaal.at\/wp-content\/uploads\/2025\/07\/Ulsan-Rose-Choir.jpg\",\"datePublished\":\"2025-07-23T11:21:13+00:00\",\"dateModified\":\"2026-01-16T17:50:26+00:00\",\"breadcrumb\":{\"@id\":\"https:\/\/ehrbarsaal.at\/konzerte\/ulsan-rose-choir\/#breadcrumb\"},\"inLanguage\":\"en-GB\",\"potentialAction\":[{\"@type\":\"ReadAction\",\"target\":[\"https:\/\/ehrbarsaal.at\/konzerte\/ulsan-rose-choir\/\"]}]},{\"@type\":\"ImageObject\",\"inLanguage\":\"en-GB\",\"@id\":\"https:\/\/ehrbarsaal.at\/konzerte\/ulsan-rose-choir\/#primaryimage\",\"url\":\"https:\/\/ehrbarsaal.at\/wp-content\/uploads\/2025\/07\/Ulsan-Rose-Choir.jpg\",\"contentUrl\":\"https:\/\/ehrbarsaal.at\/wp-content\/uploads\/2025\/07\/Ulsan-Rose-Choir.jpg\",\"width\":1080,\"height\":719,\"caption\":\"Ulsan Rose Choir (c) Ulsan Rose Choir\"},{\"@type\":\"BreadcrumbList\",\"@id\":\"https:\/\/ehrbarsaal.at\/konzerte\/ulsan-rose-choir\/#breadcrumb\",\"itemListElement\":[{\"@type\":\"ListItem\",\"position\":1,\"name\":\"Startseite\",\"item\":\"https:\/\/ehrbarsaal.at\/\"},{\"@type\":\"ListItem\",\"position\":2,\"name\":\"Konzerte\",\"item\":\"https:\/\/ehrbarsaal.at\/konzert-archiv\/\"},{\"@type\":\"ListItem\",\"position\":3,\"name\":\"ULSAN ROSE CHOIR\"}]},{\"@type\":\"WebSite\",\"@id\":\"https:\/\/ehrbarsaal.at\/#website\",\"url\":\"https:\/\/ehrbarsaal.at\/\",\"name\":\"Ehrbar Saal\",\"description\":\"Willkommen beim Ehrbar Saal!\",\"publisher\":{\"@id\":\"https:\/\/ehrbarsaal.at\/#organization\"},\"potentialAction\":[{\"@type\":\"SearchAction\",\"target\":{\"@type\":\"EntryPoint\",\"urlTemplate\":\"https:\/\/ehrbarsaal.at\/?s={search_term_string}\"},\"query-input\":{\"@type\":\"PropertyValueSpecification\",\"valueRequired\":true,\"valueName\":\"search_term_string\"}}],\"inLanguage\":\"en-GB\"},{\"@type\":\"Organization\",\"@id\":\"https:\/\/ehrbarsaal.at\/#organization\",\"name\":\"Ehrbar Saal\",\"url\":\"https:\/\/ehrbarsaal.at\/\",\"logo\":{\"@type\":\"ImageObject\",\"inLanguage\":\"en-GB\",\"@id\":\"https:\/\/ehrbarsaal.at\/#\/schema\/logo\/image\/\",\"url\":\"https:\/\/ehrbarsaal.at\/wp-content\/uploads\/2023\/08\/Ehrbar_Logo.svg\",\"contentUrl\":\"https:\/\/ehrbarsaal.at\/wp-content\/uploads\/2023\/08\/Ehrbar_Logo.svg\",\"width\":\"1024\",\"height\":\"1024\",\"caption\":\"Ehrbar Saal\"},\"image\":{\"@id\":\"https:\/\/ehrbarsaal.at\/#\/schema\/logo\/image\/\"},\"sameAs\":[\"https:\/\/www.facebook.com\/EhrbarSaalWien\/\",\"https:\/\/www.instagram.com\/ehrbarsaal.wien\/\"]}]}<\/script>\n<!-- \/ Yoast SEO Premium plugin. -->","yoast_head_json":{"title":"ULSAN ROSE CHOIR - Ehrbar Saal","robots":{"index":"index","follow":"follow","max-snippet":"max-snippet:-1","max-image-preview":"max-image-preview:large","max-video-preview":"max-video-preview:-1"},"canonical":"https:\/\/ehrbarsaal.at\/en\/konzerte\/ulsan-rose-choir\/","og_locale":"en_GB","og_type":"article","og_title":"ULSAN ROSE CHOIR","og_url":"https:\/\/ehrbarsaal.at\/en\/konzerte\/ulsan-rose-choir\/","og_site_name":"Ehrbar Saal","article_publisher":"https:\/\/www.facebook.com\/EhrbarSaalWien\/","article_modified_time":"2026-01-16T17:50:26+00:00","og_image":[{"width":1080,"height":719,"url":"https:\/\/ehrbarsaal.at\/wp-content\/uploads\/2025\/07\/Ulsan-Rose-Choir.jpg","type":"image\/jpeg"}],"twitter_card":"summary_large_image","twitter_misc":{"Estimated reading time":"3 minutes"},"schema":{"@context":"https:\/\/schema.org","@graph":[{"@type":"WebPage","@id":"https:\/\/ehrbarsaal.at\/konzerte\/ulsan-rose-choir\/","url":"https:\/\/ehrbarsaal.at\/konzerte\/ulsan-rose-choir\/","name":"ULSAN ROSE CHOIR - Ehrbar Saal","isPartOf":{"@id":"https:\/\/ehrbarsaal.at\/#website"},"primaryImageOfPage":{"@id":"https:\/\/ehrbarsaal.at\/konzerte\/ulsan-rose-choir\/#primaryimage"},"image":{"@id":"https:\/\/ehrbarsaal.at\/konzerte\/ulsan-rose-choir\/#primaryimage"},"thumbnailUrl":"https:\/\/ehrbarsaal.at\/wp-content\/uploads\/2025\/07\/Ulsan-Rose-Choir.jpg","datePublished":"2025-07-23T11:21:13+00:00","dateModified":"2026-01-16T17:50:26+00:00","breadcrumb":{"@id":"https:\/\/ehrbarsaal.at\/konzerte\/ulsan-rose-choir\/#breadcrumb"},"inLanguage":"en-GB","potentialAction":[{"@type":"ReadAction","target":["https:\/\/ehrbarsaal.at\/konzerte\/ulsan-rose-choir\/"]}]},{"@type":"ImageObject","inLanguage":"en-GB","@id":"https:\/\/ehrbarsaal.at\/konzerte\/ulsan-rose-choir\/#primaryimage","url":"https:\/\/ehrbarsaal.at\/wp-content\/uploads\/2025\/07\/Ulsan-Rose-Choir.jpg","contentUrl":"https:\/\/ehrbarsaal.at\/wp-content\/uploads\/2025\/07\/Ulsan-Rose-Choir.jpg","width":1080,"height":719,"caption":"Ulsan Rose Choir (c) Ulsan Rose Choir"},{"@type":"BreadcrumbList","@id":"https:\/\/ehrbarsaal.at\/konzerte\/ulsan-rose-choir\/#breadcrumb","itemListElement":[{"@type":"ListItem","position":1,"name":"Startseite","item":"https:\/\/ehrbarsaal.at\/"},{"@type":"ListItem","position":2,"name":"Konzerte","item":"https:\/\/ehrbarsaal.at\/konzert-archiv\/"},{"@type":"ListItem","position":3,"name":"ULSAN ROSE CHOIR"}]},{"@type":"WebSite","@id":"https:\/\/ehrbarsaal.at\/#website","url":"https:\/\/ehrbarsaal.at\/","name":"Ehrbar Saal","description":"Willkommen beim Ehrbar Saal!","publisher":{"@id":"https:\/\/ehrbarsaal.at\/#organization"},"potentialAction":[{"@type":"SearchAction","target":{"@type":"EntryPoint","urlTemplate":"https:\/\/ehrbarsaal.at\/?s={search_term_string}"},"query-input":{"@type":"PropertyValueSpecification","valueRequired":true,"valueName":"search_term_string"}}],"inLanguage":"en-GB"},{"@type":"Organization","@id":"https:\/\/ehrbarsaal.at\/#organization","name":"Ehrbar Saal","url":"https:\/\/ehrbarsaal.at\/","logo":{"@type":"ImageObject","inLanguage":"en-GB","@id":"https:\/\/ehrbarsaal.at\/#\/schema\/logo\/image\/","url":"https:\/\/ehrbarsaal.at\/wp-content\/uploads\/2023\/08\/Ehrbar_Logo.svg","contentUrl":"https:\/\/ehrbarsaal.at\/wp-content\/uploads\/2023\/08\/Ehrbar_Logo.svg","width":"1024","height":"1024","caption":"Ehrbar Saal"},"image":{"@id":"https:\/\/ehrbarsaal.at\/#\/schema\/logo\/image\/"},"sameAs":["https:\/\/www.facebook.com\/EhrbarSaalWien\/","https:\/\/www.instagram.com\/ehrbarsaal.wien\/"]}]}},"_links":{"self":[{"href":"https:\/\/ehrbarsaal.at\/en\/wp-json\/wp\/v2\/konzerte\/10270","targetHints":{"allow":["GET"]}}],"collection":[{"href":"https:\/\/ehrbarsaal.at\/en\/wp-json\/wp\/v2\/konzerte"}],"about":[{"href":"https:\/\/ehrbarsaal.at\/en\/wp-json\/wp\/v2\/types\/konzerte"}],"author":[{"embeddable":true,"href":"https:\/\/ehrbarsaal.at\/en\/wp-json\/wp\/v2\/users\/11"}],"version-history":[{"count":10,"href":"https:\/\/ehrbarsaal.at\/en\/wp-json\/wp\/v2\/konzerte\/10270\/revisions"}],"predecessor-version":[{"id":12226,"href":"https:\/\/ehrbarsaal.at\/en\/wp-json\/wp\/v2\/konzerte\/10270\/revisions\/12226"}],"wp:featuredmedia":[{"embeddable":true,"href":"https:\/\/ehrbarsaal.at\/en\/wp-json\/wp\/v2\/media\/11906"}],"wp:attachment":[{"href":"https:\/\/ehrbarsaal.at\/en\/wp-json\/wp\/v2\/media?parent=10270"}],"wp:term":[{"taxonomy":"category","embeddable":true,"href":"https:\/\/ehrbarsaal.at\/en\/wp-json\/wp\/v2\/categories?post=10270"},{"taxonomy":"post_tag","embeddable":true,"href":"https:\/\/ehrbarsaal.at\/en\/wp-json\/wp\/v2\/tags?post=10270"}],"curies":[{"name":"wp","href":"https:\/\/api.w.org\/{rel}","templated":true}]}}